{"id":229,"date":"2026-03-16T10:52:25","date_gmt":"2026-03-16T13:52:25","guid":{"rendered":"https:\/\/arquidiocesano.com\/ourobranco\/?page_id=229"},"modified":"2026-04-13T10:47:20","modified_gmt":"2026-04-13T13:47:20","slug":"mantenedora","status":"publish","type":"page","link":"https:\/\/arquidiocesano.com\/ourobranco\/instituicao\/mantenedora\/","title":{"rendered":"Mantenedora"},"content":{"rendered":"\t\t<div data-elementor-type=\"wp-page\" data-elementor-id=\"229\" class=\"elementor elementor-229\" data-elementor-post-type=\"page\">\n\t\t\t\t<div class=\"elementor-element elementor-element-0ec6641 e-flex e-con-boxed e-con e-parent\" data-id=\"0ec6641\" data-element_type=\"container\" data-e-type=\"container\" data-settings=\"{&quot;background_background&quot;:&quot;gradient&quot;}\">\n\t\t\t\t\t<div class=\"e-con-inner\">\n\t\t\t\t<div class=\"elementor-element elementor-element-65f48ce elementor-align-center elementor-mobile-align-left elementor-widget elementor-widget-breadcrumbs\" data-id=\"65f48ce\" data-element_type=\"widget\" data-e-type=\"widget\" data-widget_type=\"breadcrumbs.default\">\n\t\t\t\t\t<p id=\"breadcrumbs\"><span><span><a href=\"https:\/\/arquidiocesano.com\/ourobranco\/\">In\u00edcio<\/a><\/span><\/span><\/p>\t\t\t\t<\/div>\n\t\t\t\t<div class=\"elementor-element elementor-element-dd92ecc elementor-widget elementor-widget-heading\" data-id=\"dd92ecc\" data-element_type=\"widget\" data-e-type=\"widget\" data-widget_type=\"heading.default\">\n\t\t\t\t\t<h1 class=\"elementor-heading-title elementor-size-default\">Mantenedora<\/h1>\t\t\t\t<\/div>\n\t\t\t\t<div class=\"elementor-element elementor-element-bfd72a6 elementor-widget elementor-widget-heading\" data-id=\"bfd72a6\" data-element_type=\"widget\" data-e-type=\"widget\" data-widget_type=\"heading.default\">\n\t\t\t\t\t<h2 class=\"elementor-heading-title elementor-size-default\">Col\u00e9gio Arquidiocesano de Ouro Branco<\/h2>\t\t\t\t<\/div>\n\t\t\t\t\t<\/div>\n\t\t\t\t<\/div>\n\t\t<div class=\"elementor-element elementor-element-28791e5 e-flex e-con-boxed e-con e-parent\" data-id=\"28791e5\" data-element_type=\"container\" data-e-type=\"container\">\n\t\t\t\t\t<div class=\"e-con-inner\">\n\t\t\t\t<div class=\"elementor-element elementor-element-840baca elementor-widget elementor-widget-text-editor\" data-id=\"840baca\" data-element_type=\"widget\" data-e-type=\"widget\" data-widget_type=\"text-editor.default\">\n\t\t\t\t\t\t\t\t\t<h6>FUNDA\u00c7\u00c3O MARIANENSE DE EDUCA\u00c7\u00c3O<\/h6><p>A Funda\u00e7\u00e3o Marianense de Educa\u00e7\u00e3o \u2013 FME foi fundada em Mariana, Minas Gerais, no dia 31 de agosto de 1971. Foi sua instituidora a Arquidiocese de Mariana na pessoa do ent\u00e3o Arcebispo de Mariana, Dom Oscar de Oliveira. Sua finalidade primeira foi manter a Faculdade de Filosofia de Mariana como \u00f3rg\u00e3o de colabora\u00e7\u00e3o com o poder p\u00fablico.<\/p><p>Por muitos anos a FME atuou junto \u00e0 Faculdade de Filosofia, criando e mantendo cursos, concedendo bolsas de estudos a alunos comprovadamente carentes, promovendo a assist\u00eancia social aos estudantes atrav\u00e9s da cria\u00e7\u00e3o e manuten\u00e7\u00e3o de servi\u00e7os de sa\u00fade, biblioteca e outros.<\/p><p>Mais tarde a Faculdade foi agregada \u00e0 Universidade Federal de Ouro Preto \u2013 UFOP. A partir da\u00ed a FME passou a atuar como colaboradora da Editora Dom Vi\u00e7oso pertencente \u00e0 Arquidiocese de Mariana.<\/p><p>Em 1988, com a chegada de Dom Luciano Pedro Mendes de Almeida na Arquidiocese de Mariana, a FME passou a atuar mais intensamente na \u00e1rea social, atrav\u00e9s de uma a\u00e7\u00e3o educacional e comunit\u00e1ria junto \u00e0s fam\u00edlias e comunidades, criando e mantendo Escolas, Centros Educacionais Comunit\u00e1rios, Centros Profissionalizantes e diversas obras sociais nos munic\u00edpios da Arquidiocese.<\/p><p>Hoje a FME \u00e9 a entidade mantenedora da Faculdade Arquidiocesana de Mariana; do Col\u00e9gio Arquidiocesano em Ouro Branco com cursos do maternal ao ensino m\u00e9dio e profissionalizante; Casa da Figueira, uma obra de assist\u00eancia a portadores de necessidades especiais em Mariana; Escola Fam\u00edlia Agr\u00edcola de 5\u00aa \u00e0 8\u00aa s\u00e9rie em Jequeri e uma Escola Fam\u00edlia Agr\u00edcola de 5\u00aa \u00e0 8\u00aa s\u00e9rie em Sem Peixe; Centro Educacional Lima Duarte, com cursos profissionalizantes e de gera\u00e7\u00e3o de renda em Ant\u00f4nio Carlos; Comunidade Terap\u00eautica Bom Pastor, em Ouro Branco; Centro Promocional Padre \u00c2ngelo, em Ouro Preto; Casa Lar para crian\u00e7as\/adolescentes em Congonhas; Centro Profissionalizante S\u00e3o Jos\u00e9, para adolescentes em situa\u00e7\u00e3o de risco em Mariana e o Grupo de Integra\u00e7\u00e3o Social\u00a0 ajuda a fam\u00edlias carentes.<\/p><h6><br \/>MISS\u00c3O<\/h6><p>Promover o desenvolvimento espiritual, social, educacional e cultural da regi\u00e3o da Arquidiocese de Mariana, contribuindo para a melhoria da qualidade de vida e da dignidade da popula\u00e7\u00e3o, baseado nos princ\u00edpios evang\u00e9lico-crist\u00e3os.<\/p><h6><br \/>VIS\u00c3O<\/h6><p>Ser uma institui\u00e7\u00e3o s\u00f3lida, participativa, atuante e evangelizadora, a ponto de ser formalmente conhecida e reconhecida pelas institui\u00e7\u00f5es p\u00fablicas, privadas e comunidade como intermediadora e fomentadora do processo de redu\u00e7\u00e3o de desigualdade social da regi\u00e3o.<\/p><h6><br \/>RELA\u00c7\u00c3O DAS ENTIDADES FILIADAS<\/h6><p><strong>1. Col\u00e9gio Arquidiocesano de Ouro Branco<\/strong><br \/>Rua Comendador Carlos Wigg, 245 \u2013 Bairro Pioneiros<br \/>36.420-000 \u2013 Ouro Branco \u2013 MG \u2013 Tel.: (31) 3742-1094<\/p><p><strong>2. Centro de Apoio ao Portador de Necessidades Especiais \u2013 Casa da Figueira<\/strong><br \/>Rua C\u00f4nego Amando, 278 \u2013 B. Ch\u00e1cara<br \/>35.420-000 \u2013 Mariana \u2013 MG \u2013 Tel.: (31) 3557-4357<\/p><p><strong>3. Centro de Integra\u00e7\u00e3o Familiar<\/strong><br \/>Rua Diamantina. 751 \u2013 B. Cabanas<br \/>35.420-000 \u2013 Mariana- MG \u2013 Tel.: (31) 3557-2599<\/p><p><strong>4. Centro Promocional\u00a0 e Educacional Padre \u00c2ngelo<\/strong><br \/>Rua 33, n\u00ba 30, Ant\u00f4nio Pereira<br \/>35<strong>.<\/strong>400-000 \u2013 Ouro Preto \u2013 MG<\/p><p><strong>5. Escola Fam\u00edlia Agr\u00edcola de Jequeri<\/strong><br \/>Comunidade de Piscamba \u2013 Jequeri \u2013 Minas Gerais<\/p><p><strong>6. Comunidade Terap\u00eautica Bom Pastor<\/strong><br \/>Rodovia 129, km 10 \u2013 S\u00edtio Varginha<br \/>36.400-000 \u2013 Conselheiro Lafaiete \u2013 MG<\/p><p><strong>7. Faculdade Arquidiocesana de Mariana<\/strong><br \/>Rodovia dos Inconfidentes, km 108 \u2013 Bairro Ch\u00e1cara<br \/>35.420-000 \u2013 Mariana \u2013 MG<\/p><p><strong>8. Grupo de Integra\u00e7\u00e3o Social-GIS<\/strong><br \/>Rodovia dos Inconfidentes 03\u2013 Bairro S\u00e3o Jos\u00e9<br \/>35.420-000 \u2013 Mariana \u2013 MG<\/p><p><strong>9. Col\u00e9gio Arquidiocesano de Ouro Preto<\/strong><br \/>Rua Alvarenga, 519 \u2013 Bairro Cabe\u00e7as<br \/>35.400-000 \u2013 Ouro Preto \u2013 MG \u2013 Tel.: (31) 3793-1154<\/p>\t\t\t\t\t\t\t\t<\/div>\n\t\t\t\t\t<\/div>\n\t\t\t\t<\/div>\n\t\t\t\t<\/div>\n\t\t","protected":false},"excerpt":{"rendered":"<p>Mantenedora Col\u00e9gio Arquidiocesano de Ouro Branco FUNDA\u00c7\u00c3O MARIANENSE DE EDUCA\u00c7\u00c3O A Funda\u00e7\u00e3o Marianense de Educa\u00e7\u00e3o \u2013 FME foi fundada em Mariana, Minas Gerais, no dia 31 de agosto de 1971. Foi sua instituidora a Arquidiocese de Mariana na pessoa do ent\u00e3o Arcebispo de Mariana, Dom Oscar de Oliveira. Sua finalidade primeira foi manter a Faculdade [&hellip;]<\/p>\n","protected":false},"author":1,"featured_media":0,"parent":316,"menu_order":0,"comment_status":"closed","ping_status":"closed","template":"","meta":{"inline_featured_image":false,"footnotes":""},"class_list":["post-229","page","type-page","status-publish","hentry"],"yoast_head":"<!-- This site is optimized with the Yoast SEO plugin v27.4 - https:\/\/yoast.com\/product\/yoast-seo-wordpress\/ -->\n<title>Mantenedora - CAOB<\/title>\n<meta name=\"robots\" content=\"index, follow, max-snippet:-1, max-image-preview:large, max-video-preview:-1\" \/>\n<link rel=\"canonical\" href=\"https:\/\/arquidiocesano.com\/ourobranco\/instituicao\/mantenedora\/\" \/>\n<meta property=\"og:locale\" content=\"pt_BR\" \/>\n<meta property=\"og:type\" content=\"article\" \/>\n<meta property=\"og:title\" content=\"Mantenedora - CAOB\" \/>\n<meta property=\"og:description\" content=\"Mantenedora Col\u00e9gio Arquidiocesano de Ouro Branco FUNDA\u00c7\u00c3O MARIANENSE DE EDUCA\u00c7\u00c3O A Funda\u00e7\u00e3o Marianense de Educa\u00e7\u00e3o \u2013 FME foi fundada em Mariana, Minas Gerais, no dia 31 de agosto de 1971. Foi sua instituidora a Arquidiocese de Mariana na pessoa do ent\u00e3o Arcebispo de Mariana, Dom Oscar de Oliveira. Sua finalidade primeira foi manter a Faculdade [&hellip;]\" \/>\n<meta property=\"og:url\" content=\"https:\/\/arquidiocesano.com\/ourobranco\/instituicao\/mantenedora\/\" \/>\n<meta property=\"og:site_name\" content=\"CAOB\" \/>\n<meta property=\"article:publisher\" content=\"https:\/\/www.facebook.com\/CAOB2016\" \/>\n<meta property=\"article:modified_time\" content=\"2026-04-13T13:47:20+00:00\" \/>\n<meta name=\"twitter:card\" content=\"summary_large_image\" \/>\n<meta name=\"twitter:label1\" content=\"Est. tempo de leitura\" \/>\n\t<meta name=\"twitter:data1\" content=\"3 minutos\" \/>\n<script type=\"application\/ld+json\" class=\"yoast-schema-graph\">{\"@context\":\"https:\\\/\\\/schema.org\",\"@graph\":[{\"@type\":\"WebPage\",\"@id\":\"https:\\\/\\\/arquidiocesano.com\\\/ourobranco\\\/instituicao\\\/mantenedora\\\/\",\"url\":\"https:\\\/\\\/arquidiocesano.com\\\/ourobranco\\\/instituicao\\\/mantenedora\\\/\",\"name\":\"Mantenedora - CAOB\",\"isPartOf\":{\"@id\":\"https:\\\/\\\/arquidiocesano.com\\\/ourobranco\\\/#website\"},\"datePublished\":\"2026-03-16T13:52:25+00:00\",\"dateModified\":\"2026-04-13T13:47:20+00:00\",\"breadcrumb\":{\"@id\":\"https:\\\/\\\/arquidiocesano.com\\\/ourobranco\\\/instituicao\\\/mantenedora\\\/#breadcrumb\"},\"inLanguage\":\"pt-BR\",\"potentialAction\":[{\"@type\":\"ReadAction\",\"target\":[\"https:\\\/\\\/arquidiocesano.com\\\/ourobranco\\\/instituicao\\\/mantenedora\\\/\"]}]},{\"@type\":\"BreadcrumbList\",\"@id\":\"https:\\\/\\\/arquidiocesano.com\\\/ourobranco\\\/instituicao\\\/mantenedora\\\/#breadcrumb\",\"itemListElement\":[{\"@type\":\"ListItem\",\"position\":1,\"name\":\"In\u00edcio\",\"item\":\"https:\\\/\\\/arquidiocesano.com\\\/ourobranco\\\/\"},{\"@type\":\"ListItem\",\"position\":2,\"name\":\"Institui\u00e7\u00e3o\",\"item\":\"https:\\\/\\\/arquidiocesano.com\\\/ourobranco\\\/instituicao\\\/\"},{\"@type\":\"ListItem\",\"position\":3,\"name\":\"Mantenedora\"}]},{\"@type\":\"WebSite\",\"@id\":\"https:\\\/\\\/arquidiocesano.com\\\/ourobranco\\\/#website\",\"url\":\"https:\\\/\\\/arquidiocesano.com\\\/ourobranco\\\/\",\"name\":\"CAOB\",\"description\":\"Col\u00e9gio Arquidiocesano de Ouro Branco\",\"publisher\":{\"@id\":\"https:\\\/\\\/arquidiocesano.com\\\/ourobranco\\\/#organization\"},\"potentialAction\":[{\"@type\":\"SearchAction\",\"target\":{\"@type\":\"EntryPoint\",\"urlTemplate\":\"https:\\\/\\\/arquidiocesano.com\\\/ourobranco\\\/?s={search_term_string}\"},\"query-input\":{\"@type\":\"PropertyValueSpecification\",\"valueRequired\":true,\"valueName\":\"search_term_string\"}}],\"inLanguage\":\"pt-BR\"},{\"@type\":\"Organization\",\"@id\":\"https:\\\/\\\/arquidiocesano.com\\\/ourobranco\\\/#organization\",\"name\":\"Col\u00e9gio Arquidiocesano de Ouro Branco\",\"url\":\"https:\\\/\\\/arquidiocesano.com\\\/ourobranco\\\/\",\"logo\":{\"@type\":\"ImageObject\",\"inLanguage\":\"pt-BR\",\"@id\":\"https:\\\/\\\/arquidiocesano.com\\\/ourobranco\\\/#\\\/schema\\\/logo\\\/image\\\/\",\"url\":\"https:\\\/\\\/arquidiocesano.com\\\/ourobranco\\\/wp-content\\\/uploads\\\/2026\\\/04\\\/caob-imagem-destacada.png\",\"contentUrl\":\"https:\\\/\\\/arquidiocesano.com\\\/ourobranco\\\/wp-content\\\/uploads\\\/2026\\\/04\\\/caob-imagem-destacada.png\",\"width\":1200,\"height\":1200,\"caption\":\"Col\u00e9gio Arquidiocesano de Ouro Branco\"},\"image\":{\"@id\":\"https:\\\/\\\/arquidiocesano.com\\\/ourobranco\\\/#\\\/schema\\\/logo\\\/image\\\/\"},\"sameAs\":[\"https:\\\/\\\/www.facebook.com\\\/CAOB2016\",\"https:\\\/\\\/www.instagram.com\\\/caobourobranco\\\/\"]}]}<\/script>\n<!-- \/ Yoast SEO plugin. -->","yoast_head_json":{"title":"Mantenedora - CAOB","robots":{"index":"index","follow":"follow","max-snippet":"max-snippet:-1","max-image-preview":"max-image-preview:large","max-video-preview":"max-video-preview:-1"},"canonical":"https:\/\/arquidiocesano.com\/ourobranco\/instituicao\/mantenedora\/","og_locale":"pt_BR","og_type":"article","og_title":"Mantenedora - CAOB","og_description":"Mantenedora Col\u00e9gio Arquidiocesano de Ouro Branco FUNDA\u00c7\u00c3O MARIANENSE DE EDUCA\u00c7\u00c3O A Funda\u00e7\u00e3o Marianense de Educa\u00e7\u00e3o \u2013 FME foi fundada em Mariana, Minas Gerais, no dia 31 de agosto de 1971. Foi sua instituidora a Arquidiocese de Mariana na pessoa do ent\u00e3o Arcebispo de Mariana, Dom Oscar de Oliveira. Sua finalidade primeira foi manter a Faculdade [&hellip;]","og_url":"https:\/\/arquidiocesano.com\/ourobranco\/instituicao\/mantenedora\/","og_site_name":"CAOB","article_publisher":"https:\/\/www.facebook.com\/CAOB2016","article_modified_time":"2026-04-13T13:47:20+00:00","twitter_card":"summary_large_image","twitter_misc":{"Est. tempo de leitura":"3 minutos"},"schema":{"@context":"https:\/\/schema.org","@graph":[{"@type":"WebPage","@id":"https:\/\/arquidiocesano.com\/ourobranco\/instituicao\/mantenedora\/","url":"https:\/\/arquidiocesano.com\/ourobranco\/instituicao\/mantenedora\/","name":"Mantenedora - CAOB","isPartOf":{"@id":"https:\/\/arquidiocesano.com\/ourobranco\/#website"},"datePublished":"2026-03-16T13:52:25+00:00","dateModified":"2026-04-13T13:47:20+00:00","breadcrumb":{"@id":"https:\/\/arquidiocesano.com\/ourobranco\/instituicao\/mantenedora\/#breadcrumb"},"inLanguage":"pt-BR","potentialAction":[{"@type":"ReadAction","target":["https:\/\/arquidiocesano.com\/ourobranco\/instituicao\/mantenedora\/"]}]},{"@type":"BreadcrumbList","@id":"https:\/\/arquidiocesano.com\/ourobranco\/instituicao\/mantenedora\/#breadcrumb","itemListElement":[{"@type":"ListItem","position":1,"name":"In\u00edcio","item":"https:\/\/arquidiocesano.com\/ourobranco\/"},{"@type":"ListItem","position":2,"name":"Institui\u00e7\u00e3o","item":"https:\/\/arquidiocesano.com\/ourobranco\/instituicao\/"},{"@type":"ListItem","position":3,"name":"Mantenedora"}]},{"@type":"WebSite","@id":"https:\/\/arquidiocesano.com\/ourobranco\/#website","url":"https:\/\/arquidiocesano.com\/ourobranco\/","name":"CAOB","description":"Col\u00e9gio Arquidiocesano de Ouro Branco","publisher":{"@id":"https:\/\/arquidiocesano.com\/ourobranco\/#organization"},"potentialAction":[{"@type":"SearchAction","target":{"@type":"EntryPoint","urlTemplate":"https:\/\/arquidiocesano.com\/ourobranco\/?s={search_term_string}"},"query-input":{"@type":"PropertyValueSpecification","valueRequired":true,"valueName":"search_term_string"}}],"inLanguage":"pt-BR"},{"@type":"Organization","@id":"https:\/\/arquidiocesano.com\/ourobranco\/#organization","name":"Col\u00e9gio Arquidiocesano de Ouro Branco","url":"https:\/\/arquidiocesano.com\/ourobranco\/","logo":{"@type":"ImageObject","inLanguage":"pt-BR","@id":"https:\/\/arquidiocesano.com\/ourobranco\/#\/schema\/logo\/image\/","url":"https:\/\/arquidiocesano.com\/ourobranco\/wp-content\/uploads\/2026\/04\/caob-imagem-destacada.png","contentUrl":"https:\/\/arquidiocesano.com\/ourobranco\/wp-content\/uploads\/2026\/04\/caob-imagem-destacada.png","width":1200,"height":1200,"caption":"Col\u00e9gio Arquidiocesano de Ouro Branco"},"image":{"@id":"https:\/\/arquidiocesano.com\/ourobranco\/#\/schema\/logo\/image\/"},"sameAs":["https:\/\/www.facebook.com\/CAOB2016","https:\/\/www.instagram.com\/caobourobranco\/"]}]}},"_links":{"self":[{"href":"https:\/\/arquidiocesano.com\/ourobranco\/wp-json\/wp\/v2\/pages\/229","targetHints":{"allow":["GET"]}}],"collection":[{"href":"https:\/\/arquidiocesano.com\/ourobranco\/wp-json\/wp\/v2\/pages"}],"about":[{"href":"https:\/\/arquidiocesano.com\/ourobranco\/wp-json\/wp\/v2\/types\/page"}],"author":[{"embeddable":true,"href":"https:\/\/arquidiocesano.com\/ourobranco\/wp-json\/wp\/v2\/users\/1"}],"replies":[{"embeddable":true,"href":"https:\/\/arquidiocesano.com\/ourobranco\/wp-json\/wp\/v2\/comments?post=229"}],"version-history":[{"count":16,"href":"https:\/\/arquidiocesano.com\/ourobranco\/wp-json\/wp\/v2\/pages\/229\/revisions"}],"predecessor-version":[{"id":1790,"href":"https:\/\/arquidiocesano.com\/ourobranco\/wp-json\/wp\/v2\/pages\/229\/revisions\/1790"}],"up":[{"embeddable":true,"href":"https:\/\/arquidiocesano.com\/ourobranco\/wp-json\/wp\/v2\/pages\/316"}],"wp:attachment":[{"href":"https:\/\/arquidiocesano.com\/ourobranco\/wp-json\/wp\/v2\/media?parent=229"}],"curies":[{"name":"wp","href":"https:\/\/api.w.org\/{rel}","templated":true}]}}