{"id":221,"date":"2026-03-16T10:51:35","date_gmt":"2026-03-16T13:51:35","guid":{"rendered":"https:\/\/arquidiocesano.com\/ourobranco\/?page_id=221"},"modified":"2026-04-27T18:32:45","modified_gmt":"2026-04-27T21:32:45","slug":"equipe-de-profissionais","status":"publish","type":"page","link":"https:\/\/arquidiocesano.com\/ourobranco\/instituicao\/equipe-de-profissionais\/","title":{"rendered":"Equipe de Profissionais"},"content":{"rendered":"\t\t<div data-elementor-type=\"wp-page\" data-elementor-id=\"221\" class=\"elementor elementor-221\" data-elementor-post-type=\"page\">\n\t\t\t\t<div class=\"elementor-element elementor-element-226c241 e-flex e-con-boxed e-con e-parent\" data-id=\"226c241\" data-element_type=\"container\" data-e-type=\"container\" data-settings=\"{&quot;background_background&quot;:&quot;gradient&quot;}\">\n\t\t\t\t\t<div class=\"e-con-inner\">\n\t\t\t\t<div class=\"elementor-element elementor-element-15467b9 elementor-align-center elementor-mobile-align-left elementor-widget elementor-widget-breadcrumbs\" data-id=\"15467b9\" data-element_type=\"widget\" data-e-type=\"widget\" data-widget_type=\"breadcrumbs.default\">\n\t\t\t\t\t<p id=\"breadcrumbs\"><span><span><a href=\"https:\/\/arquidiocesano.com\/ourobranco\/\">In\u00edcio<\/a><\/span><\/span><\/p>\t\t\t\t<\/div>\n\t\t\t\t<div class=\"elementor-element elementor-element-0636e06 elementor-widget elementor-widget-heading\" data-id=\"0636e06\" data-element_type=\"widget\" data-e-type=\"widget\" data-widget_type=\"heading.default\">\n\t\t\t\t\t<h1 class=\"elementor-heading-title elementor-size-default\">Equipe de Profissionais<\/h1>\t\t\t\t<\/div>\n\t\t\t\t<div class=\"elementor-element elementor-element-749f330 elementor-widget elementor-widget-heading\" data-id=\"749f330\" data-element_type=\"widget\" data-e-type=\"widget\" data-widget_type=\"heading.default\">\n\t\t\t\t\t<h2 class=\"elementor-heading-title elementor-size-default\">Col\u00e9gio Arquidiocesano de Ouro Branco<\/h2>\t\t\t\t<\/div>\n\t\t\t\t\t<\/div>\n\t\t\t\t<\/div>\n\t\t<div class=\"elementor-element elementor-element-3da3e34 e-flex e-con-boxed e-con e-parent\" data-id=\"3da3e34\" data-element_type=\"container\" data-e-type=\"container\">\n\t\t\t\t\t<div class=\"e-con-inner\">\n\t\t\t\t<div class=\"elementor-element elementor-element-e746ccc elementor-widget elementor-widget-text-editor\" data-id=\"e746ccc\" data-element_type=\"widget\" data-e-type=\"widget\" data-widget_type=\"text-editor.default\">\n\t\t\t\t\t\t\t\t\t<p><strong>PROFESSORES(AS):<\/strong><br \/>Adriana do Nascimento M. Fagundes<br \/>Adriany Maria de Souza Valle<br \/>Alet\u00e9ia Cristina Maria Rodrigues Vieira<br \/>Carlos Adriano Marcenes de Souza<br \/>Carolina Rodrigues de Andrade Rocha<br \/>Cinthya Nunes de Souza Cust\u00f3dio<br \/>Cristina Tinoco Ara\u00fajo Andrade <br \/>Edvanda dos Santos Nicolau<br \/>Elaine Cristina Gabriel<br \/>Fl\u00e1via Adriana Nogueira G. de Souza<br \/>Fl\u00e1via Adriana T\u00f4rres de Menezes Silva<br \/>Gilma Ferreira Nascimento Marques<br \/>Iara Cardoso \u00c1vila Ribeiro<br \/>Ivani Fernandes Viana<br \/>Jeane Magna Nascimento<br \/>Jo\u00e3o Pedro Halfeld Miss\u00e9<br \/>Juliana de Souza Carvalho Crispim<br \/>Juliana dos Santos Barbosa Coelho<br \/>Juliano Marques Ferreira<br \/>Karla Cristine Nogueira Vieira<br \/>Kate Cristiane Rodrigues<br \/>K\u00e1tia Cristina Braz dos Santos <br \/>Laudin\u00e9ia Rosa de Matos Quint\u00e3o<br \/>Lawrence Pereira dos Santos<br \/>Leila L\u00eddia Pereira Faria<br \/>L\u00edgia Jana\u00edna Romanholi Pacheco<br \/>Lucas Fonseca Vaz<br \/>M\u00e1rcia Moreira Dias Souza<br \/>Marcos Vin\u00edcius Siqueira Medeiros<br \/>Maria da Concei\u00e7\u00e3o dos Santos<br \/>Mariene Maria Lauro Vieira<br \/>Mar\u00edlhia das Gra\u00e7as Barros<br \/>N\u00edvea Cristina Mapa<br \/>Nelson Martins Vimieiro<br \/>Regiane Maria T. Pinto Duarte Peixoto<br \/>Rosileni Pereira de Morais Campos<br \/>Shirlaine Carvalho dos Reis Gomes<br \/>Shirley Roberthion Alves<br \/>Soraia de F\u00e1tima Moreira Duque<br \/>Whesley Ara\u00fajo Mesquita<\/p>\t\t\t\t\t\t\t\t<\/div>\n\t\t\t\t<div class=\"elementor-element elementor-element-d3d72d7 elementor-widget elementor-widget-text-editor\" data-id=\"d3d72d7\" data-element_type=\"widget\" data-e-type=\"widget\" data-widget_type=\"text-editor.default\">\n\t\t\t\t\t\t\t\t\t<p><strong>AUXILIARES ADMINISTRATIVOS(AS):<br \/><\/strong>Alessandra Rocha de Oliveira <br \/>Ana Laura Rodrigues Lobo<br \/>Ana Paula Michie Braga Nakano Marianelli <br \/>Andressa Aparecida de Mello <br \/>Angelica Gomes da Silva <br \/>Carolina da Rocha Teixeira <br \/>C\u00e1ssia das Dores Moreira <br \/>Cilene Aparecida de Miranda <br \/>Cleia Aparecida Dias <br \/>Clemilda Ara\u00fajo Alves <br \/>Elizabete M\u00e1rcia da Silva <br \/>Fernanda Gon\u00e7alves Barbosa Silva <br \/>Giane Tavares de Aguiar Rodrigues <br \/>Gilson Jos\u00e9 Fernandes <br \/>Jennifer Silva Ferreira <br \/>Jos\u00e9 Luis Pinto <br \/>Jussara Alves Batista <br \/>Ketlley de Oliveira Luz Marcelino <br \/>Laryssa Pereira Sena Dias <br \/>Lenir Marta Barbosa Dias <br \/>Li\u00easangela Cristina S. Bretas Barbosa <br \/>Ligiane Cristina Ciriano Moreira <br \/>Lorraine de Oliveira do Carmo <br \/>Luciana Maria Magri Tavares <br \/>Ludimila Aparecida Pedro Araujo <br \/>Maria da Consola\u00e7\u00e3o Lima <br \/>Maria do Carmo Barbosa Borges <br \/>Marilene Alexina Maciel <br \/>Patr\u00edcia Rodrigues Silva Reis <br \/>Renilce Beatriz Almeida Oliveira <br \/>Rosangela Gomes da Luz <br \/>Sara Soares Lopes Silva <br \/>Sheila Chaves Coelho <br \/>Tiago Antonio Rodrigues <br \/>Vanilda Assun\u00e7\u00e3o de Lima<\/p>\t\t\t\t\t\t\t\t<\/div>\n\t\t\t\t\t<\/div>\n\t\t\t\t<\/div>\n\t\t\t\t<\/div>\n\t\t","protected":false},"excerpt":{"rendered":"<p>Equipe de Profissionais Col\u00e9gio Arquidiocesano de Ouro Branco PROFESSORES(AS):Adriana do Nascimento M. FagundesAdriany Maria de Souza ValleAlet\u00e9ia Cristina Maria Rodrigues VieiraCarlos Adriano Marcenes de SouzaCarolina Rodrigues de Andrade RochaCinthya Nunes de Souza Cust\u00f3dioCristina Tinoco Ara\u00fajo Andrade Edvanda dos Santos NicolauElaine Cristina GabrielFl\u00e1via Adriana Nogueira G. de SouzaFl\u00e1via Adriana T\u00f4rres de Menezes SilvaGilma Ferreira Nascimento MarquesIara [&hellip;]<\/p>\n","protected":false},"author":1,"featured_media":0,"parent":316,"menu_order":0,"comment_status":"closed","ping_status":"closed","template":"","meta":{"inline_featured_image":false,"footnotes":""},"class_list":["post-221","page","type-page","status-publish","hentry"],"yoast_head":"<!-- This site is optimized with the Yoast SEO plugin v27.4 - https:\/\/yoast.com\/product\/yoast-seo-wordpress\/ -->\n<title>Equipe de Profissionais - CAOB<\/title>\n<meta name=\"robots\" content=\"index, follow, max-snippet:-1, max-image-preview:large, max-video-preview:-1\" \/>\n<link rel=\"canonical\" href=\"https:\/\/arquidiocesano.com\/ourobranco\/instituicao\/equipe-de-profissionais\/\" \/>\n<meta property=\"og:locale\" content=\"pt_BR\" \/>\n<meta property=\"og:type\" content=\"article\" \/>\n<meta property=\"og:title\" content=\"Equipe de Profissionais - CAOB\" \/>\n<meta property=\"og:description\" content=\"Equipe de Profissionais Col\u00e9gio Arquidiocesano de Ouro Branco PROFESSORES(AS):Adriana do Nascimento M. FagundesAdriany Maria de Souza ValleAlet\u00e9ia Cristina Maria Rodrigues VieiraCarlos Adriano Marcenes de SouzaCarolina Rodrigues de Andrade RochaCinthya Nunes de Souza Cust\u00f3dioCristina Tinoco Ara\u00fajo Andrade Edvanda dos Santos NicolauElaine Cristina GabrielFl\u00e1via Adriana Nogueira G. de SouzaFl\u00e1via Adriana T\u00f4rres de Menezes SilvaGilma Ferreira Nascimento MarquesIara [&hellip;]\" \/>\n<meta property=\"og:url\" content=\"https:\/\/arquidiocesano.com\/ourobranco\/instituicao\/equipe-de-profissionais\/\" \/>\n<meta property=\"og:site_name\" content=\"CAOB\" \/>\n<meta property=\"article:publisher\" content=\"https:\/\/www.facebook.com\/CAOB2016\" \/>\n<meta property=\"article:modified_time\" content=\"2026-04-27T21:32:45+00:00\" \/>\n<meta name=\"twitter:card\" content=\"summary_large_image\" \/>\n<meta name=\"twitter:label1\" content=\"Est. tempo de leitura\" \/>\n\t<meta name=\"twitter:data1\" content=\"2 minutos\" \/>\n<script type=\"application\/ld+json\" class=\"yoast-schema-graph\">{\"@context\":\"https:\\\/\\\/schema.org\",\"@graph\":[{\"@type\":\"WebPage\",\"@id\":\"https:\\\/\\\/arquidiocesano.com\\\/ourobranco\\\/instituicao\\\/equipe-de-profissionais\\\/\",\"url\":\"https:\\\/\\\/arquidiocesano.com\\\/ourobranco\\\/instituicao\\\/equipe-de-profissionais\\\/\",\"name\":\"Equipe de Profissionais - CAOB\",\"isPartOf\":{\"@id\":\"https:\\\/\\\/arquidiocesano.com\\\/ourobranco\\\/#website\"},\"datePublished\":\"2026-03-16T13:51:35+00:00\",\"dateModified\":\"2026-04-27T21:32:45+00:00\",\"breadcrumb\":{\"@id\":\"https:\\\/\\\/arquidiocesano.com\\\/ourobranco\\\/instituicao\\\/equipe-de-profissionais\\\/#breadcrumb\"},\"inLanguage\":\"pt-BR\",\"potentialAction\":[{\"@type\":\"ReadAction\",\"target\":[\"https:\\\/\\\/arquidiocesano.com\\\/ourobranco\\\/instituicao\\\/equipe-de-profissionais\\\/\"]}]},{\"@type\":\"BreadcrumbList\",\"@id\":\"https:\\\/\\\/arquidiocesano.com\\\/ourobranco\\\/instituicao\\\/equipe-de-profissionais\\\/#breadcrumb\",\"itemListElement\":[{\"@type\":\"ListItem\",\"position\":1,\"name\":\"In\u00edcio\",\"item\":\"https:\\\/\\\/arquidiocesano.com\\\/ourobranco\\\/\"},{\"@type\":\"ListItem\",\"position\":2,\"name\":\"Institui\u00e7\u00e3o\",\"item\":\"https:\\\/\\\/arquidiocesano.com\\\/ourobranco\\\/instituicao\\\/\"},{\"@type\":\"ListItem\",\"position\":3,\"name\":\"Equipe de Profissionais\"}]},{\"@type\":\"WebSite\",\"@id\":\"https:\\\/\\\/arquidiocesano.com\\\/ourobranco\\\/#website\",\"url\":\"https:\\\/\\\/arquidiocesano.com\\\/ourobranco\\\/\",\"name\":\"CAOB\",\"description\":\"Col\u00e9gio Arquidiocesano de Ouro Branco\",\"publisher\":{\"@id\":\"https:\\\/\\\/arquidiocesano.com\\\/ourobranco\\\/#organization\"},\"potentialAction\":[{\"@type\":\"SearchAction\",\"target\":{\"@type\":\"EntryPoint\",\"urlTemplate\":\"https:\\\/\\\/arquidiocesano.com\\\/ourobranco\\\/?s={search_term_string}\"},\"query-input\":{\"@type\":\"PropertyValueSpecification\",\"valueRequired\":true,\"valueName\":\"search_term_string\"}}],\"inLanguage\":\"pt-BR\"},{\"@type\":\"Organization\",\"@id\":\"https:\\\/\\\/arquidiocesano.com\\\/ourobranco\\\/#organization\",\"name\":\"Col\u00e9gio Arquidiocesano de Ouro Branco\",\"url\":\"https:\\\/\\\/arquidiocesano.com\\\/ourobranco\\\/\",\"logo\":{\"@type\":\"ImageObject\",\"inLanguage\":\"pt-BR\",\"@id\":\"https:\\\/\\\/arquidiocesano.com\\\/ourobranco\\\/#\\\/schema\\\/logo\\\/image\\\/\",\"url\":\"https:\\\/\\\/arquidiocesano.com\\\/ourobranco\\\/wp-content\\\/uploads\\\/2026\\\/04\\\/caob-imagem-destacada.png\",\"contentUrl\":\"https:\\\/\\\/arquidiocesano.com\\\/ourobranco\\\/wp-content\\\/uploads\\\/2026\\\/04\\\/caob-imagem-destacada.png\",\"width\":1200,\"height\":1200,\"caption\":\"Col\u00e9gio Arquidiocesano de Ouro Branco\"},\"image\":{\"@id\":\"https:\\\/\\\/arquidiocesano.com\\\/ourobranco\\\/#\\\/schema\\\/logo\\\/image\\\/\"},\"sameAs\":[\"https:\\\/\\\/www.facebook.com\\\/CAOB2016\",\"https:\\\/\\\/www.instagram.com\\\/caobourobranco\\\/\"]}]}<\/script>\n<!-- \/ Yoast SEO plugin. -->","yoast_head_json":{"title":"Equipe de Profissionais - CAOB","robots":{"index":"index","follow":"follow","max-snippet":"max-snippet:-1","max-image-preview":"max-image-preview:large","max-video-preview":"max-video-preview:-1"},"canonical":"https:\/\/arquidiocesano.com\/ourobranco\/instituicao\/equipe-de-profissionais\/","og_locale":"pt_BR","og_type":"article","og_title":"Equipe de Profissionais - CAOB","og_description":"Equipe de Profissionais Col\u00e9gio Arquidiocesano de Ouro Branco PROFESSORES(AS):Adriana do Nascimento M. FagundesAdriany Maria de Souza ValleAlet\u00e9ia Cristina Maria Rodrigues VieiraCarlos Adriano Marcenes de SouzaCarolina Rodrigues de Andrade RochaCinthya Nunes de Souza Cust\u00f3dioCristina Tinoco Ara\u00fajo Andrade Edvanda dos Santos NicolauElaine Cristina GabrielFl\u00e1via Adriana Nogueira G. de SouzaFl\u00e1via Adriana T\u00f4rres de Menezes SilvaGilma Ferreira Nascimento MarquesIara [&hellip;]","og_url":"https:\/\/arquidiocesano.com\/ourobranco\/instituicao\/equipe-de-profissionais\/","og_site_name":"CAOB","article_publisher":"https:\/\/www.facebook.com\/CAOB2016","article_modified_time":"2026-04-27T21:32:45+00:00","twitter_card":"summary_large_image","twitter_misc":{"Est. tempo de leitura":"2 minutos"},"schema":{"@context":"https:\/\/schema.org","@graph":[{"@type":"WebPage","@id":"https:\/\/arquidiocesano.com\/ourobranco\/instituicao\/equipe-de-profissionais\/","url":"https:\/\/arquidiocesano.com\/ourobranco\/instituicao\/equipe-de-profissionais\/","name":"Equipe de Profissionais - CAOB","isPartOf":{"@id":"https:\/\/arquidiocesano.com\/ourobranco\/#website"},"datePublished":"2026-03-16T13:51:35+00:00","dateModified":"2026-04-27T21:32:45+00:00","breadcrumb":{"@id":"https:\/\/arquidiocesano.com\/ourobranco\/instituicao\/equipe-de-profissionais\/#breadcrumb"},"inLanguage":"pt-BR","potentialAction":[{"@type":"ReadAction","target":["https:\/\/arquidiocesano.com\/ourobranco\/instituicao\/equipe-de-profissionais\/"]}]},{"@type":"BreadcrumbList","@id":"https:\/\/arquidiocesano.com\/ourobranco\/instituicao\/equipe-de-profissionais\/#breadcrumb","itemListElement":[{"@type":"ListItem","position":1,"name":"In\u00edcio","item":"https:\/\/arquidiocesano.com\/ourobranco\/"},{"@type":"ListItem","position":2,"name":"Institui\u00e7\u00e3o","item":"https:\/\/arquidiocesano.com\/ourobranco\/instituicao\/"},{"@type":"ListItem","position":3,"name":"Equipe de Profissionais"}]},{"@type":"WebSite","@id":"https:\/\/arquidiocesano.com\/ourobranco\/#website","url":"https:\/\/arquidiocesano.com\/ourobranco\/","name":"CAOB","description":"Col\u00e9gio Arquidiocesano de Ouro Branco","publisher":{"@id":"https:\/\/arquidiocesano.com\/ourobranco\/#organization"},"potentialAction":[{"@type":"SearchAction","target":{"@type":"EntryPoint","urlTemplate":"https:\/\/arquidiocesano.com\/ourobranco\/?s={search_term_string}"},"query-input":{"@type":"PropertyValueSpecification","valueRequired":true,"valueName":"search_term_string"}}],"inLanguage":"pt-BR"},{"@type":"Organization","@id":"https:\/\/arquidiocesano.com\/ourobranco\/#organization","name":"Col\u00e9gio Arquidiocesano de Ouro Branco","url":"https:\/\/arquidiocesano.com\/ourobranco\/","logo":{"@type":"ImageObject","inLanguage":"pt-BR","@id":"https:\/\/arquidiocesano.com\/ourobranco\/#\/schema\/logo\/image\/","url":"https:\/\/arquidiocesano.com\/ourobranco\/wp-content\/uploads\/2026\/04\/caob-imagem-destacada.png","contentUrl":"https:\/\/arquidiocesano.com\/ourobranco\/wp-content\/uploads\/2026\/04\/caob-imagem-destacada.png","width":1200,"height":1200,"caption":"Col\u00e9gio Arquidiocesano de Ouro Branco"},"image":{"@id":"https:\/\/arquidiocesano.com\/ourobranco\/#\/schema\/logo\/image\/"},"sameAs":["https:\/\/www.facebook.com\/CAOB2016","https:\/\/www.instagram.com\/caobourobranco\/"]}]}},"_links":{"self":[{"href":"https:\/\/arquidiocesano.com\/ourobranco\/wp-json\/wp\/v2\/pages\/221","targetHints":{"allow":["GET"]}}],"collection":[{"href":"https:\/\/arquidiocesano.com\/ourobranco\/wp-json\/wp\/v2\/pages"}],"about":[{"href":"https:\/\/arquidiocesano.com\/ourobranco\/wp-json\/wp\/v2\/types\/page"}],"author":[{"embeddable":true,"href":"https:\/\/arquidiocesano.com\/ourobranco\/wp-json\/wp\/v2\/users\/1"}],"replies":[{"embeddable":true,"href":"https:\/\/arquidiocesano.com\/ourobranco\/wp-json\/wp\/v2\/comments?post=221"}],"version-history":[{"count":13,"href":"https:\/\/arquidiocesano.com\/ourobranco\/wp-json\/wp\/v2\/pages\/221\/revisions"}],"predecessor-version":[{"id":2118,"href":"https:\/\/arquidiocesano.com\/ourobranco\/wp-json\/wp\/v2\/pages\/221\/revisions\/2118"}],"up":[{"embeddable":true,"href":"https:\/\/arquidiocesano.com\/ourobranco\/wp-json\/wp\/v2\/pages\/316"}],"wp:attachment":[{"href":"https:\/\/arquidiocesano.com\/ourobranco\/wp-json\/wp\/v2\/media?parent=221"}],"curies":[{"name":"wp","href":"https:\/\/api.w.org\/{rel}","templated":true}]}}