{"id":213,"date":"2026-03-16T10:50:59","date_gmt":"2026-03-16T13:50:59","guid":{"rendered":"https:\/\/arquidiocesano.com\/ourobranco\/?page_id=213"},"modified":"2026-04-13T13:46:08","modified_gmt":"2026-04-13T16:46:08","slug":"politica-de-gestao","status":"publish","type":"page","link":"https:\/\/arquidiocesano.com\/ourobranco\/instituicao\/politica-de-gestao\/","title":{"rendered":"Pol\u00edtica de Gest\u00e3o"},"content":{"rendered":"\t\t<div data-elementor-type=\"wp-page\" data-elementor-id=\"213\" class=\"elementor elementor-213\" data-elementor-post-type=\"page\">\n\t\t\t\t<div class=\"elementor-element elementor-element-eab3921 e-flex e-con-boxed e-con e-parent\" data-id=\"eab3921\" data-element_type=\"container\" data-e-type=\"container\" data-settings=\"{&quot;background_background&quot;:&quot;gradient&quot;}\">\n\t\t\t\t\t<div class=\"e-con-inner\">\n\t\t\t\t<div class=\"elementor-element elementor-element-1c03c16 elementor-align-center elementor-mobile-align-left elementor-widget elementor-widget-breadcrumbs\" data-id=\"1c03c16\" data-element_type=\"widget\" data-e-type=\"widget\" data-widget_type=\"breadcrumbs.default\">\n\t\t\t\t\t<p id=\"breadcrumbs\"><span><span><a href=\"https:\/\/arquidiocesano.com\/ourobranco\/\">In\u00edcio<\/a><\/span><\/span><\/p>\t\t\t\t<\/div>\n\t\t\t\t<div class=\"elementor-element elementor-element-e531290 elementor-widget elementor-widget-heading\" data-id=\"e531290\" data-element_type=\"widget\" data-e-type=\"widget\" data-widget_type=\"heading.default\">\n\t\t\t\t\t<h1 class=\"elementor-heading-title elementor-size-default\">Pol\u00edtica de Gest\u00e3o<\/h1>\t\t\t\t<\/div>\n\t\t\t\t<div class=\"elementor-element elementor-element-6c0d2d0 elementor-widget elementor-widget-heading\" data-id=\"6c0d2d0\" data-element_type=\"widget\" data-e-type=\"widget\" data-widget_type=\"heading.default\">\n\t\t\t\t\t<h2 class=\"elementor-heading-title elementor-size-default\">Col\u00e9gio Arquidiocesano de Ouro Branco<\/h2>\t\t\t\t<\/div>\n\t\t\t\t\t<\/div>\n\t\t\t\t<\/div>\n\t\t<div class=\"elementor-element elementor-element-3d0968a e-flex e-con-boxed e-con e-parent\" data-id=\"3d0968a\" data-element_type=\"container\" data-e-type=\"container\">\n\t\t\t\t\t<div class=\"e-con-inner\">\n\t\t\t\t<div class=\"elementor-element elementor-element-75bc3e2 elementor-widget elementor-widget-text-editor\" data-id=\"75bc3e2\" data-element_type=\"widget\" data-e-type=\"widget\" data-widget_type=\"text-editor.default\">\n\t\t\t\t\t\t\t\t\t<p>Em conson\u00e2ncia com a filosofia da sua Mantenedora \u2013 Funda\u00e7\u00e3o Marianense de Educa\u00e7\u00e3o \u2013 o Col\u00e9gio Arquidiocesano do Ouro Preto, por meio de uma pr\u00e1tica embasada em valores \u00e9ticos e na Gest\u00e3o Estrat\u00e9gica, define:<\/p><h5><br \/>Prop\u00f3sito:<\/h5><p>Educar para Transformar<\/p><h5><br \/>Miss\u00e3o:<\/h5><p>Promover, por meio de processos pedag\u00f3gicos e administrativos inovadores, uma educa\u00e7\u00e3o de refer\u00eancia, fundamentada no respeito \u00e0 vida, \u00e0 diversidade, em valores \u00e9ticos e crist\u00e3os, e comprometida com a forma\u00e7\u00e3o integral do ser humano.<\/p><h5><br \/>Vis\u00e3o:<\/h5><p>Ser uma institui\u00e7\u00e3o educacional reconhecida pela busca de excel\u00eancia em todos os n\u00edveis de ensino.<\/p><h5><br \/>Princ\u00edpios:<\/h5><ul><li>Valoriza\u00e7\u00e3o do ser humano respeitando as suas individualidades: nosso maior patrim\u00f4nio;<\/li><li>\u00c9tica e trabalho em equipe \u2013 premissas para o nosso desenvolvimento;<\/li><li>Transpar\u00eancia na execu\u00e7\u00e3o do Projeto Pol\u00edtico Pedag\u00f3gico;<\/li><li>Respeito \u00e0 vida e \u00e0 diversidade;<\/li><li>Refer\u00eancia e inova\u00e7\u00e3o em pr\u00e1ticas educativas;<\/li><li>Filantropia como compromisso social;<\/li><li>Integridade: coer\u00eancia com a miss\u00e3o \u00e0 qual nos propomos;<\/li><li>Transpar\u00eancia: clareza nas a\u00e7\u00f5es implementadas, para alcan\u00e7ar as finalidades educativas propostas, em prol de uma gest\u00e3o democr\u00e1tica e participativa;<\/li><li>Inova\u00e7\u00e3o: explora\u00e7\u00e3o com sucesso de novas pr\u00e1ticas educativas e tecnol\u00f3gicas.<\/li><\/ul><h5><br \/>Finalidades educativas para educandos e educadores:<\/h5><ul><li>Estimular o interesse em rela\u00e7\u00e3o \u00e0s diversas formas de linguagem do mundo contempor\u00e2neo, aprendendo a utiliz\u00e1-las cr\u00edtica e criativamente;<\/li><li>Desenvolver a capacidade de participar e agir em fun\u00e7\u00e3o do bem estar coletivo;<\/li><li>Aprender com as experi\u00eancias e viv\u00eancias do cotidiano;<\/li><li>Entender e respeitar as diferen\u00e7as culturais;<\/li><li>Desenvolver a capacidade de localizar, acessar, analisar, sintetizar e interpretar as informa\u00e7\u00f5es (dados, fatos e situa\u00e7\u00f5es);<\/li><li>Estimular a capacidade de planejar e trabalhar em equipe;<\/li><li>Motivar a aquisi\u00e7\u00e3o de habilidades para uma aprendizagem cont\u00ednua durante toda a vida;<\/li><li>Respeitar o ambiente, valorizando-o em seus aspectos: est\u00e9ticos, vitais e afetivos;<\/li><li>Assumir a responsabilidade de promover o bem comum.<\/li><\/ul>\t\t\t\t\t\t\t\t<\/div>\n\t\t\t\t\t<\/div>\n\t\t\t\t<\/div>\n\t\t\t\t<\/div>\n\t\t","protected":false},"excerpt":{"rendered":"<p>Pol\u00edtica de Gest\u00e3o Col\u00e9gio Arquidiocesano de Ouro Branco Em conson\u00e2ncia com a filosofia da sua Mantenedora \u2013 Funda\u00e7\u00e3o Marianense de Educa\u00e7\u00e3o \u2013 o Col\u00e9gio Arquidiocesano do Ouro Preto, por meio de uma pr\u00e1tica embasada em valores \u00e9ticos e na Gest\u00e3o Estrat\u00e9gica, define: Prop\u00f3sito: Educar para Transformar Miss\u00e3o: Promover, por meio de processos pedag\u00f3gicos e administrativos [&hellip;]<\/p>\n","protected":false},"author":1,"featured_media":0,"parent":316,"menu_order":0,"comment_status":"closed","ping_status":"closed","template":"","meta":{"inline_featured_image":false,"footnotes":""},"class_list":["post-213","page","type-page","status-publish","hentry"],"yoast_head":"<!-- This site is optimized with the Yoast SEO plugin v27.4 - https:\/\/yoast.com\/product\/yoast-seo-wordpress\/ -->\n<title>Pol\u00edtica de Gest\u00e3o - CAOB<\/title>\n<meta name=\"robots\" content=\"index, follow, max-snippet:-1, max-image-preview:large, max-video-preview:-1\" \/>\n<link rel=\"canonical\" href=\"https:\/\/arquidiocesano.com\/ourobranco\/instituicao\/politica-de-gestao\/\" \/>\n<meta property=\"og:locale\" content=\"pt_BR\" \/>\n<meta property=\"og:type\" content=\"article\" \/>\n<meta property=\"og:title\" content=\"Pol\u00edtica de Gest\u00e3o - CAOB\" \/>\n<meta property=\"og:description\" content=\"Pol\u00edtica de Gest\u00e3o Col\u00e9gio Arquidiocesano de Ouro Branco Em conson\u00e2ncia com a filosofia da sua Mantenedora \u2013 Funda\u00e7\u00e3o Marianense de Educa\u00e7\u00e3o \u2013 o Col\u00e9gio Arquidiocesano do Ouro Preto, por meio de uma pr\u00e1tica embasada em valores \u00e9ticos e na Gest\u00e3o Estrat\u00e9gica, define: Prop\u00f3sito: Educar para Transformar Miss\u00e3o: Promover, por meio de processos pedag\u00f3gicos e administrativos [&hellip;]\" \/>\n<meta property=\"og:url\" content=\"https:\/\/arquidiocesano.com\/ourobranco\/instituicao\/politica-de-gestao\/\" \/>\n<meta property=\"og:site_name\" content=\"CAOB\" \/>\n<meta property=\"article:publisher\" content=\"https:\/\/www.facebook.com\/CAOB2016\" \/>\n<meta property=\"article:modified_time\" content=\"2026-04-13T16:46:08+00:00\" \/>\n<meta name=\"twitter:card\" content=\"summary_large_image\" \/>\n<meta name=\"twitter:label1\" content=\"Est. tempo de leitura\" \/>\n\t<meta name=\"twitter:data1\" content=\"2 minutos\" \/>\n<script type=\"application\/ld+json\" class=\"yoast-schema-graph\">{\"@context\":\"https:\\\/\\\/schema.org\",\"@graph\":[{\"@type\":\"WebPage\",\"@id\":\"https:\\\/\\\/arquidiocesano.com\\\/ourobranco\\\/instituicao\\\/politica-de-gestao\\\/\",\"url\":\"https:\\\/\\\/arquidiocesano.com\\\/ourobranco\\\/instituicao\\\/politica-de-gestao\\\/\",\"name\":\"Pol\u00edtica de Gest\u00e3o - CAOB\",\"isPartOf\":{\"@id\":\"https:\\\/\\\/arquidiocesano.com\\\/ourobranco\\\/#website\"},\"datePublished\":\"2026-03-16T13:50:59+00:00\",\"dateModified\":\"2026-04-13T16:46:08+00:00\",\"breadcrumb\":{\"@id\":\"https:\\\/\\\/arquidiocesano.com\\\/ourobranco\\\/instituicao\\\/politica-de-gestao\\\/#breadcrumb\"},\"inLanguage\":\"pt-BR\",\"potentialAction\":[{\"@type\":\"ReadAction\",\"target\":[\"https:\\\/\\\/arquidiocesano.com\\\/ourobranco\\\/instituicao\\\/politica-de-gestao\\\/\"]}]},{\"@type\":\"BreadcrumbList\",\"@id\":\"https:\\\/\\\/arquidiocesano.com\\\/ourobranco\\\/instituicao\\\/politica-de-gestao\\\/#breadcrumb\",\"itemListElement\":[{\"@type\":\"ListItem\",\"position\":1,\"name\":\"In\u00edcio\",\"item\":\"https:\\\/\\\/arquidiocesano.com\\\/ourobranco\\\/\"},{\"@type\":\"ListItem\",\"position\":2,\"name\":\"Institui\u00e7\u00e3o\",\"item\":\"https:\\\/\\\/arquidiocesano.com\\\/ourobranco\\\/instituicao\\\/\"},{\"@type\":\"ListItem\",\"position\":3,\"name\":\"Pol\u00edtica de Gest\u00e3o\"}]},{\"@type\":\"WebSite\",\"@id\":\"https:\\\/\\\/arquidiocesano.com\\\/ourobranco\\\/#website\",\"url\":\"https:\\\/\\\/arquidiocesano.com\\\/ourobranco\\\/\",\"name\":\"CAOB\",\"description\":\"Col\u00e9gio Arquidiocesano de Ouro Branco\",\"publisher\":{\"@id\":\"https:\\\/\\\/arquidiocesano.com\\\/ourobranco\\\/#organization\"},\"potentialAction\":[{\"@type\":\"SearchAction\",\"target\":{\"@type\":\"EntryPoint\",\"urlTemplate\":\"https:\\\/\\\/arquidiocesano.com\\\/ourobranco\\\/?s={search_term_string}\"},\"query-input\":{\"@type\":\"PropertyValueSpecification\",\"valueRequired\":true,\"valueName\":\"search_term_string\"}}],\"inLanguage\":\"pt-BR\"},{\"@type\":\"Organization\",\"@id\":\"https:\\\/\\\/arquidiocesano.com\\\/ourobranco\\\/#organization\",\"name\":\"Col\u00e9gio Arquidiocesano de Ouro Branco\",\"url\":\"https:\\\/\\\/arquidiocesano.com\\\/ourobranco\\\/\",\"logo\":{\"@type\":\"ImageObject\",\"inLanguage\":\"pt-BR\",\"@id\":\"https:\\\/\\\/arquidiocesano.com\\\/ourobranco\\\/#\\\/schema\\\/logo\\\/image\\\/\",\"url\":\"https:\\\/\\\/arquidiocesano.com\\\/ourobranco\\\/wp-content\\\/uploads\\\/2026\\\/04\\\/caob-imagem-destacada.png\",\"contentUrl\":\"https:\\\/\\\/arquidiocesano.com\\\/ourobranco\\\/wp-content\\\/uploads\\\/2026\\\/04\\\/caob-imagem-destacada.png\",\"width\":1200,\"height\":1200,\"caption\":\"Col\u00e9gio Arquidiocesano de Ouro Branco\"},\"image\":{\"@id\":\"https:\\\/\\\/arquidiocesano.com\\\/ourobranco\\\/#\\\/schema\\\/logo\\\/image\\\/\"},\"sameAs\":[\"https:\\\/\\\/www.facebook.com\\\/CAOB2016\",\"https:\\\/\\\/www.instagram.com\\\/caobourobranco\\\/\"]}]}<\/script>\n<!-- \/ Yoast SEO plugin. -->","yoast_head_json":{"title":"Pol\u00edtica de Gest\u00e3o - CAOB","robots":{"index":"index","follow":"follow","max-snippet":"max-snippet:-1","max-image-preview":"max-image-preview:large","max-video-preview":"max-video-preview:-1"},"canonical":"https:\/\/arquidiocesano.com\/ourobranco\/instituicao\/politica-de-gestao\/","og_locale":"pt_BR","og_type":"article","og_title":"Pol\u00edtica de Gest\u00e3o - CAOB","og_description":"Pol\u00edtica de Gest\u00e3o Col\u00e9gio Arquidiocesano de Ouro Branco Em conson\u00e2ncia com a filosofia da sua Mantenedora \u2013 Funda\u00e7\u00e3o Marianense de Educa\u00e7\u00e3o \u2013 o Col\u00e9gio Arquidiocesano do Ouro Preto, por meio de uma pr\u00e1tica embasada em valores \u00e9ticos e na Gest\u00e3o Estrat\u00e9gica, define: Prop\u00f3sito: Educar para Transformar Miss\u00e3o: Promover, por meio de processos pedag\u00f3gicos e administrativos [&hellip;]","og_url":"https:\/\/arquidiocesano.com\/ourobranco\/instituicao\/politica-de-gestao\/","og_site_name":"CAOB","article_publisher":"https:\/\/www.facebook.com\/CAOB2016","article_modified_time":"2026-04-13T16:46:08+00:00","twitter_card":"summary_large_image","twitter_misc":{"Est. tempo de leitura":"2 minutos"},"schema":{"@context":"https:\/\/schema.org","@graph":[{"@type":"WebPage","@id":"https:\/\/arquidiocesano.com\/ourobranco\/instituicao\/politica-de-gestao\/","url":"https:\/\/arquidiocesano.com\/ourobranco\/instituicao\/politica-de-gestao\/","name":"Pol\u00edtica de Gest\u00e3o - CAOB","isPartOf":{"@id":"https:\/\/arquidiocesano.com\/ourobranco\/#website"},"datePublished":"2026-03-16T13:50:59+00:00","dateModified":"2026-04-13T16:46:08+00:00","breadcrumb":{"@id":"https:\/\/arquidiocesano.com\/ourobranco\/instituicao\/politica-de-gestao\/#breadcrumb"},"inLanguage":"pt-BR","potentialAction":[{"@type":"ReadAction","target":["https:\/\/arquidiocesano.com\/ourobranco\/instituicao\/politica-de-gestao\/"]}]},{"@type":"BreadcrumbList","@id":"https:\/\/arquidiocesano.com\/ourobranco\/instituicao\/politica-de-gestao\/#breadcrumb","itemListElement":[{"@type":"ListItem","position":1,"name":"In\u00edcio","item":"https:\/\/arquidiocesano.com\/ourobranco\/"},{"@type":"ListItem","position":2,"name":"Institui\u00e7\u00e3o","item":"https:\/\/arquidiocesano.com\/ourobranco\/instituicao\/"},{"@type":"ListItem","position":3,"name":"Pol\u00edtica de Gest\u00e3o"}]},{"@type":"WebSite","@id":"https:\/\/arquidiocesano.com\/ourobranco\/#website","url":"https:\/\/arquidiocesano.com\/ourobranco\/","name":"CAOB","description":"Col\u00e9gio Arquidiocesano de Ouro Branco","publisher":{"@id":"https:\/\/arquidiocesano.com\/ourobranco\/#organization"},"potentialAction":[{"@type":"SearchAction","target":{"@type":"EntryPoint","urlTemplate":"https:\/\/arquidiocesano.com\/ourobranco\/?s={search_term_string}"},"query-input":{"@type":"PropertyValueSpecification","valueRequired":true,"valueName":"search_term_string"}}],"inLanguage":"pt-BR"},{"@type":"Organization","@id":"https:\/\/arquidiocesano.com\/ourobranco\/#organization","name":"Col\u00e9gio Arquidiocesano de Ouro Branco","url":"https:\/\/arquidiocesano.com\/ourobranco\/","logo":{"@type":"ImageObject","inLanguage":"pt-BR","@id":"https:\/\/arquidiocesano.com\/ourobranco\/#\/schema\/logo\/image\/","url":"https:\/\/arquidiocesano.com\/ourobranco\/wp-content\/uploads\/2026\/04\/caob-imagem-destacada.png","contentUrl":"https:\/\/arquidiocesano.com\/ourobranco\/wp-content\/uploads\/2026\/04\/caob-imagem-destacada.png","width":1200,"height":1200,"caption":"Col\u00e9gio Arquidiocesano de Ouro Branco"},"image":{"@id":"https:\/\/arquidiocesano.com\/ourobranco\/#\/schema\/logo\/image\/"},"sameAs":["https:\/\/www.facebook.com\/CAOB2016","https:\/\/www.instagram.com\/caobourobranco\/"]}]}},"_links":{"self":[{"href":"https:\/\/arquidiocesano.com\/ourobranco\/wp-json\/wp\/v2\/pages\/213","targetHints":{"allow":["GET"]}}],"collection":[{"href":"https:\/\/arquidiocesano.com\/ourobranco\/wp-json\/wp\/v2\/pages"}],"about":[{"href":"https:\/\/arquidiocesano.com\/ourobranco\/wp-json\/wp\/v2\/types\/page"}],"author":[{"embeddable":true,"href":"https:\/\/arquidiocesano.com\/ourobranco\/wp-json\/wp\/v2\/users\/1"}],"replies":[{"embeddable":true,"href":"https:\/\/arquidiocesano.com\/ourobranco\/wp-json\/wp\/v2\/comments?post=213"}],"version-history":[{"count":100,"href":"https:\/\/arquidiocesano.com\/ourobranco\/wp-json\/wp\/v2\/pages\/213\/revisions"}],"predecessor-version":[{"id":2037,"href":"https:\/\/arquidiocesano.com\/ourobranco\/wp-json\/wp\/v2\/pages\/213\/revisions\/2037"}],"up":[{"embeddable":true,"href":"https:\/\/arquidiocesano.com\/ourobranco\/wp-json\/wp\/v2\/pages\/316"}],"wp:attachment":[{"href":"https:\/\/arquidiocesano.com\/ourobranco\/wp-json\/wp\/v2\/media?parent=213"}],"curies":[{"name":"wp","href":"https:\/\/api.w.org\/{rel}","templated":true}]}}