{"id":209,"date":"2026-03-16T10:50:44","date_gmt":"2026-03-16T13:50:44","guid":{"rendered":"https:\/\/arquidiocesano.com\/ourobranco\/?page_id=209"},"modified":"2026-04-13T10:40:39","modified_gmt":"2026-04-13T13:40:39","slug":"historia","status":"publish","type":"page","link":"https:\/\/arquidiocesano.com\/ourobranco\/instituicao\/historia\/","title":{"rendered":"Hist\u00f3ria"},"content":{"rendered":"\t\t<div data-elementor-type=\"wp-page\" data-elementor-id=\"209\" class=\"elementor elementor-209\" data-elementor-post-type=\"page\">\n\t\t\t\t<div class=\"elementor-element elementor-element-eabad5a e-flex e-con-boxed e-con e-parent\" data-id=\"eabad5a\" data-element_type=\"container\" data-e-type=\"container\" data-settings=\"{&quot;background_background&quot;:&quot;gradient&quot;}\">\n\t\t\t\t\t<div class=\"e-con-inner\">\n\t\t\t\t<div class=\"elementor-element elementor-element-8a6dddd elementor-align-center elementor-mobile-align-left elementor-widget elementor-widget-breadcrumbs\" data-id=\"8a6dddd\" data-element_type=\"widget\" data-e-type=\"widget\" data-widget_type=\"breadcrumbs.default\">\n\t\t\t\t\t<p id=\"breadcrumbs\"><span><span><a href=\"https:\/\/arquidiocesano.com\/ourobranco\/\">In\u00edcio<\/a><\/span><\/span><\/p>\t\t\t\t<\/div>\n\t\t\t\t<div class=\"elementor-element elementor-element-5aa4388 elementor-widget elementor-widget-heading\" data-id=\"5aa4388\" data-element_type=\"widget\" data-e-type=\"widget\" data-widget_type=\"heading.default\">\n\t\t\t\t\t<h1 class=\"elementor-heading-title elementor-size-default\">Hist\u00f3ria do CAOB<\/h1>\t\t\t\t<\/div>\n\t\t\t\t<div class=\"elementor-element elementor-element-35e7932 elementor-widget elementor-widget-heading\" data-id=\"35e7932\" data-element_type=\"widget\" data-e-type=\"widget\" data-widget_type=\"heading.default\">\n\t\t\t\t\t<h2 class=\"elementor-heading-title elementor-size-default\">Col\u00e9gio Arquidiocesano de Ouro Branco<\/h2>\t\t\t\t<\/div>\n\t\t\t\t\t<\/div>\n\t\t\t\t<\/div>\n\t\t<div class=\"elementor-element elementor-element-97579e5 e-flex e-con-boxed e-con e-parent\" data-id=\"97579e5\" data-element_type=\"container\" data-e-type=\"container\">\n\t\t\t\t\t<div class=\"e-con-inner\">\n\t\t\t\t<div class=\"elementor-element elementor-element-ed80eea elementor-widget elementor-widget-text-editor\" data-id=\"ed80eea\" data-element_type=\"widget\" data-e-type=\"widget\" data-widget_type=\"text-editor.default\">\n\t\t\t\t\t\t\t\t\t<p>Em 1976 foi criada, em Ouro Branco, a grande Ind\u00fastria de A\u00e7o: A\u00e7ominas. A popula\u00e7\u00e3o come\u00e7ou a crescer com a chegada das fam\u00edlias dos oper\u00e1rios. Era Arcebispo de Mariana, o saudoso, Dom Oscar de Oliveira e p\u00e1roco de Ouro Branco, Padre Vicente Louren\u00e7o Jacob. Na ocasi\u00e3o, o Prefeito da cidade era o Sr. Fernando de Oliveira e Silva.<\/p><p>Com o crescimento da cidade, sentindo-se a necessidade da cria\u00e7\u00e3o de um Col\u00e9gio Cat\u00f3lico, um grupo de pessoas dirigiu-se ao p\u00e1roco, para que esse interferisse junto ao Arcebispo, levando suas aspira\u00e7\u00f5es. Ao tomar conhecimento, Dom Oscar de Oliveira, juntamente com o Padre Vicente Louren\u00e7o Jacob, dirigiram-se ao Senhor Prefeito solicitando a doa\u00e7\u00e3o de uma \u00e1rea pertencente \u00e0 Prefeitura, no Bairro Pioneiros. Sensibilizado, o Prefeito tomou a causa e, no mesmo ano, foi feita a doa\u00e7\u00e3o de uma \u00e1rea suficiente para a constru\u00e7\u00e3o de um Col\u00e9gio.<\/p><p>Dom Oscar de Oliveira, logo no in\u00edcio, preocupou-se em procurar uma Congrega\u00e7\u00e3o Religiosa para dar suporte ao Col\u00e9gio. Ent\u00e3o a Congrega\u00e7\u00e3o das Pequenas Irm\u00e3s da Divina Provid\u00eancia, se colocou \u00e0 disposi\u00e7\u00e3o aceitando estabelecer em Ouro Branco. Vieram juntar-se \u00e0 equipe a Irm\u00e3 Margarida Ferreira, Irm\u00e3 Concei\u00e7\u00e3o Cunha e Irm\u00e3 Maria Isabel de Faria.<\/p><p>Nesse tempo, de implanta\u00e7\u00e3o da A\u00e7ominas, Dom Oscar aposentou-se e foi eleito para o pastoreio da Arquidiocese Dom Luciano Pedro Mendes de Almeida. Este, ao tomar conhecimento da exist\u00eancia do projeto de Dom Oscar de Oliveira, deu continuidade interessando-se pela constru\u00e7\u00e3o do Col\u00e9gio. As obras tiveram in\u00edcio em 1989. Tr\u00eas anos depois, estava pronto o primeiro bloco e foram tomadas as devidas provid\u00eancias legais para a cria\u00e7\u00e3o do Col\u00e9gio, com implanta\u00e7\u00e3o da Educa\u00e7\u00e3o Infantil e 1\u00aa s\u00e9rie do Ensino Fundamental.<\/p><p>Em 9 de fevereiro de 1992, foi inaugurado o Col\u00e9gio, com grande alegria da popula\u00e7\u00e3o. O primeiro diretor foi o Padre Vicente Louren\u00e7o Jacob, que sentindo a necessidade de um trabalho integrado, procurou o Sr. Padre Ant\u00f4nio S\u00e9rgio Palombo de Magalh\u00e3es, Superintendente do ent\u00e3o Sistema Arquidiocesano de Ensino de Belo Horizonte, que atendendo seu pedido foi feita a parceria, com o Col\u00e9gio.<\/p><p>Os anos passaram, o Col\u00e9gio cresceu e hoje conta com a Educa\u00e7\u00e3o Infantil, Ensino Fundamental e Ensino M\u00e9dio. Com uma equipe de profissionais, altamente preparados, o Col\u00e9gio continua sua trajet\u00f3ria.<\/p><p>O estabelecimento tem como entidade mantenedora a Funda\u00e7\u00e3o Marianense de Educa\u00e7\u00e3o, com personalidade jur\u00eddica devidamente registrada, no Cart\u00f3rio, de Registro de Sociedades Civis da Comarca de Mariana-MG, sob o n\u00ba 1.572, de 01\/09\/77 &#8211; Processo n\u00ba 257.252\/77.<\/p><p>O estabelecimento est\u00e1 autorizado a ministrar o ensino de Educa\u00e7\u00e3o Infantil pela Resolu\u00e7\u00e3o SEE n\u00ba 6.900, de 23\/10\/91; o Ensino Fundamental (1\u00ba ao 9\u00ba ano) pela Portaria SEE n\u00ba 1.042\/97, de 08\/07\/97, o Ensino M\u00e9dio \u00e9 reconhecido pela Portaria SEE n\u00ba699\/2000.<\/p>\t\t\t\t\t\t\t\t<\/div>\n\t\t\t\t\t<\/div>\n\t\t\t\t<\/div>\n\t\t\t\t<\/div>\n\t\t","protected":false},"excerpt":{"rendered":"<p>Hist\u00f3ria do CAOB Col\u00e9gio Arquidiocesano de Ouro Branco Em 1976 foi criada, em Ouro Branco, a grande Ind\u00fastria de A\u00e7o: A\u00e7ominas. A popula\u00e7\u00e3o come\u00e7ou a crescer com a chegada das fam\u00edlias dos oper\u00e1rios. Era Arcebispo de Mariana, o saudoso, Dom Oscar de Oliveira e p\u00e1roco de Ouro Branco, Padre Vicente Louren\u00e7o Jacob. Na ocasi\u00e3o, o [&hellip;]<\/p>\n","protected":false},"author":1,"featured_media":0,"parent":316,"menu_order":0,"comment_status":"closed","ping_status":"closed","template":"","meta":{"inline_featured_image":false,"footnotes":""},"class_list":["post-209","page","type-page","status-publish","hentry"],"yoast_head":"<!-- This site is optimized with the Yoast SEO plugin v27.4 - https:\/\/yoast.com\/product\/yoast-seo-wordpress\/ -->\n<title>Hist\u00f3ria - CAOB<\/title>\n<meta name=\"robots\" content=\"index, follow, max-snippet:-1, max-image-preview:large, max-video-preview:-1\" \/>\n<link rel=\"canonical\" href=\"https:\/\/arquidiocesano.com\/ourobranco\/instituicao\/historia\/\" \/>\n<meta property=\"og:locale\" content=\"pt_BR\" \/>\n<meta property=\"og:type\" content=\"article\" \/>\n<meta property=\"og:title\" content=\"Hist\u00f3ria - CAOB\" \/>\n<meta property=\"og:description\" content=\"Hist\u00f3ria do CAOB Col\u00e9gio Arquidiocesano de Ouro Branco Em 1976 foi criada, em Ouro Branco, a grande Ind\u00fastria de A\u00e7o: A\u00e7ominas. A popula\u00e7\u00e3o come\u00e7ou a crescer com a chegada das fam\u00edlias dos oper\u00e1rios. Era Arcebispo de Mariana, o saudoso, Dom Oscar de Oliveira e p\u00e1roco de Ouro Branco, Padre Vicente Louren\u00e7o Jacob. Na ocasi\u00e3o, o [&hellip;]\" \/>\n<meta property=\"og:url\" content=\"https:\/\/arquidiocesano.com\/ourobranco\/instituicao\/historia\/\" \/>\n<meta property=\"og:site_name\" content=\"CAOB\" \/>\n<meta property=\"article:publisher\" content=\"https:\/\/www.facebook.com\/CAOB2016\" \/>\n<meta property=\"article:modified_time\" content=\"2026-04-13T13:40:39+00:00\" \/>\n<meta name=\"twitter:card\" content=\"summary_large_image\" \/>\n<meta name=\"twitter:label1\" content=\"Est. tempo de leitura\" \/>\n\t<meta name=\"twitter:data1\" content=\"3 minutos\" \/>\n<script type=\"application\/ld+json\" class=\"yoast-schema-graph\">{\"@context\":\"https:\\\/\\\/schema.org\",\"@graph\":[{\"@type\":\"WebPage\",\"@id\":\"https:\\\/\\\/arquidiocesano.com\\\/ourobranco\\\/instituicao\\\/historia\\\/\",\"url\":\"https:\\\/\\\/arquidiocesano.com\\\/ourobranco\\\/instituicao\\\/historia\\\/\",\"name\":\"Hist\u00f3ria - CAOB\",\"isPartOf\":{\"@id\":\"https:\\\/\\\/arquidiocesano.com\\\/ourobranco\\\/#website\"},\"datePublished\":\"2026-03-16T13:50:44+00:00\",\"dateModified\":\"2026-04-13T13:40:39+00:00\",\"breadcrumb\":{\"@id\":\"https:\\\/\\\/arquidiocesano.com\\\/ourobranco\\\/instituicao\\\/historia\\\/#breadcrumb\"},\"inLanguage\":\"pt-BR\",\"potentialAction\":[{\"@type\":\"ReadAction\",\"target\":[\"https:\\\/\\\/arquidiocesano.com\\\/ourobranco\\\/instituicao\\\/historia\\\/\"]}]},{\"@type\":\"BreadcrumbList\",\"@id\":\"https:\\\/\\\/arquidiocesano.com\\\/ourobranco\\\/instituicao\\\/historia\\\/#breadcrumb\",\"itemListElement\":[{\"@type\":\"ListItem\",\"position\":1,\"name\":\"In\u00edcio\",\"item\":\"https:\\\/\\\/arquidiocesano.com\\\/ourobranco\\\/\"},{\"@type\":\"ListItem\",\"position\":2,\"name\":\"Institui\u00e7\u00e3o\",\"item\":\"https:\\\/\\\/arquidiocesano.com\\\/ourobranco\\\/instituicao\\\/\"},{\"@type\":\"ListItem\",\"position\":3,\"name\":\"Hist\u00f3ria\"}]},{\"@type\":\"WebSite\",\"@id\":\"https:\\\/\\\/arquidiocesano.com\\\/ourobranco\\\/#website\",\"url\":\"https:\\\/\\\/arquidiocesano.com\\\/ourobranco\\\/\",\"name\":\"CAOB\",\"description\":\"Col\u00e9gio Arquidiocesano de Ouro Branco\",\"publisher\":{\"@id\":\"https:\\\/\\\/arquidiocesano.com\\\/ourobranco\\\/#organization\"},\"potentialAction\":[{\"@type\":\"SearchAction\",\"target\":{\"@type\":\"EntryPoint\",\"urlTemplate\":\"https:\\\/\\\/arquidiocesano.com\\\/ourobranco\\\/?s={search_term_string}\"},\"query-input\":{\"@type\":\"PropertyValueSpecification\",\"valueRequired\":true,\"valueName\":\"search_term_string\"}}],\"inLanguage\":\"pt-BR\"},{\"@type\":\"Organization\",\"@id\":\"https:\\\/\\\/arquidiocesano.com\\\/ourobranco\\\/#organization\",\"name\":\"Col\u00e9gio Arquidiocesano de Ouro Branco\",\"url\":\"https:\\\/\\\/arquidiocesano.com\\\/ourobranco\\\/\",\"logo\":{\"@type\":\"ImageObject\",\"inLanguage\":\"pt-BR\",\"@id\":\"https:\\\/\\\/arquidiocesano.com\\\/ourobranco\\\/#\\\/schema\\\/logo\\\/image\\\/\",\"url\":\"https:\\\/\\\/arquidiocesano.com\\\/ourobranco\\\/wp-content\\\/uploads\\\/2026\\\/04\\\/caob-imagem-destacada.png\",\"contentUrl\":\"https:\\\/\\\/arquidiocesano.com\\\/ourobranco\\\/wp-content\\\/uploads\\\/2026\\\/04\\\/caob-imagem-destacada.png\",\"width\":1200,\"height\":1200,\"caption\":\"Col\u00e9gio Arquidiocesano de Ouro Branco\"},\"image\":{\"@id\":\"https:\\\/\\\/arquidiocesano.com\\\/ourobranco\\\/#\\\/schema\\\/logo\\\/image\\\/\"},\"sameAs\":[\"https:\\\/\\\/www.facebook.com\\\/CAOB2016\",\"https:\\\/\\\/www.instagram.com\\\/caobourobranco\\\/\"]}]}<\/script>\n<!-- \/ Yoast SEO plugin. -->","yoast_head_json":{"title":"Hist\u00f3ria - CAOB","robots":{"index":"index","follow":"follow","max-snippet":"max-snippet:-1","max-image-preview":"max-image-preview:large","max-video-preview":"max-video-preview:-1"},"canonical":"https:\/\/arquidiocesano.com\/ourobranco\/instituicao\/historia\/","og_locale":"pt_BR","og_type":"article","og_title":"Hist\u00f3ria - CAOB","og_description":"Hist\u00f3ria do CAOB Col\u00e9gio Arquidiocesano de Ouro Branco Em 1976 foi criada, em Ouro Branco, a grande Ind\u00fastria de A\u00e7o: A\u00e7ominas. A popula\u00e7\u00e3o come\u00e7ou a crescer com a chegada das fam\u00edlias dos oper\u00e1rios. Era Arcebispo de Mariana, o saudoso, Dom Oscar de Oliveira e p\u00e1roco de Ouro Branco, Padre Vicente Louren\u00e7o Jacob. Na ocasi\u00e3o, o [&hellip;]","og_url":"https:\/\/arquidiocesano.com\/ourobranco\/instituicao\/historia\/","og_site_name":"CAOB","article_publisher":"https:\/\/www.facebook.com\/CAOB2016","article_modified_time":"2026-04-13T13:40:39+00:00","twitter_card":"summary_large_image","twitter_misc":{"Est. tempo de leitura":"3 minutos"},"schema":{"@context":"https:\/\/schema.org","@graph":[{"@type":"WebPage","@id":"https:\/\/arquidiocesano.com\/ourobranco\/instituicao\/historia\/","url":"https:\/\/arquidiocesano.com\/ourobranco\/instituicao\/historia\/","name":"Hist\u00f3ria - CAOB","isPartOf":{"@id":"https:\/\/arquidiocesano.com\/ourobranco\/#website"},"datePublished":"2026-03-16T13:50:44+00:00","dateModified":"2026-04-13T13:40:39+00:00","breadcrumb":{"@id":"https:\/\/arquidiocesano.com\/ourobranco\/instituicao\/historia\/#breadcrumb"},"inLanguage":"pt-BR","potentialAction":[{"@type":"ReadAction","target":["https:\/\/arquidiocesano.com\/ourobranco\/instituicao\/historia\/"]}]},{"@type":"BreadcrumbList","@id":"https:\/\/arquidiocesano.com\/ourobranco\/instituicao\/historia\/#breadcrumb","itemListElement":[{"@type":"ListItem","position":1,"name":"In\u00edcio","item":"https:\/\/arquidiocesano.com\/ourobranco\/"},{"@type":"ListItem","position":2,"name":"Institui\u00e7\u00e3o","item":"https:\/\/arquidiocesano.com\/ourobranco\/instituicao\/"},{"@type":"ListItem","position":3,"name":"Hist\u00f3ria"}]},{"@type":"WebSite","@id":"https:\/\/arquidiocesano.com\/ourobranco\/#website","url":"https:\/\/arquidiocesano.com\/ourobranco\/","name":"CAOB","description":"Col\u00e9gio Arquidiocesano de Ouro Branco","publisher":{"@id":"https:\/\/arquidiocesano.com\/ourobranco\/#organization"},"potentialAction":[{"@type":"SearchAction","target":{"@type":"EntryPoint","urlTemplate":"https:\/\/arquidiocesano.com\/ourobranco\/?s={search_term_string}"},"query-input":{"@type":"PropertyValueSpecification","valueRequired":true,"valueName":"search_term_string"}}],"inLanguage":"pt-BR"},{"@type":"Organization","@id":"https:\/\/arquidiocesano.com\/ourobranco\/#organization","name":"Col\u00e9gio Arquidiocesano de Ouro Branco","url":"https:\/\/arquidiocesano.com\/ourobranco\/","logo":{"@type":"ImageObject","inLanguage":"pt-BR","@id":"https:\/\/arquidiocesano.com\/ourobranco\/#\/schema\/logo\/image\/","url":"https:\/\/arquidiocesano.com\/ourobranco\/wp-content\/uploads\/2026\/04\/caob-imagem-destacada.png","contentUrl":"https:\/\/arquidiocesano.com\/ourobranco\/wp-content\/uploads\/2026\/04\/caob-imagem-destacada.png","width":1200,"height":1200,"caption":"Col\u00e9gio Arquidiocesano de Ouro Branco"},"image":{"@id":"https:\/\/arquidiocesano.com\/ourobranco\/#\/schema\/logo\/image\/"},"sameAs":["https:\/\/www.facebook.com\/CAOB2016","https:\/\/www.instagram.com\/caobourobranco\/"]}]}},"_links":{"self":[{"href":"https:\/\/arquidiocesano.com\/ourobranco\/wp-json\/wp\/v2\/pages\/209","targetHints":{"allow":["GET"]}}],"collection":[{"href":"https:\/\/arquidiocesano.com\/ourobranco\/wp-json\/wp\/v2\/pages"}],"about":[{"href":"https:\/\/arquidiocesano.com\/ourobranco\/wp-json\/wp\/v2\/types\/page"}],"author":[{"embeddable":true,"href":"https:\/\/arquidiocesano.com\/ourobranco\/wp-json\/wp\/v2\/users\/1"}],"replies":[{"embeddable":true,"href":"https:\/\/arquidiocesano.com\/ourobranco\/wp-json\/wp\/v2\/comments?post=209"}],"version-history":[{"count":151,"href":"https:\/\/arquidiocesano.com\/ourobranco\/wp-json\/wp\/v2\/pages\/209\/revisions"}],"predecessor-version":[{"id":1775,"href":"https:\/\/arquidiocesano.com\/ourobranco\/wp-json\/wp\/v2\/pages\/209\/revisions\/1775"}],"up":[{"embeddable":true,"href":"https:\/\/arquidiocesano.com\/ourobranco\/wp-json\/wp\/v2\/pages\/316"}],"wp:attachment":[{"href":"https:\/\/arquidiocesano.com\/ourobranco\/wp-json\/wp\/v2\/media?parent=209"}],"curies":[{"name":"wp","href":"https:\/\/api.w.org\/{rel}","templated":true}]}}