{"id":1559,"date":"2026-04-10T11:21:04","date_gmt":"2026-04-10T14:21:04","guid":{"rendered":"https:\/\/arquidiocesano.com\/ourobranco\/?page_id=1559"},"modified":"2026-04-10T13:39:09","modified_gmt":"2026-04-10T16:39:09","slug":"alunos-com-necessidades-especiais","status":"publish","type":"page","link":"https:\/\/arquidiocesano.com\/ourobranco\/pedagogico\/processo-avaliativo\/alunos-com-necessidades-especiais\/","title":{"rendered":"Alunos com Necessidades Especiais"},"content":{"rendered":"\t\t<div data-elementor-type=\"wp-page\" data-elementor-id=\"1559\" class=\"elementor elementor-1559\" data-elementor-post-type=\"page\">\n\t\t\t\t<div class=\"elementor-element elementor-element-9c7cf0d e-flex e-con-boxed e-con e-parent\" data-id=\"9c7cf0d\" data-element_type=\"container\" data-e-type=\"container\" data-settings=\"{&quot;background_background&quot;:&quot;gradient&quot;}\">\n\t\t\t\t\t<div class=\"e-con-inner\">\n\t\t\t\t<div class=\"elementor-element elementor-element-160b867 elementor-align-center elementor-mobile-align-left elementor-widget elementor-widget-breadcrumbs\" data-id=\"160b867\" data-element_type=\"widget\" data-e-type=\"widget\" data-widget_type=\"breadcrumbs.default\">\n\t\t\t\t\t<p id=\"breadcrumbs\"><span><span><a href=\"https:\/\/arquidiocesano.com\/ourobranco\/\">In\u00edcio<\/a><\/span><\/span><\/p>\t\t\t\t<\/div>\n\t\t\t\t<div class=\"elementor-element elementor-element-03d9075 elementor-widget elementor-widget-heading\" data-id=\"03d9075\" data-element_type=\"widget\" data-e-type=\"widget\" data-widget_type=\"heading.default\">\n\t\t\t\t\t<h1 class=\"elementor-heading-title elementor-size-default\">Alunos com Necessidades Especiais<\/h1>\t\t\t\t<\/div>\n\t\t\t\t<div class=\"elementor-element elementor-element-117c204 elementor-widget elementor-widget-heading\" data-id=\"117c204\" data-element_type=\"widget\" data-e-type=\"widget\" data-widget_type=\"heading.default\">\n\t\t\t\t\t<h2 class=\"elementor-heading-title elementor-size-default\">Col\u00e9gio Arquidiocesano de Ouro Branco<\/h2>\t\t\t\t<\/div>\n\t\t\t\t\t<\/div>\n\t\t\t\t<\/div>\n\t\t<div class=\"elementor-element elementor-element-5328352 e-flex e-con-boxed e-con e-parent\" data-id=\"5328352\" data-element_type=\"container\" data-e-type=\"container\">\n\t\t\t\t\t<div class=\"e-con-inner\">\n\t\t\t\t<div class=\"elementor-element elementor-element-caee52a elementor-widget elementor-widget-text-editor\" data-id=\"caee52a\" data-element_type=\"widget\" data-e-type=\"widget\" data-widget_type=\"text-editor.default\">\n\t\t\t\t\t\t\t\t\t<p>Os educandos com defici\u00eancia (intelectual, f\u00edsica, auditiva, visual e m\u00faltipla), Transtorno Global do Desenvolvimento (TGD) e altas habilidades\/superdota\u00e7\u00e3o receber\u00e3o tratamento diferenciado, de acordo com as pr\u00f3prias necessidades, garantidos pela Lei\u00a0<strong>n.\u00ba 13.146<\/strong>, de 06 de julho de 2015, que trata da Inclus\u00e3o da pessoa com defici\u00eancia.<\/p><p>O processo de avalia\u00e7\u00e3o envolve, necessariamente, a pol\u00edtica educacional vigente, os compromissos assumidos no Plano de Desenvolvimento Individual \u2013 PDI e no Projeto Pol\u00edtico Pedag\u00f3gico \u2013 PPP, a atua\u00e7\u00e3o do(a) professor(a), sua intera\u00e7\u00e3o com os(as) alunos(as), o ambiente f\u00edsico da sala de aula, os recursos instrucionais e metodol\u00f3gicos dispon\u00edveis, todas as rela\u00e7\u00f5es que se desencadeiam no contexto escolar, al\u00e9m da fam\u00edlia e dos(as) pr\u00f3prios(as) alunos(as) como sujeitos do processo.<\/p><h5><br \/>Da Educa\u00e7\u00e3o Infantil ao 1\u00ba \u00a0Ano do Ensino Fundamental<\/h5><p>O Processo Avaliativo para crian\u00e7as com Necessidades Educativas Especiais- NEE considerar\u00e1 o desempenho da crian\u00e7a, pr\u00e9-disposi\u00e7\u00e3o e empenho em solucionar problemas propostos, diagnosticando, assim, avan\u00e7os e dificuldades.<\/p><p>A avalia\u00e7\u00e3o basear-se-\u00e1 em dois pressupostos:<\/p><ul><li>Observa\u00e7\u00e3o atenta e minuciosa sobre as manifesta\u00e7\u00f5es que sinalizam as Necessidades Educacionais Especiais do(a) aluno(a), registros dos avan\u00e7os de cada crian\u00e7a com NEE, utilizando, inclusive,como recursos, fotos e filmagens, de acordo com o tipo de dificuldade ou defici\u00eancia que este(esta) apresente.<\/li><li>Reflex\u00e3o sobre o significado das manifesta\u00e7\u00f5es do(a) aluno(a) com NEE, em rela\u00e7\u00e3o \u00e0 evolu\u00e7\u00e3o cognitiva e atitudinal.<\/li><\/ul><h5><br \/>Do 2\u00ba Ano do Ensino Fundamental ao Ensino M\u00e9dio<\/h5><p>O Processo Avaliativo para o(a) aluno(a) de inclus\u00e3o do 2\u00ba Ano do Ensino Fundamental \u2013 Anos Iniciais ao Ensino M\u00e9dio considerar\u00e1 o desempenho da crian\u00e7a e do jovem, pautando-se em:<\/p><ul><li>Observa\u00e7\u00e3o, registro e reflex\u00e3o acerca do pensamento e da a\u00e7\u00e3o do educando. O(A) professor(a) dever\u00e1 ter um olhar diferenciado para o(a) aluno(a) de inclus\u00e3o de forma individualizada e colaborativa, contemplando as habilidades e dificuldades no aprendizado individual e em grupo.<\/li><li>Uso de v\u00e1rios instrumentos de avalia\u00e7\u00e3o sintonizados com os objetivos tra\u00e7ados para cada aluno(a) de inclus\u00e3o e com necessidades dos est\u00e1gios subsequentes.<\/li><li>Considera\u00e7\u00e3o do processo de aprendizagem e dos aspectos atitudinais demonstrados pelo(a) aluno(a) de inclus\u00e3o, respeitando as necessidades e dificuldades de cada um.<\/li><\/ul><h5><br \/>Recupera\u00e7\u00e3o de Etapa<\/h5><p>Ap\u00f3s o t\u00e9rmino de cada etapa, de acordo com a avalia\u00e7\u00e3o do(a) professor(a), o(a) aluno(a) com necessidades especiais poder\u00e1 ser convocado para a realiza\u00e7\u00e3o da Recupera\u00e7\u00e3o de Etapa.<\/p><p>A mudan\u00e7a de nota \u00e9 relativa aos pontos distribu\u00eddos na etapa, diante da realiza\u00e7\u00e3o de uma\u00a0<strong>Avalia\u00e7\u00e3o Individual de Recupera\u00e7\u00e3o (AIR), adaptada e\/ou concess\u00e3o de um tempo maior para execu\u00e7\u00e3o da mesma,\u00a0<\/strong>no valor de 24,0 pontos na 1\u00aa Etapa Letiva, adicionada \u00e0 nota da Avalia\u00e7\u00e3o Coletiva (AC), correspondente ao valor de 6,0 pontos ;\u00a0 e 27,0 pontos na 2\u00aa e 3\u00aa Etapas, adicionada \u00e0 nota da Avalia\u00e7\u00e3o Coletiva (AC), correspondente ao valor de 8,0 pontos.<\/p><p><strong>O resultado obtido seguir\u00e1 os seguintes crit\u00e9rios (Avalia\u00e7\u00e3o Individual de Recupera\u00e7\u00e3o):<\/strong><\/p><ul><li>Nota de Avalia\u00e7\u00e3o Individual de Recupera\u00e7\u00e3o (AIR) + Avalia\u00e7\u00e3o Coletiva (AC) &gt; Nota de Etapa = Nota de Avalia\u00e7\u00e3o Individual de Recupera\u00e7\u00e3o (AIR) + Avalia\u00e7\u00e3o Coletiva (AC)<\/li><li>Nota de Avalia\u00e7\u00e3o Individual de Recupera\u00e7\u00e3o (AIR) + Avalia\u00e7\u00e3o Coletiva (AC) &lt; Nota de Etapa = Nota de Etapa<\/li><\/ul><p>O(a) aluno(a) dever\u00e1 realizar a Recupera\u00e7\u00e3o com um profissional da Equipe de\u00a0<strong>Atendimento Educacional Especializado \u2013 AEE<\/strong>, para interven\u00e7\u00e3o e media\u00e7\u00e3o pedag\u00f3gica.<\/p><p>Para efeito de Registro Escolar, na 1.\u00aa e 2.\u00aa Etapas Letivas, o(a) aluno(a) ter\u00e1 direito a 80% do valor total da Etapa e na 3.\u00aa Etapa,\u00a0 ter\u00e1 direito a 100%.<\/p><p>N\u00e3o haver\u00e1 Segunda Chamada de\u00a0<strong>Avalia\u00e7\u00e3o Individual de Recupera\u00e7\u00e3o<\/strong>\u00a0de Etapa Letiva.<\/p><h5><br \/>Recupera\u00e7\u00e3o Final<\/h5><p>O(a) aluno(a) de inclus\u00e3o n\u00e3o realizar\u00e1 a Recupera\u00e7\u00e3o Final, uma vez que a avalia\u00e7\u00e3o \u00e9 processual e cont\u00ednua.<\/p><p>A avalia\u00e7\u00e3o ser\u00e1 realizada por meio da an\u00e1lise de todo processo ensino-aprendizagem pela Equipe T\u00e9cnico-Pedag\u00f3gica, Professor(a), Orientador(a) Educacional, Profissional do AEE e Especialistas (caso haja).<\/p><p>A promo\u00e7\u00e3o ser\u00e1 justificada por meio de relat\u00f3rio elaborado e assinado por todos os envolvidos no processo educativo do(a) aluno(a) em quest\u00e3o.<\/p><h5><br \/>Classifica\u00e7\u00e3o do Aluno com NEE<\/h5><p>O(A) aluno(a) poder\u00e1 ser classificado(a) pela escola a partir do 2\u00ba ano do Ensino Fundamental- Anos Iniciais ao Ensino M\u00e9dio, observando as Necessidades Educacionais Especiais. Essa classifica\u00e7\u00e3o obedecer\u00e1 alguns crit\u00e9rios como: desenvolvimento cognitivo, psicossocial e fisiol\u00f3gico.<\/p>\t\t\t\t\t\t\t\t<\/div>\n\t\t\t\t\t<\/div>\n\t\t\t\t<\/div>\n\t\t\t\t<\/div>\n\t\t","protected":false},"excerpt":{"rendered":"<p>Alunos com Necessidades Especiais Col\u00e9gio Arquidiocesano de Ouro Branco Os educandos com defici\u00eancia (intelectual, f\u00edsica, auditiva, visual e m\u00faltipla), Transtorno Global do Desenvolvimento (TGD) e altas habilidades\/superdota\u00e7\u00e3o receber\u00e3o tratamento diferenciado, de acordo com as pr\u00f3prias necessidades, garantidos pela Lei\u00a0n.\u00ba 13.146, de 06 de julho de 2015, que trata da Inclus\u00e3o da pessoa com defici\u00eancia. O [&hellip;]<\/p>\n","protected":false},"author":1,"featured_media":0,"parent":1549,"menu_order":0,"comment_status":"closed","ping_status":"closed","template":"","meta":{"inline_featured_image":false,"footnotes":""},"class_list":["post-1559","page","type-page","status-publish","hentry"],"yoast_head":"<!-- This site is optimized with the Yoast SEO plugin v27.4 - https:\/\/yoast.com\/product\/yoast-seo-wordpress\/ -->\n<title>Alunos com Necessidades Especiais - CAOB<\/title>\n<meta name=\"robots\" content=\"index, follow, max-snippet:-1, max-image-preview:large, max-video-preview:-1\" \/>\n<link rel=\"canonical\" href=\"https:\/\/arquidiocesano.com\/ourobranco\/pedagogico\/processo-avaliativo\/alunos-com-necessidades-especiais\/\" \/>\n<meta property=\"og:locale\" content=\"pt_BR\" \/>\n<meta property=\"og:type\" content=\"article\" \/>\n<meta property=\"og:title\" content=\"Alunos com Necessidades Especiais - CAOB\" \/>\n<meta property=\"og:description\" content=\"Alunos com Necessidades Especiais Col\u00e9gio Arquidiocesano de Ouro Branco Os educandos com defici\u00eancia (intelectual, f\u00edsica, auditiva, visual e m\u00faltipla), Transtorno Global do Desenvolvimento (TGD) e altas habilidades\/superdota\u00e7\u00e3o receber\u00e3o tratamento diferenciado, de acordo com as pr\u00f3prias necessidades, garantidos pela Lei\u00a0n.\u00ba 13.146, de 06 de julho de 2015, que trata da Inclus\u00e3o da pessoa com defici\u00eancia. O [&hellip;]\" \/>\n<meta property=\"og:url\" content=\"https:\/\/arquidiocesano.com\/ourobranco\/pedagogico\/processo-avaliativo\/alunos-com-necessidades-especiais\/\" \/>\n<meta property=\"og:site_name\" content=\"CAOB\" \/>\n<meta property=\"article:publisher\" content=\"https:\/\/www.facebook.com\/CAOB2016\" \/>\n<meta property=\"article:modified_time\" content=\"2026-04-10T16:39:09+00:00\" \/>\n<meta name=\"twitter:card\" content=\"summary_large_image\" \/>\n<meta name=\"twitter:label1\" content=\"Est. tempo de leitura\" \/>\n\t<meta name=\"twitter:data1\" content=\"4 minutos\" \/>\n<script type=\"application\/ld+json\" class=\"yoast-schema-graph\">{\"@context\":\"https:\\\/\\\/schema.org\",\"@graph\":[{\"@type\":\"WebPage\",\"@id\":\"https:\\\/\\\/arquidiocesano.com\\\/ourobranco\\\/pedagogico\\\/processo-avaliativo\\\/alunos-com-necessidades-especiais\\\/\",\"url\":\"https:\\\/\\\/arquidiocesano.com\\\/ourobranco\\\/pedagogico\\\/processo-avaliativo\\\/alunos-com-necessidades-especiais\\\/\",\"name\":\"Alunos com Necessidades Especiais - CAOB\",\"isPartOf\":{\"@id\":\"https:\\\/\\\/arquidiocesano.com\\\/ourobranco\\\/#website\"},\"datePublished\":\"2026-04-10T14:21:04+00:00\",\"dateModified\":\"2026-04-10T16:39:09+00:00\",\"breadcrumb\":{\"@id\":\"https:\\\/\\\/arquidiocesano.com\\\/ourobranco\\\/pedagogico\\\/processo-avaliativo\\\/alunos-com-necessidades-especiais\\\/#breadcrumb\"},\"inLanguage\":\"pt-BR\",\"potentialAction\":[{\"@type\":\"ReadAction\",\"target\":[\"https:\\\/\\\/arquidiocesano.com\\\/ourobranco\\\/pedagogico\\\/processo-avaliativo\\\/alunos-com-necessidades-especiais\\\/\"]}]},{\"@type\":\"BreadcrumbList\",\"@id\":\"https:\\\/\\\/arquidiocesano.com\\\/ourobranco\\\/pedagogico\\\/processo-avaliativo\\\/alunos-com-necessidades-especiais\\\/#breadcrumb\",\"itemListElement\":[{\"@type\":\"ListItem\",\"position\":1,\"name\":\"In\u00edcio\",\"item\":\"https:\\\/\\\/arquidiocesano.com\\\/ourobranco\\\/\"},{\"@type\":\"ListItem\",\"position\":2,\"name\":\"Pedag\u00f3gico\",\"item\":\"https:\\\/\\\/arquidiocesano.com\\\/ourobranco\\\/pedagogico\\\/\"},{\"@type\":\"ListItem\",\"position\":3,\"name\":\"Processo Avaliativo\",\"item\":\"https:\\\/\\\/arquidiocesano.com\\\/ourobranco\\\/pedagogico\\\/processo-avaliativo\\\/\"},{\"@type\":\"ListItem\",\"position\":4,\"name\":\"Alunos com Necessidades Especiais\"}]},{\"@type\":\"WebSite\",\"@id\":\"https:\\\/\\\/arquidiocesano.com\\\/ourobranco\\\/#website\",\"url\":\"https:\\\/\\\/arquidiocesano.com\\\/ourobranco\\\/\",\"name\":\"CAOB\",\"description\":\"Col\u00e9gio Arquidiocesano de Ouro Branco\",\"publisher\":{\"@id\":\"https:\\\/\\\/arquidiocesano.com\\\/ourobranco\\\/#organization\"},\"potentialAction\":[{\"@type\":\"SearchAction\",\"target\":{\"@type\":\"EntryPoint\",\"urlTemplate\":\"https:\\\/\\\/arquidiocesano.com\\\/ourobranco\\\/?s={search_term_string}\"},\"query-input\":{\"@type\":\"PropertyValueSpecification\",\"valueRequired\":true,\"valueName\":\"search_term_string\"}}],\"inLanguage\":\"pt-BR\"},{\"@type\":\"Organization\",\"@id\":\"https:\\\/\\\/arquidiocesano.com\\\/ourobranco\\\/#organization\",\"name\":\"Col\u00e9gio Arquidiocesano de Ouro Branco\",\"url\":\"https:\\\/\\\/arquidiocesano.com\\\/ourobranco\\\/\",\"logo\":{\"@type\":\"ImageObject\",\"inLanguage\":\"pt-BR\",\"@id\":\"https:\\\/\\\/arquidiocesano.com\\\/ourobranco\\\/#\\\/schema\\\/logo\\\/image\\\/\",\"url\":\"https:\\\/\\\/arquidiocesano.com\\\/ourobranco\\\/wp-content\\\/uploads\\\/2026\\\/04\\\/caob-imagem-destacada.png\",\"contentUrl\":\"https:\\\/\\\/arquidiocesano.com\\\/ourobranco\\\/wp-content\\\/uploads\\\/2026\\\/04\\\/caob-imagem-destacada.png\",\"width\":1200,\"height\":1200,\"caption\":\"Col\u00e9gio Arquidiocesano de Ouro Branco\"},\"image\":{\"@id\":\"https:\\\/\\\/arquidiocesano.com\\\/ourobranco\\\/#\\\/schema\\\/logo\\\/image\\\/\"},\"sameAs\":[\"https:\\\/\\\/www.facebook.com\\\/CAOB2016\",\"https:\\\/\\\/www.instagram.com\\\/caobourobranco\\\/\"]}]}<\/script>\n<!-- \/ Yoast SEO plugin. -->","yoast_head_json":{"title":"Alunos com Necessidades Especiais - CAOB","robots":{"index":"index","follow":"follow","max-snippet":"max-snippet:-1","max-image-preview":"max-image-preview:large","max-video-preview":"max-video-preview:-1"},"canonical":"https:\/\/arquidiocesano.com\/ourobranco\/pedagogico\/processo-avaliativo\/alunos-com-necessidades-especiais\/","og_locale":"pt_BR","og_type":"article","og_title":"Alunos com Necessidades Especiais - CAOB","og_description":"Alunos com Necessidades Especiais Col\u00e9gio Arquidiocesano de Ouro Branco Os educandos com defici\u00eancia (intelectual, f\u00edsica, auditiva, visual e m\u00faltipla), Transtorno Global do Desenvolvimento (TGD) e altas habilidades\/superdota\u00e7\u00e3o receber\u00e3o tratamento diferenciado, de acordo com as pr\u00f3prias necessidades, garantidos pela Lei\u00a0n.\u00ba 13.146, de 06 de julho de 2015, que trata da Inclus\u00e3o da pessoa com defici\u00eancia. O [&hellip;]","og_url":"https:\/\/arquidiocesano.com\/ourobranco\/pedagogico\/processo-avaliativo\/alunos-com-necessidades-especiais\/","og_site_name":"CAOB","article_publisher":"https:\/\/www.facebook.com\/CAOB2016","article_modified_time":"2026-04-10T16:39:09+00:00","twitter_card":"summary_large_image","twitter_misc":{"Est. tempo de leitura":"4 minutos"},"schema":{"@context":"https:\/\/schema.org","@graph":[{"@type":"WebPage","@id":"https:\/\/arquidiocesano.com\/ourobranco\/pedagogico\/processo-avaliativo\/alunos-com-necessidades-especiais\/","url":"https:\/\/arquidiocesano.com\/ourobranco\/pedagogico\/processo-avaliativo\/alunos-com-necessidades-especiais\/","name":"Alunos com Necessidades Especiais - CAOB","isPartOf":{"@id":"https:\/\/arquidiocesano.com\/ourobranco\/#website"},"datePublished":"2026-04-10T14:21:04+00:00","dateModified":"2026-04-10T16:39:09+00:00","breadcrumb":{"@id":"https:\/\/arquidiocesano.com\/ourobranco\/pedagogico\/processo-avaliativo\/alunos-com-necessidades-especiais\/#breadcrumb"},"inLanguage":"pt-BR","potentialAction":[{"@type":"ReadAction","target":["https:\/\/arquidiocesano.com\/ourobranco\/pedagogico\/processo-avaliativo\/alunos-com-necessidades-especiais\/"]}]},{"@type":"BreadcrumbList","@id":"https:\/\/arquidiocesano.com\/ourobranco\/pedagogico\/processo-avaliativo\/alunos-com-necessidades-especiais\/#breadcrumb","itemListElement":[{"@type":"ListItem","position":1,"name":"In\u00edcio","item":"https:\/\/arquidiocesano.com\/ourobranco\/"},{"@type":"ListItem","position":2,"name":"Pedag\u00f3gico","item":"https:\/\/arquidiocesano.com\/ourobranco\/pedagogico\/"},{"@type":"ListItem","position":3,"name":"Processo Avaliativo","item":"https:\/\/arquidiocesano.com\/ourobranco\/pedagogico\/processo-avaliativo\/"},{"@type":"ListItem","position":4,"name":"Alunos com Necessidades Especiais"}]},{"@type":"WebSite","@id":"https:\/\/arquidiocesano.com\/ourobranco\/#website","url":"https:\/\/arquidiocesano.com\/ourobranco\/","name":"CAOB","description":"Col\u00e9gio Arquidiocesano de Ouro Branco","publisher":{"@id":"https:\/\/arquidiocesano.com\/ourobranco\/#organization"},"potentialAction":[{"@type":"SearchAction","target":{"@type":"EntryPoint","urlTemplate":"https:\/\/arquidiocesano.com\/ourobranco\/?s={search_term_string}"},"query-input":{"@type":"PropertyValueSpecification","valueRequired":true,"valueName":"search_term_string"}}],"inLanguage":"pt-BR"},{"@type":"Organization","@id":"https:\/\/arquidiocesano.com\/ourobranco\/#organization","name":"Col\u00e9gio Arquidiocesano de Ouro Branco","url":"https:\/\/arquidiocesano.com\/ourobranco\/","logo":{"@type":"ImageObject","inLanguage":"pt-BR","@id":"https:\/\/arquidiocesano.com\/ourobranco\/#\/schema\/logo\/image\/","url":"https:\/\/arquidiocesano.com\/ourobranco\/wp-content\/uploads\/2026\/04\/caob-imagem-destacada.png","contentUrl":"https:\/\/arquidiocesano.com\/ourobranco\/wp-content\/uploads\/2026\/04\/caob-imagem-destacada.png","width":1200,"height":1200,"caption":"Col\u00e9gio Arquidiocesano de Ouro Branco"},"image":{"@id":"https:\/\/arquidiocesano.com\/ourobranco\/#\/schema\/logo\/image\/"},"sameAs":["https:\/\/www.facebook.com\/CAOB2016","https:\/\/www.instagram.com\/caobourobranco\/"]}]}},"_links":{"self":[{"href":"https:\/\/arquidiocesano.com\/ourobranco\/wp-json\/wp\/v2\/pages\/1559","targetHints":{"allow":["GET"]}}],"collection":[{"href":"https:\/\/arquidiocesano.com\/ourobranco\/wp-json\/wp\/v2\/pages"}],"about":[{"href":"https:\/\/arquidiocesano.com\/ourobranco\/wp-json\/wp\/v2\/types\/page"}],"author":[{"embeddable":true,"href":"https:\/\/arquidiocesano.com\/ourobranco\/wp-json\/wp\/v2\/users\/1"}],"replies":[{"embeddable":true,"href":"https:\/\/arquidiocesano.com\/ourobranco\/wp-json\/wp\/v2\/comments?post=1559"}],"version-history":[{"count":7,"href":"https:\/\/arquidiocesano.com\/ourobranco\/wp-json\/wp\/v2\/pages\/1559\/revisions"}],"predecessor-version":[{"id":1649,"href":"https:\/\/arquidiocesano.com\/ourobranco\/wp-json\/wp\/v2\/pages\/1559\/revisions\/1649"}],"up":[{"embeddable":true,"href":"https:\/\/arquidiocesano.com\/ourobranco\/wp-json\/wp\/v2\/pages\/1549"}],"wp:attachment":[{"href":"https:\/\/arquidiocesano.com\/ourobranco\/wp-json\/wp\/v2\/media?parent=1559"}],"curies":[{"name":"wp","href":"https:\/\/api.w.org\/{rel}","templated":true}]}}