{"id":1557,"date":"2026-04-10T11:20:32","date_gmt":"2026-04-10T14:20:32","guid":{"rendered":"https:\/\/arquidiocesano.com\/ourobranco\/?page_id=1557"},"modified":"2026-04-10T13:35:46","modified_gmt":"2026-04-10T16:35:46","slug":"recuperacao-final","status":"publish","type":"page","link":"https:\/\/arquidiocesano.com\/ourobranco\/pedagogico\/processo-avaliativo\/recuperacao-final\/","title":{"rendered":"Recupera\u00e7\u00e3o Final"},"content":{"rendered":"\t\t<div data-elementor-type=\"wp-page\" data-elementor-id=\"1557\" class=\"elementor elementor-1557\" data-elementor-post-type=\"page\">\n\t\t\t\t<div class=\"elementor-element elementor-element-88e7ea0 e-flex e-con-boxed e-con e-parent\" data-id=\"88e7ea0\" data-element_type=\"container\" data-e-type=\"container\" data-settings=\"{&quot;background_background&quot;:&quot;gradient&quot;}\">\n\t\t\t\t\t<div class=\"e-con-inner\">\n\t\t\t\t<div class=\"elementor-element elementor-element-da66a69 elementor-align-center elementor-mobile-align-left elementor-widget elementor-widget-breadcrumbs\" data-id=\"da66a69\" data-element_type=\"widget\" data-e-type=\"widget\" data-widget_type=\"breadcrumbs.default\">\n\t\t\t\t\t<p id=\"breadcrumbs\"><span><span><a href=\"https:\/\/arquidiocesano.com\/ourobranco\/\">In\u00edcio<\/a><\/span><\/span><\/p>\t\t\t\t<\/div>\n\t\t\t\t<div class=\"elementor-element elementor-element-65f7321 elementor-widget elementor-widget-heading\" data-id=\"65f7321\" data-element_type=\"widget\" data-e-type=\"widget\" data-widget_type=\"heading.default\">\n\t\t\t\t\t<h1 class=\"elementor-heading-title elementor-size-default\">Recupera\u00e7\u00e3o Final<\/h1>\t\t\t\t<\/div>\n\t\t\t\t<div class=\"elementor-element elementor-element-0537931 elementor-widget elementor-widget-heading\" data-id=\"0537931\" data-element_type=\"widget\" data-e-type=\"widget\" data-widget_type=\"heading.default\">\n\t\t\t\t\t<h2 class=\"elementor-heading-title elementor-size-default\">Col\u00e9gio Arquidiocesano de Ouro Branco<\/h2>\t\t\t\t<\/div>\n\t\t\t\t\t<\/div>\n\t\t\t\t<\/div>\n\t\t<div class=\"elementor-element elementor-element-7d24aeb e-flex e-con-boxed e-con e-parent\" data-id=\"7d24aeb\" data-element_type=\"container\" data-e-type=\"container\">\n\t\t\t\t\t<div class=\"e-con-inner\">\n\t\t\t\t<div class=\"elementor-element elementor-element-bf07016 elementor-widget elementor-widget-text-editor\" data-id=\"bf07016\" data-element_type=\"widget\" data-e-type=\"widget\" data-widget_type=\"text-editor.default\">\n\t\t\t\t\t\t\t\t\t<p>O(a) aluno(a) que n\u00e3o obtiver pelo menos 70% do total de pontos distribu\u00eddos ao longo do ano letivo, ter\u00e1 direito a uma Avalia\u00e7\u00e3o de Recupera\u00e7\u00e3o Final (ARF), no valor de 100 pontos, sendo: 30 pontos referentes \u00e0 realiza\u00e7\u00e3o de um Estudo Dirigido + 70 pontos referentes \u00e0 avalia\u00e7\u00e3o.<\/p><p>Essa recupera\u00e7\u00e3o ser\u00e1 realizada na modalidade de Estudos Aut\u00f4nomos. Os Conte\u00fados Program\u00e1ticos ser\u00e3o determinados na forma de um Roteiro de Estudo, elaborado pelo(a) professor(a) e entregue ao(\u00e0) aluno(a) com anteced\u00eancia m\u00ednima de 01 (um) m\u00eas da realiza\u00e7\u00e3o da ARF.<\/p><p>As datas da mesma constam no Calend\u00e1rio Escolar.<\/p><p>O(a) aluno(a) ser\u00e1 aprovado(a), caso a Nota Final (NF) seja maior ou igual a 70% dos pontos em que: sendo a Nota Anual \u2013 NA, obtida atrav\u00e9s da soma dos totais obtidos em cada etapa letiva.<\/p><p>Para efeitos de registro escolar, adotar-se-\u00e1 o seguinte crit\u00e9rio:<\/p><ul><li>Se NF &gt; 70,0 pontos; NF = 70,0 pontos.<\/li><li>O(a) aluno(a) poder\u00e1 realizar a Recupera\u00e7\u00e3o Final em at\u00e9 03 (tr\u00eas) Componentes Curriculares. Caso exceda este n\u00famero, ele estar\u00e1 automaticamente reprovado.<\/li><li>N\u00e3o h\u00e1 recupera\u00e7\u00e3o por frequ\u00eancia escolar. O(a) aluno(a) que obtiver frequ\u00eancia inferior a 75% do total de horas\/aula ministradas no ano letivo, estar\u00e1 automaticamente reprovado, salvo mediante apresenta\u00e7\u00e3o de atestado m\u00e9dico.<\/li><li>N\u00e3o h\u00e1 segunda chamada de Recupera\u00e7\u00e3o Final.<\/li><\/ul>\t\t\t\t\t\t\t\t<\/div>\n\t\t\t\t\t<\/div>\n\t\t\t\t<\/div>\n\t\t\t\t<\/div>\n\t\t","protected":false},"excerpt":{"rendered":"<p>Recupera\u00e7\u00e3o Final Col\u00e9gio Arquidiocesano de Ouro Branco O(a) aluno(a) que n\u00e3o obtiver pelo menos 70% do total de pontos distribu\u00eddos ao longo do ano letivo, ter\u00e1 direito a uma Avalia\u00e7\u00e3o de Recupera\u00e7\u00e3o Final (ARF), no valor de 100 pontos, sendo: 30 pontos referentes \u00e0 realiza\u00e7\u00e3o de um Estudo Dirigido + 70 pontos referentes \u00e0 avalia\u00e7\u00e3o. [&hellip;]<\/p>\n","protected":false},"author":1,"featured_media":0,"parent":1549,"menu_order":0,"comment_status":"closed","ping_status":"closed","template":"","meta":{"inline_featured_image":false,"footnotes":""},"class_list":["post-1557","page","type-page","status-publish","hentry"],"yoast_head":"<!-- This site is optimized with the Yoast SEO plugin v27.4 - https:\/\/yoast.com\/product\/yoast-seo-wordpress\/ -->\n<title>Recupera\u00e7\u00e3o Final - CAOB<\/title>\n<meta name=\"robots\" content=\"index, follow, max-snippet:-1, max-image-preview:large, max-video-preview:-1\" \/>\n<link rel=\"canonical\" href=\"https:\/\/arquidiocesano.com\/ourobranco\/pedagogico\/processo-avaliativo\/recuperacao-final\/\" \/>\n<meta property=\"og:locale\" content=\"pt_BR\" \/>\n<meta property=\"og:type\" content=\"article\" \/>\n<meta property=\"og:title\" content=\"Recupera\u00e7\u00e3o Final - CAOB\" \/>\n<meta property=\"og:description\" content=\"Recupera\u00e7\u00e3o Final Col\u00e9gio Arquidiocesano de Ouro Branco O(a) aluno(a) que n\u00e3o obtiver pelo menos 70% do total de pontos distribu\u00eddos ao longo do ano letivo, ter\u00e1 direito a uma Avalia\u00e7\u00e3o de Recupera\u00e7\u00e3o Final (ARF), no valor de 100 pontos, sendo: 30 pontos referentes \u00e0 realiza\u00e7\u00e3o de um Estudo Dirigido + 70 pontos referentes \u00e0 avalia\u00e7\u00e3o. [&hellip;]\" \/>\n<meta property=\"og:url\" content=\"https:\/\/arquidiocesano.com\/ourobranco\/pedagogico\/processo-avaliativo\/recuperacao-final\/\" \/>\n<meta property=\"og:site_name\" content=\"CAOB\" \/>\n<meta property=\"article:publisher\" content=\"https:\/\/www.facebook.com\/CAOB2016\" \/>\n<meta property=\"article:modified_time\" content=\"2026-04-10T16:35:46+00:00\" \/>\n<meta name=\"twitter:card\" content=\"summary_large_image\" \/>\n<meta name=\"twitter:label1\" content=\"Est. tempo de leitura\" \/>\n\t<meta name=\"twitter:data1\" content=\"2 minutos\" \/>\n<script type=\"application\/ld+json\" class=\"yoast-schema-graph\">{\"@context\":\"https:\\\/\\\/schema.org\",\"@graph\":[{\"@type\":\"WebPage\",\"@id\":\"https:\\\/\\\/arquidiocesano.com\\\/ourobranco\\\/pedagogico\\\/processo-avaliativo\\\/recuperacao-final\\\/\",\"url\":\"https:\\\/\\\/arquidiocesano.com\\\/ourobranco\\\/pedagogico\\\/processo-avaliativo\\\/recuperacao-final\\\/\",\"name\":\"Recupera\u00e7\u00e3o Final - CAOB\",\"isPartOf\":{\"@id\":\"https:\\\/\\\/arquidiocesano.com\\\/ourobranco\\\/#website\"},\"datePublished\":\"2026-04-10T14:20:32+00:00\",\"dateModified\":\"2026-04-10T16:35:46+00:00\",\"breadcrumb\":{\"@id\":\"https:\\\/\\\/arquidiocesano.com\\\/ourobranco\\\/pedagogico\\\/processo-avaliativo\\\/recuperacao-final\\\/#breadcrumb\"},\"inLanguage\":\"pt-BR\",\"potentialAction\":[{\"@type\":\"ReadAction\",\"target\":[\"https:\\\/\\\/arquidiocesano.com\\\/ourobranco\\\/pedagogico\\\/processo-avaliativo\\\/recuperacao-final\\\/\"]}]},{\"@type\":\"BreadcrumbList\",\"@id\":\"https:\\\/\\\/arquidiocesano.com\\\/ourobranco\\\/pedagogico\\\/processo-avaliativo\\\/recuperacao-final\\\/#breadcrumb\",\"itemListElement\":[{\"@type\":\"ListItem\",\"position\":1,\"name\":\"In\u00edcio\",\"item\":\"https:\\\/\\\/arquidiocesano.com\\\/ourobranco\\\/\"},{\"@type\":\"ListItem\",\"position\":2,\"name\":\"Pedag\u00f3gico\",\"item\":\"https:\\\/\\\/arquidiocesano.com\\\/ourobranco\\\/pedagogico\\\/\"},{\"@type\":\"ListItem\",\"position\":3,\"name\":\"Processo Avaliativo\",\"item\":\"https:\\\/\\\/arquidiocesano.com\\\/ourobranco\\\/pedagogico\\\/processo-avaliativo\\\/\"},{\"@type\":\"ListItem\",\"position\":4,\"name\":\"Recupera\u00e7\u00e3o Final\"}]},{\"@type\":\"WebSite\",\"@id\":\"https:\\\/\\\/arquidiocesano.com\\\/ourobranco\\\/#website\",\"url\":\"https:\\\/\\\/arquidiocesano.com\\\/ourobranco\\\/\",\"name\":\"CAOB\",\"description\":\"Col\u00e9gio Arquidiocesano de Ouro Branco\",\"publisher\":{\"@id\":\"https:\\\/\\\/arquidiocesano.com\\\/ourobranco\\\/#organization\"},\"potentialAction\":[{\"@type\":\"SearchAction\",\"target\":{\"@type\":\"EntryPoint\",\"urlTemplate\":\"https:\\\/\\\/arquidiocesano.com\\\/ourobranco\\\/?s={search_term_string}\"},\"query-input\":{\"@type\":\"PropertyValueSpecification\",\"valueRequired\":true,\"valueName\":\"search_term_string\"}}],\"inLanguage\":\"pt-BR\"},{\"@type\":\"Organization\",\"@id\":\"https:\\\/\\\/arquidiocesano.com\\\/ourobranco\\\/#organization\",\"name\":\"Col\u00e9gio Arquidiocesano de Ouro Branco\",\"url\":\"https:\\\/\\\/arquidiocesano.com\\\/ourobranco\\\/\",\"logo\":{\"@type\":\"ImageObject\",\"inLanguage\":\"pt-BR\",\"@id\":\"https:\\\/\\\/arquidiocesano.com\\\/ourobranco\\\/#\\\/schema\\\/logo\\\/image\\\/\",\"url\":\"https:\\\/\\\/arquidiocesano.com\\\/ourobranco\\\/wp-content\\\/uploads\\\/2026\\\/04\\\/caob-imagem-destacada.png\",\"contentUrl\":\"https:\\\/\\\/arquidiocesano.com\\\/ourobranco\\\/wp-content\\\/uploads\\\/2026\\\/04\\\/caob-imagem-destacada.png\",\"width\":1200,\"height\":1200,\"caption\":\"Col\u00e9gio Arquidiocesano de Ouro Branco\"},\"image\":{\"@id\":\"https:\\\/\\\/arquidiocesano.com\\\/ourobranco\\\/#\\\/schema\\\/logo\\\/image\\\/\"},\"sameAs\":[\"https:\\\/\\\/www.facebook.com\\\/CAOB2016\",\"https:\\\/\\\/www.instagram.com\\\/caobourobranco\\\/\"]}]}<\/script>\n<!-- \/ Yoast SEO plugin. -->","yoast_head_json":{"title":"Recupera\u00e7\u00e3o Final - CAOB","robots":{"index":"index","follow":"follow","max-snippet":"max-snippet:-1","max-image-preview":"max-image-preview:large","max-video-preview":"max-video-preview:-1"},"canonical":"https:\/\/arquidiocesano.com\/ourobranco\/pedagogico\/processo-avaliativo\/recuperacao-final\/","og_locale":"pt_BR","og_type":"article","og_title":"Recupera\u00e7\u00e3o Final - CAOB","og_description":"Recupera\u00e7\u00e3o Final Col\u00e9gio Arquidiocesano de Ouro Branco O(a) aluno(a) que n\u00e3o obtiver pelo menos 70% do total de pontos distribu\u00eddos ao longo do ano letivo, ter\u00e1 direito a uma Avalia\u00e7\u00e3o de Recupera\u00e7\u00e3o Final (ARF), no valor de 100 pontos, sendo: 30 pontos referentes \u00e0 realiza\u00e7\u00e3o de um Estudo Dirigido + 70 pontos referentes \u00e0 avalia\u00e7\u00e3o. [&hellip;]","og_url":"https:\/\/arquidiocesano.com\/ourobranco\/pedagogico\/processo-avaliativo\/recuperacao-final\/","og_site_name":"CAOB","article_publisher":"https:\/\/www.facebook.com\/CAOB2016","article_modified_time":"2026-04-10T16:35:46+00:00","twitter_card":"summary_large_image","twitter_misc":{"Est. tempo de leitura":"2 minutos"},"schema":{"@context":"https:\/\/schema.org","@graph":[{"@type":"WebPage","@id":"https:\/\/arquidiocesano.com\/ourobranco\/pedagogico\/processo-avaliativo\/recuperacao-final\/","url":"https:\/\/arquidiocesano.com\/ourobranco\/pedagogico\/processo-avaliativo\/recuperacao-final\/","name":"Recupera\u00e7\u00e3o Final - CAOB","isPartOf":{"@id":"https:\/\/arquidiocesano.com\/ourobranco\/#website"},"datePublished":"2026-04-10T14:20:32+00:00","dateModified":"2026-04-10T16:35:46+00:00","breadcrumb":{"@id":"https:\/\/arquidiocesano.com\/ourobranco\/pedagogico\/processo-avaliativo\/recuperacao-final\/#breadcrumb"},"inLanguage":"pt-BR","potentialAction":[{"@type":"ReadAction","target":["https:\/\/arquidiocesano.com\/ourobranco\/pedagogico\/processo-avaliativo\/recuperacao-final\/"]}]},{"@type":"BreadcrumbList","@id":"https:\/\/arquidiocesano.com\/ourobranco\/pedagogico\/processo-avaliativo\/recuperacao-final\/#breadcrumb","itemListElement":[{"@type":"ListItem","position":1,"name":"In\u00edcio","item":"https:\/\/arquidiocesano.com\/ourobranco\/"},{"@type":"ListItem","position":2,"name":"Pedag\u00f3gico","item":"https:\/\/arquidiocesano.com\/ourobranco\/pedagogico\/"},{"@type":"ListItem","position":3,"name":"Processo Avaliativo","item":"https:\/\/arquidiocesano.com\/ourobranco\/pedagogico\/processo-avaliativo\/"},{"@type":"ListItem","position":4,"name":"Recupera\u00e7\u00e3o Final"}]},{"@type":"WebSite","@id":"https:\/\/arquidiocesano.com\/ourobranco\/#website","url":"https:\/\/arquidiocesano.com\/ourobranco\/","name":"CAOB","description":"Col\u00e9gio Arquidiocesano de Ouro Branco","publisher":{"@id":"https:\/\/arquidiocesano.com\/ourobranco\/#organization"},"potentialAction":[{"@type":"SearchAction","target":{"@type":"EntryPoint","urlTemplate":"https:\/\/arquidiocesano.com\/ourobranco\/?s={search_term_string}"},"query-input":{"@type":"PropertyValueSpecification","valueRequired":true,"valueName":"search_term_string"}}],"inLanguage":"pt-BR"},{"@type":"Organization","@id":"https:\/\/arquidiocesano.com\/ourobranco\/#organization","name":"Col\u00e9gio Arquidiocesano de Ouro Branco","url":"https:\/\/arquidiocesano.com\/ourobranco\/","logo":{"@type":"ImageObject","inLanguage":"pt-BR","@id":"https:\/\/arquidiocesano.com\/ourobranco\/#\/schema\/logo\/image\/","url":"https:\/\/arquidiocesano.com\/ourobranco\/wp-content\/uploads\/2026\/04\/caob-imagem-destacada.png","contentUrl":"https:\/\/arquidiocesano.com\/ourobranco\/wp-content\/uploads\/2026\/04\/caob-imagem-destacada.png","width":1200,"height":1200,"caption":"Col\u00e9gio Arquidiocesano de Ouro Branco"},"image":{"@id":"https:\/\/arquidiocesano.com\/ourobranco\/#\/schema\/logo\/image\/"},"sameAs":["https:\/\/www.facebook.com\/CAOB2016","https:\/\/www.instagram.com\/caobourobranco\/"]}]}},"_links":{"self":[{"href":"https:\/\/arquidiocesano.com\/ourobranco\/wp-json\/wp\/v2\/pages\/1557","targetHints":{"allow":["GET"]}}],"collection":[{"href":"https:\/\/arquidiocesano.com\/ourobranco\/wp-json\/wp\/v2\/pages"}],"about":[{"href":"https:\/\/arquidiocesano.com\/ourobranco\/wp-json\/wp\/v2\/types\/page"}],"author":[{"embeddable":true,"href":"https:\/\/arquidiocesano.com\/ourobranco\/wp-json\/wp\/v2\/users\/1"}],"replies":[{"embeddable":true,"href":"https:\/\/arquidiocesano.com\/ourobranco\/wp-json\/wp\/v2\/comments?post=1557"}],"version-history":[{"count":7,"href":"https:\/\/arquidiocesano.com\/ourobranco\/wp-json\/wp\/v2\/pages\/1557\/revisions"}],"predecessor-version":[{"id":1645,"href":"https:\/\/arquidiocesano.com\/ourobranco\/wp-json\/wp\/v2\/pages\/1557\/revisions\/1645"}],"up":[{"embeddable":true,"href":"https:\/\/arquidiocesano.com\/ourobranco\/wp-json\/wp\/v2\/pages\/1549"}],"wp:attachment":[{"href":"https:\/\/arquidiocesano.com\/ourobranco\/wp-json\/wp\/v2\/media?parent=1557"}],"curies":[{"name":"wp","href":"https:\/\/api.w.org\/{rel}","templated":true}]}}