{"id":1555,"date":"2026-04-10T11:20:14","date_gmt":"2026-04-10T14:20:14","guid":{"rendered":"https:\/\/arquidiocesano.com\/ourobranco\/?page_id=1555"},"modified":"2026-04-10T13:33:49","modified_gmt":"2026-04-10T16:33:49","slug":"recuperacao-de-etapa","status":"publish","type":"page","link":"https:\/\/arquidiocesano.com\/ourobranco\/pedagogico\/processo-avaliativo\/recuperacao-de-etapa\/","title":{"rendered":"Recupera\u00e7\u00e3o de Etapa"},"content":{"rendered":"\t\t<div data-elementor-type=\"wp-page\" data-elementor-id=\"1555\" class=\"elementor elementor-1555\" data-elementor-post-type=\"page\">\n\t\t\t\t<div class=\"elementor-element elementor-element-3fd4d79 e-flex e-con-boxed e-con e-parent\" data-id=\"3fd4d79\" data-element_type=\"container\" data-e-type=\"container\" data-settings=\"{&quot;background_background&quot;:&quot;gradient&quot;}\">\n\t\t\t\t\t<div class=\"e-con-inner\">\n\t\t\t\t<div class=\"elementor-element elementor-element-b0bd776 elementor-align-center elementor-mobile-align-left elementor-widget elementor-widget-breadcrumbs\" data-id=\"b0bd776\" data-element_type=\"widget\" data-e-type=\"widget\" data-widget_type=\"breadcrumbs.default\">\n\t\t\t\t\t<p id=\"breadcrumbs\"><span><span><a href=\"https:\/\/arquidiocesano.com\/ourobranco\/\">In\u00edcio<\/a><\/span><\/span><\/p>\t\t\t\t<\/div>\n\t\t\t\t<div class=\"elementor-element elementor-element-566cc9b elementor-widget elementor-widget-heading\" data-id=\"566cc9b\" data-element_type=\"widget\" data-e-type=\"widget\" data-widget_type=\"heading.default\">\n\t\t\t\t\t<h1 class=\"elementor-heading-title elementor-size-default\">Recupera\u00e7\u00e3o de Etapa<\/h1>\t\t\t\t<\/div>\n\t\t\t\t<div class=\"elementor-element elementor-element-fba7cb2 elementor-widget elementor-widget-heading\" data-id=\"fba7cb2\" data-element_type=\"widget\" data-e-type=\"widget\" data-widget_type=\"heading.default\">\n\t\t\t\t\t<h2 class=\"elementor-heading-title elementor-size-default\">Col\u00e9gio Arquidiocesano de Ouro Branco<\/h2>\t\t\t\t<\/div>\n\t\t\t\t\t<\/div>\n\t\t\t\t<\/div>\n\t\t<div class=\"elementor-element elementor-element-7283869 e-flex e-con-boxed e-con e-parent\" data-id=\"7283869\" data-element_type=\"container\" data-e-type=\"container\">\n\t\t\t\t\t<div class=\"e-con-inner\">\n\t\t\t\t<div class=\"elementor-element elementor-element-7469153 elementor-widget elementor-widget-text-editor\" data-id=\"7469153\" data-element_type=\"widget\" data-e-type=\"widget\" data-widget_type=\"text-editor.default\">\n\t\t\t\t\t\t\t\t\t<p>Ap\u00f3s o t\u00e9rmino de cada etapa, ser\u00e1 ministrada uma atividade avaliativa, em hor\u00e1rio extraturno, para aquele(a) aluno(a) que n\u00e3o obtiver a m\u00e9dia m\u00ednima referente aos pontos da Etapa Letiva \u2013 70% do valor da Etapa.<\/p><p>A mudan\u00e7a de nota \u00e9 relativa aos pontos distribu\u00eddos na Etapa, diante da realiza\u00e7\u00e3o de uma\u00a0<strong>Avalia\u00e7\u00e3o Individual de Recupera\u00e7\u00e3o (AIR)<\/strong>\u00a0no valor de 24,0 pontos na 1\u00aa e 2\u00aa Etapas Letiva, adicionada \u00e0 nota da Avalia\u00e7\u00e3o Coletiva (AC) desta etapa, correspondente ao valor de 6,0 pontos; e 27,0 pontos na 3\u00aa Etapa, adicionada \u00e0 nota da AC da respectiva etapa, correspondente ao valor de 8,0 pontos, e \u00e0 nota da AP, no valor de 5,0 pontos.<\/p><p>O resultado obtido seguir\u00e1 o seguinte crit\u00e9rio:<\/p><ul><li>Nota de Avalia\u00e7\u00e3o Individual de Recupera\u00e7\u00e3o (AIR) + Avalia\u00e7\u00e3o Coletiva (AC) &gt; Nota de Etapa = Nota de Avalia\u00e7\u00e3o Individual de Recupera\u00e7\u00e3o (AIR) + Avalia\u00e7\u00e3o Coletiva (AC)<\/li><li>Nota de Avalia\u00e7\u00e3o Individual de Recupera\u00e7\u00e3o (AIR) + Avalia\u00e7\u00e3o Coletiva (AC) &lt; Nota de Etapa = Nota de Etapa<\/li><\/ul><p><strong>Observa\u00e7\u00f5es:<br \/><\/strong><\/p><ol><li>A AIR \u00e9 obrigat\u00f3ria para o(a) aluno(a) que n\u00e3o alcan\u00e7ar a m\u00e9dia de 70% da Etapa. O(A) aluno(a) poder\u00e1 realizar a Recupera\u00e7\u00e3o de Etapa em todos os Componentes Curriculares;<\/li><li>Os Conte\u00fados Program\u00e1ticos ser\u00e3o determinados pelo(a) professor(a);<\/li><li>As avalia\u00e7\u00f5es de Recupera\u00e7\u00e3o de Etapa valer\u00e3o: 24,0 pontos na 1.\u00aa e 2.\u00aa Etapas e 27,0 pontos na 3.\u00aa etapas, sendo complementadas pela nota da AC obtida na Etapa Letiva;<\/li><li>A AIR \u00e9 facultada \u00e0quele(a) aluno(a) que obtiver entre 70 e 79,9% do total de pontos da Etapa. O(a) aluno(a) tem possibilidade de alcan\u00e7ar at\u00e9 80% da m\u00e9dia na 1.\u00aa e 2.\u00aa etapas. Para a 3\u00aa Etapa, n\u00e3o h\u00e1 limite de 80% no alcance da m\u00e9dia. Nesse caso, dever\u00e1 ser solicitado \u00e0 Secretaria o requerimento pr\u00f3prio;<\/li><li>Essa recupera\u00e7\u00e3o ser\u00e1 realizada na modalidade de Estudos Aut\u00f4nomos;<\/li><li>Quando facultativa, a AIR tem o custo de R$ 12,00 (doze reais) por avalia\u00e7\u00e3o;<\/li><li>N\u00e3o h\u00e1 Segunda Chamada de Prova de Recupera\u00e7\u00e3o de Etapa.<\/li><\/ol>\t\t\t\t\t\t\t\t<\/div>\n\t\t\t\t\t<\/div>\n\t\t\t\t<\/div>\n\t\t\t\t<\/div>\n\t\t","protected":false},"excerpt":{"rendered":"<p>Recupera\u00e7\u00e3o de Etapa Col\u00e9gio Arquidiocesano de Ouro Branco Ap\u00f3s o t\u00e9rmino de cada etapa, ser\u00e1 ministrada uma atividade avaliativa, em hor\u00e1rio extraturno, para aquele(a) aluno(a) que n\u00e3o obtiver a m\u00e9dia m\u00ednima referente aos pontos da Etapa Letiva \u2013 70% do valor da Etapa. A mudan\u00e7a de nota \u00e9 relativa aos pontos distribu\u00eddos na Etapa, diante [&hellip;]<\/p>\n","protected":false},"author":1,"featured_media":0,"parent":1549,"menu_order":0,"comment_status":"closed","ping_status":"closed","template":"","meta":{"inline_featured_image":false,"footnotes":""},"class_list":["post-1555","page","type-page","status-publish","hentry"],"yoast_head":"<!-- This site is optimized with the Yoast SEO plugin v27.4 - https:\/\/yoast.com\/product\/yoast-seo-wordpress\/ -->\n<title>Recupera\u00e7\u00e3o de Etapa - CAOB<\/title>\n<meta name=\"robots\" content=\"index, follow, max-snippet:-1, max-image-preview:large, max-video-preview:-1\" \/>\n<link rel=\"canonical\" href=\"https:\/\/arquidiocesano.com\/ourobranco\/pedagogico\/processo-avaliativo\/recuperacao-de-etapa\/\" \/>\n<meta property=\"og:locale\" content=\"pt_BR\" \/>\n<meta property=\"og:type\" content=\"article\" \/>\n<meta property=\"og:title\" content=\"Recupera\u00e7\u00e3o de Etapa - CAOB\" \/>\n<meta property=\"og:description\" content=\"Recupera\u00e7\u00e3o de Etapa Col\u00e9gio Arquidiocesano de Ouro Branco Ap\u00f3s o t\u00e9rmino de cada etapa, ser\u00e1 ministrada uma atividade avaliativa, em hor\u00e1rio extraturno, para aquele(a) aluno(a) que n\u00e3o obtiver a m\u00e9dia m\u00ednima referente aos pontos da Etapa Letiva \u2013 70% do valor da Etapa. A mudan\u00e7a de nota \u00e9 relativa aos pontos distribu\u00eddos na Etapa, diante [&hellip;]\" \/>\n<meta property=\"og:url\" content=\"https:\/\/arquidiocesano.com\/ourobranco\/pedagogico\/processo-avaliativo\/recuperacao-de-etapa\/\" \/>\n<meta property=\"og:site_name\" content=\"CAOB\" \/>\n<meta property=\"article:publisher\" content=\"https:\/\/www.facebook.com\/CAOB2016\" \/>\n<meta property=\"article:modified_time\" content=\"2026-04-10T16:33:49+00:00\" \/>\n<meta name=\"twitter:card\" content=\"summary_large_image\" \/>\n<meta name=\"twitter:label1\" content=\"Est. tempo de leitura\" \/>\n\t<meta name=\"twitter:data1\" content=\"2 minutos\" \/>\n<script type=\"application\/ld+json\" class=\"yoast-schema-graph\">{\"@context\":\"https:\\\/\\\/schema.org\",\"@graph\":[{\"@type\":\"WebPage\",\"@id\":\"https:\\\/\\\/arquidiocesano.com\\\/ourobranco\\\/pedagogico\\\/processo-avaliativo\\\/recuperacao-de-etapa\\\/\",\"url\":\"https:\\\/\\\/arquidiocesano.com\\\/ourobranco\\\/pedagogico\\\/processo-avaliativo\\\/recuperacao-de-etapa\\\/\",\"name\":\"Recupera\u00e7\u00e3o de Etapa - CAOB\",\"isPartOf\":{\"@id\":\"https:\\\/\\\/arquidiocesano.com\\\/ourobranco\\\/#website\"},\"datePublished\":\"2026-04-10T14:20:14+00:00\",\"dateModified\":\"2026-04-10T16:33:49+00:00\",\"breadcrumb\":{\"@id\":\"https:\\\/\\\/arquidiocesano.com\\\/ourobranco\\\/pedagogico\\\/processo-avaliativo\\\/recuperacao-de-etapa\\\/#breadcrumb\"},\"inLanguage\":\"pt-BR\",\"potentialAction\":[{\"@type\":\"ReadAction\",\"target\":[\"https:\\\/\\\/arquidiocesano.com\\\/ourobranco\\\/pedagogico\\\/processo-avaliativo\\\/recuperacao-de-etapa\\\/\"]}]},{\"@type\":\"BreadcrumbList\",\"@id\":\"https:\\\/\\\/arquidiocesano.com\\\/ourobranco\\\/pedagogico\\\/processo-avaliativo\\\/recuperacao-de-etapa\\\/#breadcrumb\",\"itemListElement\":[{\"@type\":\"ListItem\",\"position\":1,\"name\":\"In\u00edcio\",\"item\":\"https:\\\/\\\/arquidiocesano.com\\\/ourobranco\\\/\"},{\"@type\":\"ListItem\",\"position\":2,\"name\":\"Pedag\u00f3gico\",\"item\":\"https:\\\/\\\/arquidiocesano.com\\\/ourobranco\\\/pedagogico\\\/\"},{\"@type\":\"ListItem\",\"position\":3,\"name\":\"Processo Avaliativo\",\"item\":\"https:\\\/\\\/arquidiocesano.com\\\/ourobranco\\\/pedagogico\\\/processo-avaliativo\\\/\"},{\"@type\":\"ListItem\",\"position\":4,\"name\":\"Recupera\u00e7\u00e3o de Etapa\"}]},{\"@type\":\"WebSite\",\"@id\":\"https:\\\/\\\/arquidiocesano.com\\\/ourobranco\\\/#website\",\"url\":\"https:\\\/\\\/arquidiocesano.com\\\/ourobranco\\\/\",\"name\":\"CAOB\",\"description\":\"Col\u00e9gio Arquidiocesano de Ouro Branco\",\"publisher\":{\"@id\":\"https:\\\/\\\/arquidiocesano.com\\\/ourobranco\\\/#organization\"},\"potentialAction\":[{\"@type\":\"SearchAction\",\"target\":{\"@type\":\"EntryPoint\",\"urlTemplate\":\"https:\\\/\\\/arquidiocesano.com\\\/ourobranco\\\/?s={search_term_string}\"},\"query-input\":{\"@type\":\"PropertyValueSpecification\",\"valueRequired\":true,\"valueName\":\"search_term_string\"}}],\"inLanguage\":\"pt-BR\"},{\"@type\":\"Organization\",\"@id\":\"https:\\\/\\\/arquidiocesano.com\\\/ourobranco\\\/#organization\",\"name\":\"Col\u00e9gio Arquidiocesano de Ouro Branco\",\"url\":\"https:\\\/\\\/arquidiocesano.com\\\/ourobranco\\\/\",\"logo\":{\"@type\":\"ImageObject\",\"inLanguage\":\"pt-BR\",\"@id\":\"https:\\\/\\\/arquidiocesano.com\\\/ourobranco\\\/#\\\/schema\\\/logo\\\/image\\\/\",\"url\":\"https:\\\/\\\/arquidiocesano.com\\\/ourobranco\\\/wp-content\\\/uploads\\\/2026\\\/04\\\/caob-imagem-destacada.png\",\"contentUrl\":\"https:\\\/\\\/arquidiocesano.com\\\/ourobranco\\\/wp-content\\\/uploads\\\/2026\\\/04\\\/caob-imagem-destacada.png\",\"width\":1200,\"height\":1200,\"caption\":\"Col\u00e9gio Arquidiocesano de Ouro Branco\"},\"image\":{\"@id\":\"https:\\\/\\\/arquidiocesano.com\\\/ourobranco\\\/#\\\/schema\\\/logo\\\/image\\\/\"},\"sameAs\":[\"https:\\\/\\\/www.facebook.com\\\/CAOB2016\",\"https:\\\/\\\/www.instagram.com\\\/caobourobranco\\\/\"]}]}<\/script>\n<!-- \/ Yoast SEO plugin. -->","yoast_head_json":{"title":"Recupera\u00e7\u00e3o de Etapa - CAOB","robots":{"index":"index","follow":"follow","max-snippet":"max-snippet:-1","max-image-preview":"max-image-preview:large","max-video-preview":"max-video-preview:-1"},"canonical":"https:\/\/arquidiocesano.com\/ourobranco\/pedagogico\/processo-avaliativo\/recuperacao-de-etapa\/","og_locale":"pt_BR","og_type":"article","og_title":"Recupera\u00e7\u00e3o de Etapa - CAOB","og_description":"Recupera\u00e7\u00e3o de Etapa Col\u00e9gio Arquidiocesano de Ouro Branco Ap\u00f3s o t\u00e9rmino de cada etapa, ser\u00e1 ministrada uma atividade avaliativa, em hor\u00e1rio extraturno, para aquele(a) aluno(a) que n\u00e3o obtiver a m\u00e9dia m\u00ednima referente aos pontos da Etapa Letiva \u2013 70% do valor da Etapa. A mudan\u00e7a de nota \u00e9 relativa aos pontos distribu\u00eddos na Etapa, diante [&hellip;]","og_url":"https:\/\/arquidiocesano.com\/ourobranco\/pedagogico\/processo-avaliativo\/recuperacao-de-etapa\/","og_site_name":"CAOB","article_publisher":"https:\/\/www.facebook.com\/CAOB2016","article_modified_time":"2026-04-10T16:33:49+00:00","twitter_card":"summary_large_image","twitter_misc":{"Est. tempo de leitura":"2 minutos"},"schema":{"@context":"https:\/\/schema.org","@graph":[{"@type":"WebPage","@id":"https:\/\/arquidiocesano.com\/ourobranco\/pedagogico\/processo-avaliativo\/recuperacao-de-etapa\/","url":"https:\/\/arquidiocesano.com\/ourobranco\/pedagogico\/processo-avaliativo\/recuperacao-de-etapa\/","name":"Recupera\u00e7\u00e3o de Etapa - CAOB","isPartOf":{"@id":"https:\/\/arquidiocesano.com\/ourobranco\/#website"},"datePublished":"2026-04-10T14:20:14+00:00","dateModified":"2026-04-10T16:33:49+00:00","breadcrumb":{"@id":"https:\/\/arquidiocesano.com\/ourobranco\/pedagogico\/processo-avaliativo\/recuperacao-de-etapa\/#breadcrumb"},"inLanguage":"pt-BR","potentialAction":[{"@type":"ReadAction","target":["https:\/\/arquidiocesano.com\/ourobranco\/pedagogico\/processo-avaliativo\/recuperacao-de-etapa\/"]}]},{"@type":"BreadcrumbList","@id":"https:\/\/arquidiocesano.com\/ourobranco\/pedagogico\/processo-avaliativo\/recuperacao-de-etapa\/#breadcrumb","itemListElement":[{"@type":"ListItem","position":1,"name":"In\u00edcio","item":"https:\/\/arquidiocesano.com\/ourobranco\/"},{"@type":"ListItem","position":2,"name":"Pedag\u00f3gico","item":"https:\/\/arquidiocesano.com\/ourobranco\/pedagogico\/"},{"@type":"ListItem","position":3,"name":"Processo Avaliativo","item":"https:\/\/arquidiocesano.com\/ourobranco\/pedagogico\/processo-avaliativo\/"},{"@type":"ListItem","position":4,"name":"Recupera\u00e7\u00e3o de Etapa"}]},{"@type":"WebSite","@id":"https:\/\/arquidiocesano.com\/ourobranco\/#website","url":"https:\/\/arquidiocesano.com\/ourobranco\/","name":"CAOB","description":"Col\u00e9gio Arquidiocesano de Ouro Branco","publisher":{"@id":"https:\/\/arquidiocesano.com\/ourobranco\/#organization"},"potentialAction":[{"@type":"SearchAction","target":{"@type":"EntryPoint","urlTemplate":"https:\/\/arquidiocesano.com\/ourobranco\/?s={search_term_string}"},"query-input":{"@type":"PropertyValueSpecification","valueRequired":true,"valueName":"search_term_string"}}],"inLanguage":"pt-BR"},{"@type":"Organization","@id":"https:\/\/arquidiocesano.com\/ourobranco\/#organization","name":"Col\u00e9gio Arquidiocesano de Ouro Branco","url":"https:\/\/arquidiocesano.com\/ourobranco\/","logo":{"@type":"ImageObject","inLanguage":"pt-BR","@id":"https:\/\/arquidiocesano.com\/ourobranco\/#\/schema\/logo\/image\/","url":"https:\/\/arquidiocesano.com\/ourobranco\/wp-content\/uploads\/2026\/04\/caob-imagem-destacada.png","contentUrl":"https:\/\/arquidiocesano.com\/ourobranco\/wp-content\/uploads\/2026\/04\/caob-imagem-destacada.png","width":1200,"height":1200,"caption":"Col\u00e9gio Arquidiocesano de Ouro Branco"},"image":{"@id":"https:\/\/arquidiocesano.com\/ourobranco\/#\/schema\/logo\/image\/"},"sameAs":["https:\/\/www.facebook.com\/CAOB2016","https:\/\/www.instagram.com\/caobourobranco\/"]}]}},"_links":{"self":[{"href":"https:\/\/arquidiocesano.com\/ourobranco\/wp-json\/wp\/v2\/pages\/1555","targetHints":{"allow":["GET"]}}],"collection":[{"href":"https:\/\/arquidiocesano.com\/ourobranco\/wp-json\/wp\/v2\/pages"}],"about":[{"href":"https:\/\/arquidiocesano.com\/ourobranco\/wp-json\/wp\/v2\/types\/page"}],"author":[{"embeddable":true,"href":"https:\/\/arquidiocesano.com\/ourobranco\/wp-json\/wp\/v2\/users\/1"}],"replies":[{"embeddable":true,"href":"https:\/\/arquidiocesano.com\/ourobranco\/wp-json\/wp\/v2\/comments?post=1555"}],"version-history":[{"count":7,"href":"https:\/\/arquidiocesano.com\/ourobranco\/wp-json\/wp\/v2\/pages\/1555\/revisions"}],"predecessor-version":[{"id":1641,"href":"https:\/\/arquidiocesano.com\/ourobranco\/wp-json\/wp\/v2\/pages\/1555\/revisions\/1641"}],"up":[{"embeddable":true,"href":"https:\/\/arquidiocesano.com\/ourobranco\/wp-json\/wp\/v2\/pages\/1549"}],"wp:attachment":[{"href":"https:\/\/arquidiocesano.com\/ourobranco\/wp-json\/wp\/v2\/media?parent=1555"}],"curies":[{"name":"wp","href":"https:\/\/api.w.org\/{rel}","templated":true}]}}