{"id":1551,"date":"2026-04-10T11:19:15","date_gmt":"2026-04-10T14:19:15","guid":{"rendered":"https:\/\/arquidiocesano.com\/ourobranco\/?page_id=1551"},"modified":"2026-04-28T18:17:20","modified_gmt":"2026-04-28T21:17:20","slug":"sistema-de-avaliacao","status":"publish","type":"page","link":"https:\/\/arquidiocesano.com\/ourobranco\/pedagogico\/processo-avaliativo\/sistema-de-avaliacao\/","title":{"rendered":"Sistema de Avalia\u00e7\u00e3o"},"content":{"rendered":"\t\t<div data-elementor-type=\"wp-page\" data-elementor-id=\"1551\" class=\"elementor elementor-1551\" data-elementor-post-type=\"page\">\n\t\t\t\t<div class=\"elementor-element elementor-element-0443bf2 e-flex e-con-boxed e-con e-parent\" data-id=\"0443bf2\" data-element_type=\"container\" data-e-type=\"container\" data-settings=\"{&quot;background_background&quot;:&quot;gradient&quot;}\">\n\t\t\t\t\t<div class=\"e-con-inner\">\n\t\t\t\t<div class=\"elementor-element elementor-element-3a96e88 elementor-align-center elementor-mobile-align-left elementor-widget elementor-widget-breadcrumbs\" data-id=\"3a96e88\" data-element_type=\"widget\" data-e-type=\"widget\" data-widget_type=\"breadcrumbs.default\">\n\t\t\t\t\t<p id=\"breadcrumbs\"><span><span><a href=\"https:\/\/arquidiocesano.com\/ourobranco\/\">In\u00edcio<\/a><\/span><\/span><\/p>\t\t\t\t<\/div>\n\t\t\t\t<div class=\"elementor-element elementor-element-3e87a01 elementor-widget elementor-widget-heading\" data-id=\"3e87a01\" data-element_type=\"widget\" data-e-type=\"widget\" data-widget_type=\"heading.default\">\n\t\t\t\t\t<h1 class=\"elementor-heading-title elementor-size-default\">Sistema de Avalia\u00e7\u00e3o<\/h1>\t\t\t\t<\/div>\n\t\t\t\t<div class=\"elementor-element elementor-element-63b2224 elementor-widget elementor-widget-heading\" data-id=\"63b2224\" data-element_type=\"widget\" data-e-type=\"widget\" data-widget_type=\"heading.default\">\n\t\t\t\t\t<h2 class=\"elementor-heading-title elementor-size-default\">Col\u00e9gio Arquidiocesano de Ouro Branco<\/h2>\t\t\t\t<\/div>\n\t\t\t\t\t<\/div>\n\t\t\t\t<\/div>\n\t\t<div class=\"elementor-element elementor-element-95e8f98 e-flex e-con-boxed e-con e-parent\" data-id=\"95e8f98\" data-element_type=\"container\" data-e-type=\"container\">\n\t\t\t\t\t<div class=\"e-con-inner\">\n\t\t\t\t<div class=\"elementor-element elementor-element-d56de56 elementor-widget elementor-widget-text-editor\" data-id=\"d56de56\" data-element_type=\"widget\" data-e-type=\"widget\" data-widget_type=\"text-editor.default\">\n\t\t\t\t\t\t\t\t\t<h5>Da Educa\u00e7\u00e3o Infantil<\/h5>\n<p>As atividades avaliativas do(a) educando(a) dever\u00e3o ser adequadas \u00e0 faixa et\u00e1ria e ao per\u00edodo em que estiver matriculado(a).<\/p>\n<p>Objetivando uma avalia\u00e7\u00e3o cont\u00ednua, a crian\u00e7a ser\u00e1 constantemente acompanhada, orientada, mediante registros e comunica\u00e7\u00e3o quanto ao desenvolvimento do processo educativo.<\/p>\n<p>A avalia\u00e7\u00e3o considerar\u00e1 o desempenho da crian\u00e7a, a capacidade em solucionar problemas propostos, diagn\u00f3sticos dos avan\u00e7os e dificuldades, caracter\u00edsticas inerentes ao processo de aprendizagem.<\/p>\n<p>A avalia\u00e7\u00e3o basear-se-\u00e1 em dois pressupostos:<\/p>\n<ul>\n<li>Observa\u00e7\u00e3o atenta e criteriosa sobre as manifesta\u00e7\u00f5es de cada crian\u00e7a;<\/li>\n<li>Reflex\u00e3o sobre o significado dessas manifesta\u00e7\u00f5es de acordo com o desenvolvimento do(a) educando(a).<\/li>\n<\/ul>\n<p>N\u00e3o haver\u00e1 avalia\u00e7\u00e3o quantitativa para efeitos de promo\u00e7\u00e3o ou reprova\u00e7\u00e3o, nem para ingresso no Ensino Fundamental.<\/p>\n<p>A Coordena\u00e7\u00e3o Pedag\u00f3gica, juntamente com os professores, definir\u00e3o os instrumentos de acompanhamento e de registro da aprendizagem do(a) aluno(a), com base nos aspectos cognitivo e psicossocial.<\/p>\n<p>De acordo com a Proposta Pedag\u00f3gica do Col\u00e9gio Arquidiocesano cada crian\u00e7a da Educa\u00e7\u00e3o Infantil ter\u00e1 ao final de cada Etapa Letiva uma Ficha de Avalia\u00e7\u00e3o e do Direito de Aprendizagem e Desenvolvimento, na qual contar\u00e3o Conceitos\/Habilidades referentes aos Campos de Experi\u00eancia e Componentes Curriculares propostos pela BNCC (Base Nacional Comum Curricular).<\/p>\n<h5>Do 1\u00ba Ano do Ensino Fundamental ao Ensino M\u00e9dio<\/h5>\n<p>O processo avaliativo para o(a) aluno(a) dos 1\u00bas Anos do Ensino Fundamental \u2013 Anos Iniciais ao Ensino M\u00e9dio pautar-se-\u00e1 em:<\/p>\n<ul>\n<li>Observa\u00e7\u00e3o, registro e reflex\u00e3o acerca do pensamento e da a\u00e7\u00e3o do educando;<\/li>\n<li>Uso de v\u00e1rios instrumentos de avalia\u00e7\u00e3o sintonizados com os objetivos do grupo e com as necessidades dos est\u00e1gios subsequentes;<\/li>\n<li>Considera\u00e7\u00e3o do processo de aprendizagem e dos aspectos atitudinais demonstrados pelo(a) aluno(a), mantendo um car\u00e1ter cont\u00ednuo e cumulativo.<\/li>\n<\/ul>\t\t\t\t\t\t\t\t<\/div>\n\t\t\t\t\t<\/div>\n\t\t\t\t<\/div>\n\t\t\t\t<\/div>\n\t\t","protected":false},"excerpt":{"rendered":"<p>Sistema de Avalia\u00e7\u00e3o Col\u00e9gio Arquidiocesano de Ouro Branco Da Educa\u00e7\u00e3o Infantil As atividades avaliativas do(a) educando(a) dever\u00e3o ser adequadas \u00e0 faixa et\u00e1ria e ao per\u00edodo em que estiver matriculado(a). Objetivando uma avalia\u00e7\u00e3o cont\u00ednua, a crian\u00e7a ser\u00e1 constantemente acompanhada, orientada, mediante registros e comunica\u00e7\u00e3o quanto ao desenvolvimento do processo educativo. A avalia\u00e7\u00e3o considerar\u00e1 o desempenho da [&hellip;]<\/p>\n","protected":false},"author":1,"featured_media":0,"parent":1549,"menu_order":0,"comment_status":"closed","ping_status":"closed","template":"","meta":{"inline_featured_image":false,"footnotes":""},"class_list":["post-1551","page","type-page","status-publish","hentry"],"yoast_head":"<!-- This site is optimized with the Yoast SEO plugin v27.4 - https:\/\/yoast.com\/product\/yoast-seo-wordpress\/ -->\n<title>Sistema de Avalia\u00e7\u00e3o - CAOB<\/title>\n<meta name=\"robots\" content=\"index, follow, max-snippet:-1, max-image-preview:large, max-video-preview:-1\" \/>\n<link rel=\"canonical\" href=\"https:\/\/arquidiocesano.com\/ourobranco\/pedagogico\/processo-avaliativo\/sistema-de-avaliacao\/\" \/>\n<meta property=\"og:locale\" content=\"pt_BR\" \/>\n<meta property=\"og:type\" content=\"article\" \/>\n<meta property=\"og:title\" content=\"Sistema de Avalia\u00e7\u00e3o - CAOB\" \/>\n<meta property=\"og:description\" content=\"Sistema de Avalia\u00e7\u00e3o Col\u00e9gio Arquidiocesano de Ouro Branco Da Educa\u00e7\u00e3o Infantil As atividades avaliativas do(a) educando(a) dever\u00e3o ser adequadas \u00e0 faixa et\u00e1ria e ao per\u00edodo em que estiver matriculado(a). Objetivando uma avalia\u00e7\u00e3o cont\u00ednua, a crian\u00e7a ser\u00e1 constantemente acompanhada, orientada, mediante registros e comunica\u00e7\u00e3o quanto ao desenvolvimento do processo educativo. A avalia\u00e7\u00e3o considerar\u00e1 o desempenho da [&hellip;]\" \/>\n<meta property=\"og:url\" content=\"https:\/\/arquidiocesano.com\/ourobranco\/pedagogico\/processo-avaliativo\/sistema-de-avaliacao\/\" \/>\n<meta property=\"og:site_name\" content=\"CAOB\" \/>\n<meta property=\"article:publisher\" content=\"https:\/\/www.facebook.com\/CAOB2016\" \/>\n<meta property=\"article:modified_time\" content=\"2026-04-28T21:17:20+00:00\" \/>\n<meta name=\"twitter:card\" content=\"summary_large_image\" \/>\n<meta name=\"twitter:label1\" content=\"Est. tempo de leitura\" \/>\n\t<meta name=\"twitter:data1\" content=\"2 minutos\" \/>\n<script type=\"application\/ld+json\" class=\"yoast-schema-graph\">{\"@context\":\"https:\\\/\\\/schema.org\",\"@graph\":[{\"@type\":\"WebPage\",\"@id\":\"https:\\\/\\\/arquidiocesano.com\\\/ourobranco\\\/pedagogico\\\/processo-avaliativo\\\/sistema-de-avaliacao\\\/\",\"url\":\"https:\\\/\\\/arquidiocesano.com\\\/ourobranco\\\/pedagogico\\\/processo-avaliativo\\\/sistema-de-avaliacao\\\/\",\"name\":\"Sistema de Avalia\u00e7\u00e3o - CAOB\",\"isPartOf\":{\"@id\":\"https:\\\/\\\/arquidiocesano.com\\\/ourobranco\\\/#website\"},\"datePublished\":\"2026-04-10T14:19:15+00:00\",\"dateModified\":\"2026-04-28T21:17:20+00:00\",\"breadcrumb\":{\"@id\":\"https:\\\/\\\/arquidiocesano.com\\\/ourobranco\\\/pedagogico\\\/processo-avaliativo\\\/sistema-de-avaliacao\\\/#breadcrumb\"},\"inLanguage\":\"pt-BR\",\"potentialAction\":[{\"@type\":\"ReadAction\",\"target\":[\"https:\\\/\\\/arquidiocesano.com\\\/ourobranco\\\/pedagogico\\\/processo-avaliativo\\\/sistema-de-avaliacao\\\/\"]}]},{\"@type\":\"BreadcrumbList\",\"@id\":\"https:\\\/\\\/arquidiocesano.com\\\/ourobranco\\\/pedagogico\\\/processo-avaliativo\\\/sistema-de-avaliacao\\\/#breadcrumb\",\"itemListElement\":[{\"@type\":\"ListItem\",\"position\":1,\"name\":\"In\u00edcio\",\"item\":\"https:\\\/\\\/arquidiocesano.com\\\/ourobranco\\\/\"},{\"@type\":\"ListItem\",\"position\":2,\"name\":\"Pedag\u00f3gico\",\"item\":\"https:\\\/\\\/arquidiocesano.com\\\/ourobranco\\\/pedagogico\\\/\"},{\"@type\":\"ListItem\",\"position\":3,\"name\":\"Processo Avaliativo\",\"item\":\"https:\\\/\\\/arquidiocesano.com\\\/ourobranco\\\/pedagogico\\\/processo-avaliativo\\\/\"},{\"@type\":\"ListItem\",\"position\":4,\"name\":\"Sistema de Avalia\u00e7\u00e3o\"}]},{\"@type\":\"WebSite\",\"@id\":\"https:\\\/\\\/arquidiocesano.com\\\/ourobranco\\\/#website\",\"url\":\"https:\\\/\\\/arquidiocesano.com\\\/ourobranco\\\/\",\"name\":\"CAOB\",\"description\":\"Col\u00e9gio Arquidiocesano de Ouro Branco\",\"publisher\":{\"@id\":\"https:\\\/\\\/arquidiocesano.com\\\/ourobranco\\\/#organization\"},\"potentialAction\":[{\"@type\":\"SearchAction\",\"target\":{\"@type\":\"EntryPoint\",\"urlTemplate\":\"https:\\\/\\\/arquidiocesano.com\\\/ourobranco\\\/?s={search_term_string}\"},\"query-input\":{\"@type\":\"PropertyValueSpecification\",\"valueRequired\":true,\"valueName\":\"search_term_string\"}}],\"inLanguage\":\"pt-BR\"},{\"@type\":\"Organization\",\"@id\":\"https:\\\/\\\/arquidiocesano.com\\\/ourobranco\\\/#organization\",\"name\":\"Col\u00e9gio Arquidiocesano de Ouro Branco\",\"url\":\"https:\\\/\\\/arquidiocesano.com\\\/ourobranco\\\/\",\"logo\":{\"@type\":\"ImageObject\",\"inLanguage\":\"pt-BR\",\"@id\":\"https:\\\/\\\/arquidiocesano.com\\\/ourobranco\\\/#\\\/schema\\\/logo\\\/image\\\/\",\"url\":\"https:\\\/\\\/arquidiocesano.com\\\/ourobranco\\\/wp-content\\\/uploads\\\/2026\\\/04\\\/caob-imagem-destacada.png\",\"contentUrl\":\"https:\\\/\\\/arquidiocesano.com\\\/ourobranco\\\/wp-content\\\/uploads\\\/2026\\\/04\\\/caob-imagem-destacada.png\",\"width\":1200,\"height\":1200,\"caption\":\"Col\u00e9gio Arquidiocesano de Ouro Branco\"},\"image\":{\"@id\":\"https:\\\/\\\/arquidiocesano.com\\\/ourobranco\\\/#\\\/schema\\\/logo\\\/image\\\/\"},\"sameAs\":[\"https:\\\/\\\/www.facebook.com\\\/CAOB2016\",\"https:\\\/\\\/www.instagram.com\\\/caobourobranco\\\/\"]}]}<\/script>\n<!-- \/ Yoast SEO plugin. -->","yoast_head_json":{"title":"Sistema de Avalia\u00e7\u00e3o - CAOB","robots":{"index":"index","follow":"follow","max-snippet":"max-snippet:-1","max-image-preview":"max-image-preview:large","max-video-preview":"max-video-preview:-1"},"canonical":"https:\/\/arquidiocesano.com\/ourobranco\/pedagogico\/processo-avaliativo\/sistema-de-avaliacao\/","og_locale":"pt_BR","og_type":"article","og_title":"Sistema de Avalia\u00e7\u00e3o - CAOB","og_description":"Sistema de Avalia\u00e7\u00e3o Col\u00e9gio Arquidiocesano de Ouro Branco Da Educa\u00e7\u00e3o Infantil As atividades avaliativas do(a) educando(a) dever\u00e3o ser adequadas \u00e0 faixa et\u00e1ria e ao per\u00edodo em que estiver matriculado(a). Objetivando uma avalia\u00e7\u00e3o cont\u00ednua, a crian\u00e7a ser\u00e1 constantemente acompanhada, orientada, mediante registros e comunica\u00e7\u00e3o quanto ao desenvolvimento do processo educativo. A avalia\u00e7\u00e3o considerar\u00e1 o desempenho da [&hellip;]","og_url":"https:\/\/arquidiocesano.com\/ourobranco\/pedagogico\/processo-avaliativo\/sistema-de-avaliacao\/","og_site_name":"CAOB","article_publisher":"https:\/\/www.facebook.com\/CAOB2016","article_modified_time":"2026-04-28T21:17:20+00:00","twitter_card":"summary_large_image","twitter_misc":{"Est. tempo de leitura":"2 minutos"},"schema":{"@context":"https:\/\/schema.org","@graph":[{"@type":"WebPage","@id":"https:\/\/arquidiocesano.com\/ourobranco\/pedagogico\/processo-avaliativo\/sistema-de-avaliacao\/","url":"https:\/\/arquidiocesano.com\/ourobranco\/pedagogico\/processo-avaliativo\/sistema-de-avaliacao\/","name":"Sistema de Avalia\u00e7\u00e3o - CAOB","isPartOf":{"@id":"https:\/\/arquidiocesano.com\/ourobranco\/#website"},"datePublished":"2026-04-10T14:19:15+00:00","dateModified":"2026-04-28T21:17:20+00:00","breadcrumb":{"@id":"https:\/\/arquidiocesano.com\/ourobranco\/pedagogico\/processo-avaliativo\/sistema-de-avaliacao\/#breadcrumb"},"inLanguage":"pt-BR","potentialAction":[{"@type":"ReadAction","target":["https:\/\/arquidiocesano.com\/ourobranco\/pedagogico\/processo-avaliativo\/sistema-de-avaliacao\/"]}]},{"@type":"BreadcrumbList","@id":"https:\/\/arquidiocesano.com\/ourobranco\/pedagogico\/processo-avaliativo\/sistema-de-avaliacao\/#breadcrumb","itemListElement":[{"@type":"ListItem","position":1,"name":"In\u00edcio","item":"https:\/\/arquidiocesano.com\/ourobranco\/"},{"@type":"ListItem","position":2,"name":"Pedag\u00f3gico","item":"https:\/\/arquidiocesano.com\/ourobranco\/pedagogico\/"},{"@type":"ListItem","position":3,"name":"Processo Avaliativo","item":"https:\/\/arquidiocesano.com\/ourobranco\/pedagogico\/processo-avaliativo\/"},{"@type":"ListItem","position":4,"name":"Sistema de Avalia\u00e7\u00e3o"}]},{"@type":"WebSite","@id":"https:\/\/arquidiocesano.com\/ourobranco\/#website","url":"https:\/\/arquidiocesano.com\/ourobranco\/","name":"CAOB","description":"Col\u00e9gio Arquidiocesano de Ouro Branco","publisher":{"@id":"https:\/\/arquidiocesano.com\/ourobranco\/#organization"},"potentialAction":[{"@type":"SearchAction","target":{"@type":"EntryPoint","urlTemplate":"https:\/\/arquidiocesano.com\/ourobranco\/?s={search_term_string}"},"query-input":{"@type":"PropertyValueSpecification","valueRequired":true,"valueName":"search_term_string"}}],"inLanguage":"pt-BR"},{"@type":"Organization","@id":"https:\/\/arquidiocesano.com\/ourobranco\/#organization","name":"Col\u00e9gio Arquidiocesano de Ouro Branco","url":"https:\/\/arquidiocesano.com\/ourobranco\/","logo":{"@type":"ImageObject","inLanguage":"pt-BR","@id":"https:\/\/arquidiocesano.com\/ourobranco\/#\/schema\/logo\/image\/","url":"https:\/\/arquidiocesano.com\/ourobranco\/wp-content\/uploads\/2026\/04\/caob-imagem-destacada.png","contentUrl":"https:\/\/arquidiocesano.com\/ourobranco\/wp-content\/uploads\/2026\/04\/caob-imagem-destacada.png","width":1200,"height":1200,"caption":"Col\u00e9gio Arquidiocesano de Ouro Branco"},"image":{"@id":"https:\/\/arquidiocesano.com\/ourobranco\/#\/schema\/logo\/image\/"},"sameAs":["https:\/\/www.facebook.com\/CAOB2016","https:\/\/www.instagram.com\/caobourobranco\/"]}]}},"_links":{"self":[{"href":"https:\/\/arquidiocesano.com\/ourobranco\/wp-json\/wp\/v2\/pages\/1551","targetHints":{"allow":["GET"]}}],"collection":[{"href":"https:\/\/arquidiocesano.com\/ourobranco\/wp-json\/wp\/v2\/pages"}],"about":[{"href":"https:\/\/arquidiocesano.com\/ourobranco\/wp-json\/wp\/v2\/types\/page"}],"author":[{"embeddable":true,"href":"https:\/\/arquidiocesano.com\/ourobranco\/wp-json\/wp\/v2\/users\/1"}],"replies":[{"embeddable":true,"href":"https:\/\/arquidiocesano.com\/ourobranco\/wp-json\/wp\/v2\/comments?post=1551"}],"version-history":[{"count":19,"href":"https:\/\/arquidiocesano.com\/ourobranco\/wp-json\/wp\/v2\/pages\/1551\/revisions"}],"predecessor-version":[{"id":2180,"href":"https:\/\/arquidiocesano.com\/ourobranco\/wp-json\/wp\/v2\/pages\/1551\/revisions\/2180"}],"up":[{"embeddable":true,"href":"https:\/\/arquidiocesano.com\/ourobranco\/wp-json\/wp\/v2\/pages\/1549"}],"wp:attachment":[{"href":"https:\/\/arquidiocesano.com\/ourobranco\/wp-json\/wp\/v2\/media?parent=1551"}],"curies":[{"name":"wp","href":"https:\/\/api.w.org\/{rel}","templated":true}]}}