{"id":1428,"date":"2026-04-10T10:14:18","date_gmt":"2026-04-10T13:14:18","guid":{"rendered":"https:\/\/arquidiocesano.com\/ourobranco\/?page_id=1428"},"modified":"2026-04-10T13:44:36","modified_gmt":"2026-04-10T16:44:36","slug":"orientacoes-para-pais","status":"publish","type":"page","link":"https:\/\/arquidiocesano.com\/ourobranco\/pedagogico\/apoio-ao-aluno\/orientacoes-para-pais\/","title":{"rendered":"Orienta\u00e7\u00f5es para Pais"},"content":{"rendered":"\t\t<div data-elementor-type=\"wp-page\" data-elementor-id=\"1428\" class=\"elementor elementor-1428\" data-elementor-post-type=\"page\">\n\t\t\t\t<div class=\"elementor-element elementor-element-5943fc9 e-flex e-con-boxed e-con e-parent\" data-id=\"5943fc9\" data-element_type=\"container\" data-e-type=\"container\" data-settings=\"{&quot;background_background&quot;:&quot;gradient&quot;}\">\n\t\t\t\t\t<div class=\"e-con-inner\">\n\t\t\t\t<div class=\"elementor-element elementor-element-db6685f elementor-align-center elementor-mobile-align-left elementor-widget elementor-widget-breadcrumbs\" data-id=\"db6685f\" data-element_type=\"widget\" data-e-type=\"widget\" data-widget_type=\"breadcrumbs.default\">\n\t\t\t\t\t<p id=\"breadcrumbs\"><span><span><a href=\"https:\/\/arquidiocesano.com\/ourobranco\/\">In\u00edcio<\/a><\/span><\/span><\/p>\t\t\t\t<\/div>\n\t\t\t\t<div class=\"elementor-element elementor-element-6a896bd elementor-widget elementor-widget-heading\" data-id=\"6a896bd\" data-element_type=\"widget\" data-e-type=\"widget\" data-widget_type=\"heading.default\">\n\t\t\t\t\t<h1 class=\"elementor-heading-title elementor-size-default\">Orienta\u00e7\u00f5es para Pais<\/h1>\t\t\t\t<\/div>\n\t\t\t\t<div class=\"elementor-element elementor-element-93ff500 elementor-widget elementor-widget-heading\" data-id=\"93ff500\" data-element_type=\"widget\" data-e-type=\"widget\" data-widget_type=\"heading.default\">\n\t\t\t\t\t<h2 class=\"elementor-heading-title elementor-size-default\">Col\u00e9gio Arquidiocesano de Ouro Branco<\/h2>\t\t\t\t<\/div>\n\t\t\t\t\t<\/div>\n\t\t\t\t<\/div>\n\t\t<div class=\"elementor-element elementor-element-f4e489d e-flex e-con-boxed e-con e-parent\" data-id=\"f4e489d\" data-element_type=\"container\" data-e-type=\"container\">\n\t\t\t\t\t<div class=\"e-con-inner\">\n\t\t\t\t<div class=\"elementor-element elementor-element-20bbc22 elementor-widget elementor-widget-text-editor\" data-id=\"20bbc22\" data-element_type=\"widget\" data-e-type=\"widget\" data-widget_type=\"text-editor.default\">\n\t\t\t\t\t\t\t\t\t<h5>Compromisso Fam\u00edlia\/Escola<\/h5><p>A fam\u00edlia assume o compromisso de fazer-se presente no Col\u00e9gio todas as vezes que for feito o convite formal ou quando do interesse dela, marcando previamente com o Setor de Orienta\u00e7\u00e3o Educacional, para acompanhar o processo de aprendizagem de seu filho.<\/p><p>Cabe \u00e0 fam\u00edlia estar atenta aos seguintes aspectos:<\/p><ol><li>Possibilitar que seu(sua) filho(a) sejam ass\u00edduo e pontual, cumprindo os hor\u00e1rios fixados pelo Col\u00e9gio;<\/li><li>Garantir que o(a) aluno(a) venha sempre uniformizado, portando o material necess\u00e1rio;<\/li><li>Conferir todos os dias os comunicados via aplicativo escolar, respondendo-os, quando for o caso. Al\u00e9m do aplicativo escolar, os comunicados tamb\u00e9m ser\u00e3o enviados pela agenda f\u00edsica dos alunos da Educa\u00e7\u00e3o Infantil e Ensino Fundamental, e atrav\u00e9s de bilhete f\u00edsico para os alunos do Fundamental II e Ensino M\u00e9dio;<\/li><li>Acompanhar todas as atividades escolares de seu(sua) filho(a), a fim de verificar o seu desenvolvimento durante o processo de aprendizagem;<\/li><li>Assumir a responsabilidade de adquirir, anualmente, todo o material escolar e did\u00e1tico em conformidade com a Proposta Pedag\u00f3gica do Col\u00e9gio;<\/li><li>Conhecer e cumprir as propostas do Projeto Pol\u00edtico Pedag\u00f3gico, do Regimento Interno e do Calend\u00e1rio Escolar;<\/li><li>Responsabilizar-se pelo transporte do(a) aluno(a) at\u00e9 o Col\u00e9gio; o contratante e\/ou realizador do transporte deve estar atento aos hor\u00e1rios dos turnos escolares no que diz respeito \u00e0 chegada e \u00e0 sa\u00edda do(a) aluno(a);<\/li><li>Responsabilizar-se pelas consequ\u00eancias advindas do descumprimento das obriga\u00e7\u00f5es citadas anteriormente.<\/li><\/ol><h5>Estudo Di\u00e1rio<\/h5><p>H\u00e1bitos di\u00e1rios de estudo s\u00e3o fundamentais para o desempenho escolar do(a) aluno(a), favorecendo positivamente o processo de ensino aprendizagem.<\/p><p>As atividades encaminhadas para serem realizadas em casa s\u00e3o de suma import\u00e2ncia e n\u00e3o substituem o ato de estudar.\u00a0 Elas t\u00eam como finalidade desenvolver no(a) aluno(a) a responsabilidade e o senso de cumprimento do dever. S\u00e3o tamb\u00e9m indicadoras do compromisso que o(a) aluno(a) tem com o Col\u00e9gio, porque permitem perceber se ele est\u00e1 sintonizado com as regras da Institui\u00e7\u00e3o.<\/p><p>Por isso, para garantir a efetiva aprendizagem, \u00e9 necess\u00e1rio que o(a) aluno(a) se organize, definindo hor\u00e1rios di\u00e1rios sistem\u00e1ticos, para fazer o dever de casa e estudar os conte\u00fados trabalhados em sala de aula.<\/p>\t\t\t\t\t\t\t\t<\/div>\n\t\t\t\t\t<\/div>\n\t\t\t\t<\/div>\n\t\t\t\t<\/div>\n\t\t","protected":false},"excerpt":{"rendered":"<p>Orienta\u00e7\u00f5es para Pais Col\u00e9gio Arquidiocesano de Ouro Branco Compromisso Fam\u00edlia\/Escola A fam\u00edlia assume o compromisso de fazer-se presente no Col\u00e9gio todas as vezes que for feito o convite formal ou quando do interesse dela, marcando previamente com o Setor de Orienta\u00e7\u00e3o Educacional, para acompanhar o processo de aprendizagem de seu filho. Cabe \u00e0 fam\u00edlia estar [&hellip;]<\/p>\n","protected":false},"author":1,"featured_media":0,"parent":1418,"menu_order":0,"comment_status":"closed","ping_status":"closed","template":"","meta":{"inline_featured_image":false,"footnotes":""},"class_list":["post-1428","page","type-page","status-publish","hentry"],"yoast_head":"<!-- This site is optimized with the Yoast SEO plugin v27.4 - https:\/\/yoast.com\/product\/yoast-seo-wordpress\/ -->\n<title>Orienta\u00e7\u00f5es para Pais - CAOB<\/title>\n<meta name=\"robots\" content=\"index, follow, max-snippet:-1, max-image-preview:large, max-video-preview:-1\" \/>\n<link rel=\"canonical\" href=\"https:\/\/arquidiocesano.com\/ourobranco\/pedagogico\/apoio-ao-aluno\/orientacoes-para-pais\/\" \/>\n<meta property=\"og:locale\" content=\"pt_BR\" \/>\n<meta property=\"og:type\" content=\"article\" \/>\n<meta property=\"og:title\" content=\"Orienta\u00e7\u00f5es para Pais - CAOB\" \/>\n<meta property=\"og:description\" content=\"Orienta\u00e7\u00f5es para Pais Col\u00e9gio Arquidiocesano de Ouro Branco Compromisso Fam\u00edlia\/Escola A fam\u00edlia assume o compromisso de fazer-se presente no Col\u00e9gio todas as vezes que for feito o convite formal ou quando do interesse dela, marcando previamente com o Setor de Orienta\u00e7\u00e3o Educacional, para acompanhar o processo de aprendizagem de seu filho. Cabe \u00e0 fam\u00edlia estar [&hellip;]\" \/>\n<meta property=\"og:url\" content=\"https:\/\/arquidiocesano.com\/ourobranco\/pedagogico\/apoio-ao-aluno\/orientacoes-para-pais\/\" \/>\n<meta property=\"og:site_name\" content=\"CAOB\" \/>\n<meta property=\"article:publisher\" content=\"https:\/\/www.facebook.com\/CAOB2016\" \/>\n<meta property=\"article:modified_time\" content=\"2026-04-10T16:44:36+00:00\" \/>\n<meta name=\"twitter:card\" content=\"summary_large_image\" \/>\n<meta name=\"twitter:label1\" content=\"Est. tempo de leitura\" \/>\n\t<meta name=\"twitter:data1\" content=\"2 minutos\" \/>\n<script type=\"application\/ld+json\" class=\"yoast-schema-graph\">{\"@context\":\"https:\\\/\\\/schema.org\",\"@graph\":[{\"@type\":\"WebPage\",\"@id\":\"https:\\\/\\\/arquidiocesano.com\\\/ourobranco\\\/pedagogico\\\/apoio-ao-aluno\\\/orientacoes-para-pais\\\/\",\"url\":\"https:\\\/\\\/arquidiocesano.com\\\/ourobranco\\\/pedagogico\\\/apoio-ao-aluno\\\/orientacoes-para-pais\\\/\",\"name\":\"Orienta\u00e7\u00f5es para Pais - CAOB\",\"isPartOf\":{\"@id\":\"https:\\\/\\\/arquidiocesano.com\\\/ourobranco\\\/#website\"},\"datePublished\":\"2026-04-10T13:14:18+00:00\",\"dateModified\":\"2026-04-10T16:44:36+00:00\",\"breadcrumb\":{\"@id\":\"https:\\\/\\\/arquidiocesano.com\\\/ourobranco\\\/pedagogico\\\/apoio-ao-aluno\\\/orientacoes-para-pais\\\/#breadcrumb\"},\"inLanguage\":\"pt-BR\",\"potentialAction\":[{\"@type\":\"ReadAction\",\"target\":[\"https:\\\/\\\/arquidiocesano.com\\\/ourobranco\\\/pedagogico\\\/apoio-ao-aluno\\\/orientacoes-para-pais\\\/\"]}]},{\"@type\":\"BreadcrumbList\",\"@id\":\"https:\\\/\\\/arquidiocesano.com\\\/ourobranco\\\/pedagogico\\\/apoio-ao-aluno\\\/orientacoes-para-pais\\\/#breadcrumb\",\"itemListElement\":[{\"@type\":\"ListItem\",\"position\":1,\"name\":\"In\u00edcio\",\"item\":\"https:\\\/\\\/arquidiocesano.com\\\/ourobranco\\\/\"},{\"@type\":\"ListItem\",\"position\":2,\"name\":\"Pedag\u00f3gico\",\"item\":\"https:\\\/\\\/arquidiocesano.com\\\/ourobranco\\\/pedagogico\\\/\"},{\"@type\":\"ListItem\",\"position\":3,\"name\":\"Apoio ao Aluno\",\"item\":\"https:\\\/\\\/arquidiocesano.com\\\/ourobranco\\\/pedagogico\\\/apoio-ao-aluno\\\/\"},{\"@type\":\"ListItem\",\"position\":4,\"name\":\"Orienta\u00e7\u00f5es para Pais\"}]},{\"@type\":\"WebSite\",\"@id\":\"https:\\\/\\\/arquidiocesano.com\\\/ourobranco\\\/#website\",\"url\":\"https:\\\/\\\/arquidiocesano.com\\\/ourobranco\\\/\",\"name\":\"CAOB\",\"description\":\"Col\u00e9gio Arquidiocesano de Ouro Branco\",\"publisher\":{\"@id\":\"https:\\\/\\\/arquidiocesano.com\\\/ourobranco\\\/#organization\"},\"potentialAction\":[{\"@type\":\"SearchAction\",\"target\":{\"@type\":\"EntryPoint\",\"urlTemplate\":\"https:\\\/\\\/arquidiocesano.com\\\/ourobranco\\\/?s={search_term_string}\"},\"query-input\":{\"@type\":\"PropertyValueSpecification\",\"valueRequired\":true,\"valueName\":\"search_term_string\"}}],\"inLanguage\":\"pt-BR\"},{\"@type\":\"Organization\",\"@id\":\"https:\\\/\\\/arquidiocesano.com\\\/ourobranco\\\/#organization\",\"name\":\"Col\u00e9gio Arquidiocesano de Ouro Branco\",\"url\":\"https:\\\/\\\/arquidiocesano.com\\\/ourobranco\\\/\",\"logo\":{\"@type\":\"ImageObject\",\"inLanguage\":\"pt-BR\",\"@id\":\"https:\\\/\\\/arquidiocesano.com\\\/ourobranco\\\/#\\\/schema\\\/logo\\\/image\\\/\",\"url\":\"https:\\\/\\\/arquidiocesano.com\\\/ourobranco\\\/wp-content\\\/uploads\\\/2026\\\/04\\\/caob-imagem-destacada.png\",\"contentUrl\":\"https:\\\/\\\/arquidiocesano.com\\\/ourobranco\\\/wp-content\\\/uploads\\\/2026\\\/04\\\/caob-imagem-destacada.png\",\"width\":1200,\"height\":1200,\"caption\":\"Col\u00e9gio Arquidiocesano de Ouro Branco\"},\"image\":{\"@id\":\"https:\\\/\\\/arquidiocesano.com\\\/ourobranco\\\/#\\\/schema\\\/logo\\\/image\\\/\"},\"sameAs\":[\"https:\\\/\\\/www.facebook.com\\\/CAOB2016\",\"https:\\\/\\\/www.instagram.com\\\/caobourobranco\\\/\"]}]}<\/script>\n<!-- \/ Yoast SEO plugin. -->","yoast_head_json":{"title":"Orienta\u00e7\u00f5es para Pais - CAOB","robots":{"index":"index","follow":"follow","max-snippet":"max-snippet:-1","max-image-preview":"max-image-preview:large","max-video-preview":"max-video-preview:-1"},"canonical":"https:\/\/arquidiocesano.com\/ourobranco\/pedagogico\/apoio-ao-aluno\/orientacoes-para-pais\/","og_locale":"pt_BR","og_type":"article","og_title":"Orienta\u00e7\u00f5es para Pais - CAOB","og_description":"Orienta\u00e7\u00f5es para Pais Col\u00e9gio Arquidiocesano de Ouro Branco Compromisso Fam\u00edlia\/Escola A fam\u00edlia assume o compromisso de fazer-se presente no Col\u00e9gio todas as vezes que for feito o convite formal ou quando do interesse dela, marcando previamente com o Setor de Orienta\u00e7\u00e3o Educacional, para acompanhar o processo de aprendizagem de seu filho. Cabe \u00e0 fam\u00edlia estar [&hellip;]","og_url":"https:\/\/arquidiocesano.com\/ourobranco\/pedagogico\/apoio-ao-aluno\/orientacoes-para-pais\/","og_site_name":"CAOB","article_publisher":"https:\/\/www.facebook.com\/CAOB2016","article_modified_time":"2026-04-10T16:44:36+00:00","twitter_card":"summary_large_image","twitter_misc":{"Est. tempo de leitura":"2 minutos"},"schema":{"@context":"https:\/\/schema.org","@graph":[{"@type":"WebPage","@id":"https:\/\/arquidiocesano.com\/ourobranco\/pedagogico\/apoio-ao-aluno\/orientacoes-para-pais\/","url":"https:\/\/arquidiocesano.com\/ourobranco\/pedagogico\/apoio-ao-aluno\/orientacoes-para-pais\/","name":"Orienta\u00e7\u00f5es para Pais - CAOB","isPartOf":{"@id":"https:\/\/arquidiocesano.com\/ourobranco\/#website"},"datePublished":"2026-04-10T13:14:18+00:00","dateModified":"2026-04-10T16:44:36+00:00","breadcrumb":{"@id":"https:\/\/arquidiocesano.com\/ourobranco\/pedagogico\/apoio-ao-aluno\/orientacoes-para-pais\/#breadcrumb"},"inLanguage":"pt-BR","potentialAction":[{"@type":"ReadAction","target":["https:\/\/arquidiocesano.com\/ourobranco\/pedagogico\/apoio-ao-aluno\/orientacoes-para-pais\/"]}]},{"@type":"BreadcrumbList","@id":"https:\/\/arquidiocesano.com\/ourobranco\/pedagogico\/apoio-ao-aluno\/orientacoes-para-pais\/#breadcrumb","itemListElement":[{"@type":"ListItem","position":1,"name":"In\u00edcio","item":"https:\/\/arquidiocesano.com\/ourobranco\/"},{"@type":"ListItem","position":2,"name":"Pedag\u00f3gico","item":"https:\/\/arquidiocesano.com\/ourobranco\/pedagogico\/"},{"@type":"ListItem","position":3,"name":"Apoio ao Aluno","item":"https:\/\/arquidiocesano.com\/ourobranco\/pedagogico\/apoio-ao-aluno\/"},{"@type":"ListItem","position":4,"name":"Orienta\u00e7\u00f5es para Pais"}]},{"@type":"WebSite","@id":"https:\/\/arquidiocesano.com\/ourobranco\/#website","url":"https:\/\/arquidiocesano.com\/ourobranco\/","name":"CAOB","description":"Col\u00e9gio Arquidiocesano de Ouro Branco","publisher":{"@id":"https:\/\/arquidiocesano.com\/ourobranco\/#organization"},"potentialAction":[{"@type":"SearchAction","target":{"@type":"EntryPoint","urlTemplate":"https:\/\/arquidiocesano.com\/ourobranco\/?s={search_term_string}"},"query-input":{"@type":"PropertyValueSpecification","valueRequired":true,"valueName":"search_term_string"}}],"inLanguage":"pt-BR"},{"@type":"Organization","@id":"https:\/\/arquidiocesano.com\/ourobranco\/#organization","name":"Col\u00e9gio Arquidiocesano de Ouro Branco","url":"https:\/\/arquidiocesano.com\/ourobranco\/","logo":{"@type":"ImageObject","inLanguage":"pt-BR","@id":"https:\/\/arquidiocesano.com\/ourobranco\/#\/schema\/logo\/image\/","url":"https:\/\/arquidiocesano.com\/ourobranco\/wp-content\/uploads\/2026\/04\/caob-imagem-destacada.png","contentUrl":"https:\/\/arquidiocesano.com\/ourobranco\/wp-content\/uploads\/2026\/04\/caob-imagem-destacada.png","width":1200,"height":1200,"caption":"Col\u00e9gio Arquidiocesano de Ouro Branco"},"image":{"@id":"https:\/\/arquidiocesano.com\/ourobranco\/#\/schema\/logo\/image\/"},"sameAs":["https:\/\/www.facebook.com\/CAOB2016","https:\/\/www.instagram.com\/caobourobranco\/"]}]}},"_links":{"self":[{"href":"https:\/\/arquidiocesano.com\/ourobranco\/wp-json\/wp\/v2\/pages\/1428","targetHints":{"allow":["GET"]}}],"collection":[{"href":"https:\/\/arquidiocesano.com\/ourobranco\/wp-json\/wp\/v2\/pages"}],"about":[{"href":"https:\/\/arquidiocesano.com\/ourobranco\/wp-json\/wp\/v2\/types\/page"}],"author":[{"embeddable":true,"href":"https:\/\/arquidiocesano.com\/ourobranco\/wp-json\/wp\/v2\/users\/1"}],"replies":[{"embeddable":true,"href":"https:\/\/arquidiocesano.com\/ourobranco\/wp-json\/wp\/v2\/comments?post=1428"}],"version-history":[{"count":10,"href":"https:\/\/arquidiocesano.com\/ourobranco\/wp-json\/wp\/v2\/pages\/1428\/revisions"}],"predecessor-version":[{"id":1654,"href":"https:\/\/arquidiocesano.com\/ourobranco\/wp-json\/wp\/v2\/pages\/1428\/revisions\/1654"}],"up":[{"embeddable":true,"href":"https:\/\/arquidiocesano.com\/ourobranco\/wp-json\/wp\/v2\/pages\/1418"}],"wp:attachment":[{"href":"https:\/\/arquidiocesano.com\/ourobranco\/wp-json\/wp\/v2\/media?parent=1428"}],"curies":[{"name":"wp","href":"https:\/\/api.w.org\/{rel}","templated":true}]}}