{"id":1390,"date":"2026-04-10T09:52:40","date_gmt":"2026-04-10T12:52:40","guid":{"rendered":"https:\/\/arquidiocesano.com\/ourobranco\/?page_id=1390"},"modified":"2026-04-27T18:20:50","modified_gmt":"2026-04-27T21:20:50","slug":"uniforme-escolar","status":"publish","type":"page","link":"https:\/\/arquidiocesano.com\/ourobranco\/pedagogico\/rotina-escolar\/uniforme-escolar\/","title":{"rendered":"Uniforme Escolar"},"content":{"rendered":"\t\t<div data-elementor-type=\"wp-page\" data-elementor-id=\"1390\" class=\"elementor elementor-1390\" data-elementor-post-type=\"page\">\n\t\t\t\t<div class=\"elementor-element elementor-element-a613374 e-flex e-con-boxed e-con e-parent\" data-id=\"a613374\" data-element_type=\"container\" data-e-type=\"container\" data-settings=\"{&quot;background_background&quot;:&quot;gradient&quot;}\">\n\t\t\t\t\t<div class=\"e-con-inner\">\n\t\t\t\t<div class=\"elementor-element elementor-element-9f746ce elementor-align-center elementor-mobile-align-left elementor-widget elementor-widget-breadcrumbs\" data-id=\"9f746ce\" data-element_type=\"widget\" data-e-type=\"widget\" data-widget_type=\"breadcrumbs.default\">\n\t\t\t\t\t<p id=\"breadcrumbs\"><span><span><a href=\"https:\/\/arquidiocesano.com\/ourobranco\/\">In\u00edcio<\/a><\/span><\/span><\/p>\t\t\t\t<\/div>\n\t\t\t\t<div class=\"elementor-element elementor-element-36fa6e8 elementor-widget elementor-widget-heading\" data-id=\"36fa6e8\" data-element_type=\"widget\" data-e-type=\"widget\" data-widget_type=\"heading.default\">\n\t\t\t\t\t<h1 class=\"elementor-heading-title elementor-size-default\">Uniforme Escolar<\/h1>\t\t\t\t<\/div>\n\t\t\t\t<div class=\"elementor-element elementor-element-37a5b3b elementor-widget elementor-widget-heading\" data-id=\"37a5b3b\" data-element_type=\"widget\" data-e-type=\"widget\" data-widget_type=\"heading.default\">\n\t\t\t\t\t<h2 class=\"elementor-heading-title elementor-size-default\">Col\u00e9gio Arquidiocesano de Ouro Branco<\/h2>\t\t\t\t<\/div>\n\t\t\t\t\t<\/div>\n\t\t\t\t<\/div>\n\t\t<div class=\"elementor-element elementor-element-45b6848 e-flex e-con-boxed e-con e-parent\" data-id=\"45b6848\" data-element_type=\"container\" data-e-type=\"container\">\n\t\t\t\t\t<div class=\"e-con-inner\">\n\t\t\t\t<div class=\"elementor-element elementor-element-77eb48e elementor-widget elementor-widget-text-editor\" data-id=\"77eb48e\" data-element_type=\"widget\" data-e-type=\"widget\" data-widget_type=\"text-editor.default\">\n\t\t\t\t\t\t\t\t\t<div data-canvas-width=\"331.32\">\n<div data-canvas-width=\"326.8999999999999\">\n<p>\u00c9 importante que todos(as) os(as) alunos(as) do Col\u00e9gio Arquidiocesano usem o Uniforme indicado pela Institui\u00e7\u00e3o. O uso do uniforme \u00e9 obrigat\u00f3rio para a frequ\u00eancia \u00e0s aulas e demais atividades escolares, pois ele \u00e9 refer\u00eancia e identifica\u00e7\u00e3o do(a) aluno(a).<\/p>\n<p>Salienta-se, nesse sentido, que usar um Uniforme \u00e9 um aspecto disciplinar e organizacional. Al\u00e9m disso, desenvolve no(a) aluno(a), um sentimento de pertencimento ao grupo, fundamental no desenvolvimento psicossocial do indiv\u00edduo.<\/p>\n<p>Tamb\u00e9m integra o Uniforme o cal\u00e7ado. Sand\u00e1lias, sapatos de salto, botas, t\u00eanis de roda, chinelos n\u00e3o s\u00e3o apropriados. Por quest\u00f5es de seguran\u00e7a do(a) aluno(a), \u00e9 recomend\u00e1vel utilizar t\u00eanis para que possa caminhar, jogar bola, fazer Educa\u00e7\u00e3o F\u00edsica e outras atividades.<\/p>\n<\/div>\n<\/div>\t\t\t\t\t\t\t\t<\/div>\n\t\t\t\t\t<\/div>\n\t\t\t\t<\/div>\n\t\t\t\t<\/div>\n\t\t","protected":false},"excerpt":{"rendered":"<p>Uniforme Escolar Col\u00e9gio Arquidiocesano de Ouro Branco \u00c9 importante que todos(as) os(as) alunos(as) do Col\u00e9gio Arquidiocesano usem o Uniforme indicado pela Institui\u00e7\u00e3o. O uso do uniforme \u00e9 obrigat\u00f3rio para a frequ\u00eancia \u00e0s aulas e demais atividades escolares, pois ele \u00e9 refer\u00eancia e identifica\u00e7\u00e3o do(a) aluno(a). Salienta-se, nesse sentido, que usar um Uniforme \u00e9 um aspecto [&hellip;]<\/p>\n","protected":false},"author":1,"featured_media":0,"parent":1386,"menu_order":0,"comment_status":"closed","ping_status":"closed","template":"","meta":{"inline_featured_image":false,"footnotes":""},"class_list":["post-1390","page","type-page","status-publish","hentry"],"yoast_head":"<!-- This site is optimized with the Yoast SEO plugin v27.4 - https:\/\/yoast.com\/product\/yoast-seo-wordpress\/ -->\n<title>Uniforme Escolar - CAOB<\/title>\n<meta name=\"robots\" content=\"index, follow, max-snippet:-1, max-image-preview:large, max-video-preview:-1\" \/>\n<link rel=\"canonical\" href=\"https:\/\/arquidiocesano.com\/ourobranco\/pedagogico\/rotina-escolar\/uniforme-escolar\/\" \/>\n<meta property=\"og:locale\" content=\"pt_BR\" \/>\n<meta property=\"og:type\" content=\"article\" \/>\n<meta property=\"og:title\" content=\"Uniforme Escolar - CAOB\" \/>\n<meta property=\"og:description\" content=\"Uniforme Escolar Col\u00e9gio Arquidiocesano de Ouro Branco \u00c9 importante que todos(as) os(as) alunos(as) do Col\u00e9gio Arquidiocesano usem o Uniforme indicado pela Institui\u00e7\u00e3o. O uso do uniforme \u00e9 obrigat\u00f3rio para a frequ\u00eancia \u00e0s aulas e demais atividades escolares, pois ele \u00e9 refer\u00eancia e identifica\u00e7\u00e3o do(a) aluno(a). Salienta-se, nesse sentido, que usar um Uniforme \u00e9 um aspecto [&hellip;]\" \/>\n<meta property=\"og:url\" content=\"https:\/\/arquidiocesano.com\/ourobranco\/pedagogico\/rotina-escolar\/uniforme-escolar\/\" \/>\n<meta property=\"og:site_name\" content=\"CAOB\" \/>\n<meta property=\"article:publisher\" content=\"https:\/\/www.facebook.com\/CAOB2016\" \/>\n<meta property=\"article:modified_time\" content=\"2026-04-27T21:20:50+00:00\" \/>\n<meta name=\"twitter:card\" content=\"summary_large_image\" \/>\n<meta name=\"twitter:label1\" content=\"Est. tempo de leitura\" \/>\n\t<meta name=\"twitter:data1\" content=\"1 minuto\" \/>\n<script type=\"application\/ld+json\" class=\"yoast-schema-graph\">{\"@context\":\"https:\\\/\\\/schema.org\",\"@graph\":[{\"@type\":\"WebPage\",\"@id\":\"https:\\\/\\\/arquidiocesano.com\\\/ourobranco\\\/pedagogico\\\/rotina-escolar\\\/uniforme-escolar\\\/\",\"url\":\"https:\\\/\\\/arquidiocesano.com\\\/ourobranco\\\/pedagogico\\\/rotina-escolar\\\/uniforme-escolar\\\/\",\"name\":\"Uniforme Escolar - CAOB\",\"isPartOf\":{\"@id\":\"https:\\\/\\\/arquidiocesano.com\\\/ourobranco\\\/#website\"},\"datePublished\":\"2026-04-10T12:52:40+00:00\",\"dateModified\":\"2026-04-27T21:20:50+00:00\",\"breadcrumb\":{\"@id\":\"https:\\\/\\\/arquidiocesano.com\\\/ourobranco\\\/pedagogico\\\/rotina-escolar\\\/uniforme-escolar\\\/#breadcrumb\"},\"inLanguage\":\"pt-BR\",\"potentialAction\":[{\"@type\":\"ReadAction\",\"target\":[\"https:\\\/\\\/arquidiocesano.com\\\/ourobranco\\\/pedagogico\\\/rotina-escolar\\\/uniforme-escolar\\\/\"]}]},{\"@type\":\"BreadcrumbList\",\"@id\":\"https:\\\/\\\/arquidiocesano.com\\\/ourobranco\\\/pedagogico\\\/rotina-escolar\\\/uniforme-escolar\\\/#breadcrumb\",\"itemListElement\":[{\"@type\":\"ListItem\",\"position\":1,\"name\":\"In\u00edcio\",\"item\":\"https:\\\/\\\/arquidiocesano.com\\\/ourobranco\\\/\"},{\"@type\":\"ListItem\",\"position\":2,\"name\":\"Pedag\u00f3gico\",\"item\":\"https:\\\/\\\/arquidiocesano.com\\\/ourobranco\\\/pedagogico\\\/\"},{\"@type\":\"ListItem\",\"position\":3,\"name\":\"Rotina Escolar\",\"item\":\"https:\\\/\\\/arquidiocesano.com\\\/ourobranco\\\/pedagogico\\\/rotina-escolar\\\/\"},{\"@type\":\"ListItem\",\"position\":4,\"name\":\"Uniforme Escolar\"}]},{\"@type\":\"WebSite\",\"@id\":\"https:\\\/\\\/arquidiocesano.com\\\/ourobranco\\\/#website\",\"url\":\"https:\\\/\\\/arquidiocesano.com\\\/ourobranco\\\/\",\"name\":\"CAOB\",\"description\":\"Col\u00e9gio Arquidiocesano de Ouro Branco\",\"publisher\":{\"@id\":\"https:\\\/\\\/arquidiocesano.com\\\/ourobranco\\\/#organization\"},\"potentialAction\":[{\"@type\":\"SearchAction\",\"target\":{\"@type\":\"EntryPoint\",\"urlTemplate\":\"https:\\\/\\\/arquidiocesano.com\\\/ourobranco\\\/?s={search_term_string}\"},\"query-input\":{\"@type\":\"PropertyValueSpecification\",\"valueRequired\":true,\"valueName\":\"search_term_string\"}}],\"inLanguage\":\"pt-BR\"},{\"@type\":\"Organization\",\"@id\":\"https:\\\/\\\/arquidiocesano.com\\\/ourobranco\\\/#organization\",\"name\":\"Col\u00e9gio Arquidiocesano de Ouro Branco\",\"url\":\"https:\\\/\\\/arquidiocesano.com\\\/ourobranco\\\/\",\"logo\":{\"@type\":\"ImageObject\",\"inLanguage\":\"pt-BR\",\"@id\":\"https:\\\/\\\/arquidiocesano.com\\\/ourobranco\\\/#\\\/schema\\\/logo\\\/image\\\/\",\"url\":\"https:\\\/\\\/arquidiocesano.com\\\/ourobranco\\\/wp-content\\\/uploads\\\/2026\\\/04\\\/caob-imagem-destacada.png\",\"contentUrl\":\"https:\\\/\\\/arquidiocesano.com\\\/ourobranco\\\/wp-content\\\/uploads\\\/2026\\\/04\\\/caob-imagem-destacada.png\",\"width\":1200,\"height\":1200,\"caption\":\"Col\u00e9gio Arquidiocesano de Ouro Branco\"},\"image\":{\"@id\":\"https:\\\/\\\/arquidiocesano.com\\\/ourobranco\\\/#\\\/schema\\\/logo\\\/image\\\/\"},\"sameAs\":[\"https:\\\/\\\/www.facebook.com\\\/CAOB2016\",\"https:\\\/\\\/www.instagram.com\\\/caobourobranco\\\/\"]}]}<\/script>\n<!-- \/ Yoast SEO plugin. -->","yoast_head_json":{"title":"Uniforme Escolar - CAOB","robots":{"index":"index","follow":"follow","max-snippet":"max-snippet:-1","max-image-preview":"max-image-preview:large","max-video-preview":"max-video-preview:-1"},"canonical":"https:\/\/arquidiocesano.com\/ourobranco\/pedagogico\/rotina-escolar\/uniforme-escolar\/","og_locale":"pt_BR","og_type":"article","og_title":"Uniforme Escolar - CAOB","og_description":"Uniforme Escolar Col\u00e9gio Arquidiocesano de Ouro Branco \u00c9 importante que todos(as) os(as) alunos(as) do Col\u00e9gio Arquidiocesano usem o Uniforme indicado pela Institui\u00e7\u00e3o. O uso do uniforme \u00e9 obrigat\u00f3rio para a frequ\u00eancia \u00e0s aulas e demais atividades escolares, pois ele \u00e9 refer\u00eancia e identifica\u00e7\u00e3o do(a) aluno(a). Salienta-se, nesse sentido, que usar um Uniforme \u00e9 um aspecto [&hellip;]","og_url":"https:\/\/arquidiocesano.com\/ourobranco\/pedagogico\/rotina-escolar\/uniforme-escolar\/","og_site_name":"CAOB","article_publisher":"https:\/\/www.facebook.com\/CAOB2016","article_modified_time":"2026-04-27T21:20:50+00:00","twitter_card":"summary_large_image","twitter_misc":{"Est. tempo de leitura":"1 minuto"},"schema":{"@context":"https:\/\/schema.org","@graph":[{"@type":"WebPage","@id":"https:\/\/arquidiocesano.com\/ourobranco\/pedagogico\/rotina-escolar\/uniforme-escolar\/","url":"https:\/\/arquidiocesano.com\/ourobranco\/pedagogico\/rotina-escolar\/uniforme-escolar\/","name":"Uniforme Escolar - CAOB","isPartOf":{"@id":"https:\/\/arquidiocesano.com\/ourobranco\/#website"},"datePublished":"2026-04-10T12:52:40+00:00","dateModified":"2026-04-27T21:20:50+00:00","breadcrumb":{"@id":"https:\/\/arquidiocesano.com\/ourobranco\/pedagogico\/rotina-escolar\/uniforme-escolar\/#breadcrumb"},"inLanguage":"pt-BR","potentialAction":[{"@type":"ReadAction","target":["https:\/\/arquidiocesano.com\/ourobranco\/pedagogico\/rotina-escolar\/uniforme-escolar\/"]}]},{"@type":"BreadcrumbList","@id":"https:\/\/arquidiocesano.com\/ourobranco\/pedagogico\/rotina-escolar\/uniforme-escolar\/#breadcrumb","itemListElement":[{"@type":"ListItem","position":1,"name":"In\u00edcio","item":"https:\/\/arquidiocesano.com\/ourobranco\/"},{"@type":"ListItem","position":2,"name":"Pedag\u00f3gico","item":"https:\/\/arquidiocesano.com\/ourobranco\/pedagogico\/"},{"@type":"ListItem","position":3,"name":"Rotina Escolar","item":"https:\/\/arquidiocesano.com\/ourobranco\/pedagogico\/rotina-escolar\/"},{"@type":"ListItem","position":4,"name":"Uniforme Escolar"}]},{"@type":"WebSite","@id":"https:\/\/arquidiocesano.com\/ourobranco\/#website","url":"https:\/\/arquidiocesano.com\/ourobranco\/","name":"CAOB","description":"Col\u00e9gio Arquidiocesano de Ouro Branco","publisher":{"@id":"https:\/\/arquidiocesano.com\/ourobranco\/#organization"},"potentialAction":[{"@type":"SearchAction","target":{"@type":"EntryPoint","urlTemplate":"https:\/\/arquidiocesano.com\/ourobranco\/?s={search_term_string}"},"query-input":{"@type":"PropertyValueSpecification","valueRequired":true,"valueName":"search_term_string"}}],"inLanguage":"pt-BR"},{"@type":"Organization","@id":"https:\/\/arquidiocesano.com\/ourobranco\/#organization","name":"Col\u00e9gio Arquidiocesano de Ouro Branco","url":"https:\/\/arquidiocesano.com\/ourobranco\/","logo":{"@type":"ImageObject","inLanguage":"pt-BR","@id":"https:\/\/arquidiocesano.com\/ourobranco\/#\/schema\/logo\/image\/","url":"https:\/\/arquidiocesano.com\/ourobranco\/wp-content\/uploads\/2026\/04\/caob-imagem-destacada.png","contentUrl":"https:\/\/arquidiocesano.com\/ourobranco\/wp-content\/uploads\/2026\/04\/caob-imagem-destacada.png","width":1200,"height":1200,"caption":"Col\u00e9gio Arquidiocesano de Ouro Branco"},"image":{"@id":"https:\/\/arquidiocesano.com\/ourobranco\/#\/schema\/logo\/image\/"},"sameAs":["https:\/\/www.facebook.com\/CAOB2016","https:\/\/www.instagram.com\/caobourobranco\/"]}]}},"_links":{"self":[{"href":"https:\/\/arquidiocesano.com\/ourobranco\/wp-json\/wp\/v2\/pages\/1390","targetHints":{"allow":["GET"]}}],"collection":[{"href":"https:\/\/arquidiocesano.com\/ourobranco\/wp-json\/wp\/v2\/pages"}],"about":[{"href":"https:\/\/arquidiocesano.com\/ourobranco\/wp-json\/wp\/v2\/types\/page"}],"author":[{"embeddable":true,"href":"https:\/\/arquidiocesano.com\/ourobranco\/wp-json\/wp\/v2\/users\/1"}],"replies":[{"embeddable":true,"href":"https:\/\/arquidiocesano.com\/ourobranco\/wp-json\/wp\/v2\/comments?post=1390"}],"version-history":[{"count":10,"href":"https:\/\/arquidiocesano.com\/ourobranco\/wp-json\/wp\/v2\/pages\/1390\/revisions"}],"predecessor-version":[{"id":2100,"href":"https:\/\/arquidiocesano.com\/ourobranco\/wp-json\/wp\/v2\/pages\/1390\/revisions\/2100"}],"up":[{"embeddable":true,"href":"https:\/\/arquidiocesano.com\/ourobranco\/wp-json\/wp\/v2\/pages\/1386"}],"wp:attachment":[{"href":"https:\/\/arquidiocesano.com\/ourobranco\/wp-json\/wp\/v2\/media?parent=1390"}],"curies":[{"name":"wp","href":"https:\/\/api.w.org\/{rel}","templated":true}]}}