{"id":1298,"date":"2026-04-10T09:13:08","date_gmt":"2026-04-10T12:13:08","guid":{"rendered":"https:\/\/arquidiocesano.com\/ourobranco\/?page_id=1298"},"modified":"2026-04-10T09:18:00","modified_gmt":"2026-04-10T12:18:00","slug":"ensino-medio","status":"publish","type":"page","link":"https:\/\/arquidiocesano.com\/ourobranco\/pedagogico\/segmentos-de-ensino\/ensino-medio\/","title":{"rendered":"Ensino M\u00e9dio"},"content":{"rendered":"\t\t<div data-elementor-type=\"wp-page\" data-elementor-id=\"1298\" class=\"elementor elementor-1298\" data-elementor-post-type=\"page\">\n\t\t\t\t<div class=\"elementor-element elementor-element-488ee57 e-flex e-con-boxed e-con e-parent\" data-id=\"488ee57\" data-element_type=\"container\" data-e-type=\"container\" data-settings=\"{&quot;background_background&quot;:&quot;gradient&quot;}\">\n\t\t\t\t\t<div class=\"e-con-inner\">\n\t\t\t\t<div class=\"elementor-element elementor-element-f3b94e9 elementor-align-center elementor-mobile-align-left elementor-widget elementor-widget-breadcrumbs\" data-id=\"f3b94e9\" data-element_type=\"widget\" data-e-type=\"widget\" data-widget_type=\"breadcrumbs.default\">\n\t\t\t\t\t<p id=\"breadcrumbs\"><span><span><a href=\"https:\/\/arquidiocesano.com\/ourobranco\/\">In\u00edcio<\/a><\/span><\/span><\/p>\t\t\t\t<\/div>\n\t\t\t\t<div class=\"elementor-element elementor-element-a138541 elementor-widget elementor-widget-heading\" data-id=\"a138541\" data-element_type=\"widget\" data-e-type=\"widget\" data-widget_type=\"heading.default\">\n\t\t\t\t\t<h1 class=\"elementor-heading-title elementor-size-default\">Ensino M\u00e9dio<\/h1>\t\t\t\t<\/div>\n\t\t\t\t<div class=\"elementor-element elementor-element-d9ce363 elementor-widget elementor-widget-heading\" data-id=\"d9ce363\" data-element_type=\"widget\" data-e-type=\"widget\" data-widget_type=\"heading.default\">\n\t\t\t\t\t<h2 class=\"elementor-heading-title elementor-size-default\">Col\u00e9gio Arquidiocesano de Ouro Branco<\/h2>\t\t\t\t<\/div>\n\t\t\t\t\t<\/div>\n\t\t\t\t<\/div>\n\t\t<div class=\"elementor-element elementor-element-74b98ef e-flex e-con-boxed e-con e-parent\" data-id=\"74b98ef\" data-element_type=\"container\" data-e-type=\"container\">\n\t\t\t\t\t<div class=\"e-con-inner\">\n\t\t\t\t<div class=\"elementor-element elementor-element-9ed558d elementor-widget elementor-widget-text-editor\" data-id=\"9ed558d\" data-element_type=\"widget\" data-e-type=\"widget\" data-widget_type=\"text-editor.default\">\n\t\t\t\t\t\t\t\t\t<p>O Ensino M\u00e9dio nos termos da Lei de Diretrizes e Bases da Educa\u00e7\u00e3o Nacional de 1996, de sua regulamenta\u00e7\u00e3o e de seu encaminhamento, deixa de ser, simplesmente preparat\u00f3rio para o ensino superior ou estritamente profissionalizante, para assumir necessariamente a responsabilidade decompletar a educa\u00e7\u00e3o b\u00e1sica.<\/p><p>Em qualquer de suas modalidades, o Ensino M\u00e9dio objetiva preparar para a vida, qualificar para a cidadania e capacitar para o aprendizado permanente; seja em eventual prosseguimento dos estudos ou ao ingresso direto no mundo do trabalho.<\/p><div data-canvas-width=\"653.4800000000006\">A inten\u00e7\u00e3o de completar a forma\u00e7\u00e3o geral do estudante nessa fase, implica, entretanto, numa a\u00e7\u00e3o articulada no interior de cada \u00e1rea e ao mesmo tempo no conjunto delas. Essa a\u00e7\u00e3o articulada n\u00e3o \u00e9 compat\u00edvel com um trabalho solit\u00e1rio, definido independentemente no interior de cada disciplina.<br \/><br \/><\/div><div data-canvas-width=\"585.6600000000001\">Num mundo como o atual, de t\u00e3o r\u00e1pidas transforma\u00e7\u00f5es e de t\u00e3o dif\u00edceis contradi\u00e7\u00f5es, estar formado para a vida significa mais do que reproduzirdados, denominar classifica\u00e7\u00f5es ou identificar s\u00edmbolos. Significa:<br \/><br \/><\/div><ul><li data-canvas-width=\"137.9\">Saber informar-se, comunicar-se, argumentar, compreender e agir;<br \/><br \/><\/li><li data-canvas-width=\"137.9\">Enfrentar problemas de diferentes naturezas;<br \/><br \/><\/li><li data-canvas-width=\"137.9\">Participar socialmente, de forma pr\u00e1tica e solid\u00e1ria;<br \/><br \/><\/li><li data-canvas-width=\"137.9\">Ser capaz de elaborar cr\u00edticas ou propostas;<br \/><br \/><\/li><li data-canvas-width=\"137.9\">Adquirir uma atitude de permanente aprendizado.<br \/><br \/><\/li><\/ul><div data-canvas-width=\"421.24\">Essa forma\u00e7\u00e3o exige estrat\u00e9gias de aprendizagem compat\u00edveis, ou seja, condi\u00e7\u00f5es efetivas para que os alunos possam:<br \/><br \/><\/div><ul><li data-canvas-width=\"96.78\">Comunicar-se, argumentar;<br \/><br \/><\/li><li data-canvas-width=\"96.78\">Defrontar-se com problemas, compreend\u00ea-los e enfrent\u00e1-los;<br \/><br \/><\/li><li data-canvas-width=\"96.78\">Participar de um conv\u00edvio social que lhes d\u00ea oportunidades de se realizarem como cidad\u00e3os;<br \/><br \/><\/li><li data-canvas-width=\"96.78\">Fazer escolhas e proposi\u00e7\u00f5es;<br \/><br \/><\/li><li data-canvas-width=\"96.78\">Tomar gosto pelo conhecimento, aprender a aprender.<br \/><br \/><\/li><\/ul><h5 data-canvas-width=\"187.9\">Proposta Curricular<\/h5><div data-canvas-width=\"558.6600000000002\">O curr\u00edculo deve visar `a integra\u00e7\u00e3o dehomens e mulheres no universo das rela\u00e7\u00f5es pol\u00edticas, do trabalho e da simboliza\u00e7\u00e3o subjetiva.<br \/><br \/><\/div><div data-canvas-width=\"499.4400000000002\">Por ser uma instrumenta\u00e7\u00e3o de cunho democr\u00e1tico, deve priorizar conte\u00fados e estrat\u00e9gias de aprendizagem que capacitem o ser\/aluno tanto no que diz respeito \u00e0 sua vida em sociedade, \u00e0 sua atividade produtiva e \u00e0 sua experi\u00eancia individual.<br \/><br \/><\/div><div data-canvas-width=\"563.2200000000001\">Torna-se necess\u00e1rio que o educando desenvolva sua capacidade de:<br \/><br \/><\/div><ul><li data-canvas-width=\"205.44\"><strong>Aprender a conhecer.\u00a0<\/strong>Priorizar o dom\u00ednio dos pr\u00f3prios instrumentos do conhecimentoconsiderando-os como meio e como fim. O aumento dos saberes que permitem compreender o mundo favorece o desenvolvimento da curiosidade intelectual,estimula o senso cr\u00edtico e permite compreender o real mediante a aquisi\u00e7\u00e3o da autonomia na capacidade de discernir.<br \/><br \/><\/li><li data-canvas-width=\"205.44\"><strong>Aprender a fazer.<\/strong>\u00a0Privilegiar a aplica\u00e7\u00e3o da teoria na pr\u00e1tica a fim de enriquecer a viv\u00eancia da ci\u00eancia na tecnologia e destas na pr\u00e1tica social, passando a ter uma significa\u00e7\u00e3o especial no desenvolvimento da sociedade contempor\u00e2nea.<br \/><br \/><\/li><li data-canvas-width=\"205.44\"><strong>Aprender a viver.<\/strong>\u00a0Aprender a viver juntos,descobrindo a interdepend\u00eancia e ampliando a percep\u00e7\u00e3o e o conhecimento do outro.<br \/><br \/><\/li><li data-canvas-width=\"205.44\"><strong>Aprender a ser.<\/strong>\u00a0Sup\u00f5e a preca\u00e7\u00e3o do individuo para elaborar pensamentos aut\u00f4nomos e cr\u00edticos e para formular os seus pr\u00f3prios ju\u00edzos de valores, de modo a decidir por si mesmo diante das diferentes circunst\u00e2ncias da vida.<br \/><br \/><\/li><\/ul><div data-canvas-width=\"583.5000000000001\">Desse modo, o aluno, ao final do ensino m\u00e9dio, deve demonstrar:<br \/><br \/><\/div><ul><li data-canvas-width=\"623.4400000000003\">A consolida\u00e7\u00e3o e aprofundamento dos conhecimentos adquiridos no ensino fundamental, possibilitando o prosseguimento de estudos;<br \/><br \/><\/li><li data-canvas-width=\"623.4400000000003\">Dom\u00ednio dos princ\u00edpios cient\u00edficos e tecnol\u00f3gicos que presidem a produ\u00e7\u00e3o moderna;<br \/><br \/><\/li><li data-canvas-width=\"623.4400000000003\">Conhecimento das formas contempor\u00e2neas de linguagem.<\/li><\/ul>\t\t\t\t\t\t\t\t<\/div>\n\t\t\t\t\t<\/div>\n\t\t\t\t<\/div>\n\t\t\t\t<\/div>\n\t\t","protected":false},"excerpt":{"rendered":"<p>Ensino M\u00e9dio Col\u00e9gio Arquidiocesano de Ouro Branco O Ensino M\u00e9dio nos termos da Lei de Diretrizes e Bases da Educa\u00e7\u00e3o Nacional de 1996, de sua regulamenta\u00e7\u00e3o e de seu encaminhamento, deixa de ser, simplesmente preparat\u00f3rio para o ensino superior ou estritamente profissionalizante, para assumir necessariamente a responsabilidade decompletar a educa\u00e7\u00e3o b\u00e1sica. Em qualquer de suas [&hellip;]<\/p>\n","protected":false},"author":1,"featured_media":0,"parent":1290,"menu_order":0,"comment_status":"closed","ping_status":"closed","template":"","meta":{"inline_featured_image":false,"footnotes":""},"class_list":["post-1298","page","type-page","status-publish","hentry"],"yoast_head":"<!-- This site is optimized with the Yoast SEO plugin v27.4 - https:\/\/yoast.com\/product\/yoast-seo-wordpress\/ -->\n<title>Ensino M\u00e9dio - CAOB<\/title>\n<meta name=\"robots\" content=\"index, follow, max-snippet:-1, max-image-preview:large, max-video-preview:-1\" \/>\n<link rel=\"canonical\" href=\"https:\/\/arquidiocesano.com\/ourobranco\/pedagogico\/segmentos-de-ensino\/ensino-medio\/\" \/>\n<meta property=\"og:locale\" content=\"pt_BR\" \/>\n<meta property=\"og:type\" content=\"article\" \/>\n<meta property=\"og:title\" content=\"Ensino M\u00e9dio - CAOB\" \/>\n<meta property=\"og:description\" content=\"Ensino M\u00e9dio Col\u00e9gio Arquidiocesano de Ouro Branco O Ensino M\u00e9dio nos termos da Lei de Diretrizes e Bases da Educa\u00e7\u00e3o Nacional de 1996, de sua regulamenta\u00e7\u00e3o e de seu encaminhamento, deixa de ser, simplesmente preparat\u00f3rio para o ensino superior ou estritamente profissionalizante, para assumir necessariamente a responsabilidade decompletar a educa\u00e7\u00e3o b\u00e1sica. Em qualquer de suas [&hellip;]\" \/>\n<meta property=\"og:url\" content=\"https:\/\/arquidiocesano.com\/ourobranco\/pedagogico\/segmentos-de-ensino\/ensino-medio\/\" \/>\n<meta property=\"og:site_name\" content=\"CAOB\" \/>\n<meta property=\"article:publisher\" content=\"https:\/\/www.facebook.com\/CAOB2016\" \/>\n<meta property=\"article:modified_time\" content=\"2026-04-10T12:18:00+00:00\" \/>\n<meta name=\"twitter:card\" content=\"summary_large_image\" \/>\n<meta name=\"twitter:label1\" content=\"Est. tempo de leitura\" \/>\n\t<meta name=\"twitter:data1\" content=\"3 minutos\" \/>\n<script type=\"application\/ld+json\" class=\"yoast-schema-graph\">{\"@context\":\"https:\\\/\\\/schema.org\",\"@graph\":[{\"@type\":\"WebPage\",\"@id\":\"https:\\\/\\\/arquidiocesano.com\\\/ourobranco\\\/pedagogico\\\/segmentos-de-ensino\\\/ensino-medio\\\/\",\"url\":\"https:\\\/\\\/arquidiocesano.com\\\/ourobranco\\\/pedagogico\\\/segmentos-de-ensino\\\/ensino-medio\\\/\",\"name\":\"Ensino M\u00e9dio - CAOB\",\"isPartOf\":{\"@id\":\"https:\\\/\\\/arquidiocesano.com\\\/ourobranco\\\/#website\"},\"datePublished\":\"2026-04-10T12:13:08+00:00\",\"dateModified\":\"2026-04-10T12:18:00+00:00\",\"breadcrumb\":{\"@id\":\"https:\\\/\\\/arquidiocesano.com\\\/ourobranco\\\/pedagogico\\\/segmentos-de-ensino\\\/ensino-medio\\\/#breadcrumb\"},\"inLanguage\":\"pt-BR\",\"potentialAction\":[{\"@type\":\"ReadAction\",\"target\":[\"https:\\\/\\\/arquidiocesano.com\\\/ourobranco\\\/pedagogico\\\/segmentos-de-ensino\\\/ensino-medio\\\/\"]}]},{\"@type\":\"BreadcrumbList\",\"@id\":\"https:\\\/\\\/arquidiocesano.com\\\/ourobranco\\\/pedagogico\\\/segmentos-de-ensino\\\/ensino-medio\\\/#breadcrumb\",\"itemListElement\":[{\"@type\":\"ListItem\",\"position\":1,\"name\":\"In\u00edcio\",\"item\":\"https:\\\/\\\/arquidiocesano.com\\\/ourobranco\\\/\"},{\"@type\":\"ListItem\",\"position\":2,\"name\":\"Pedag\u00f3gico\",\"item\":\"https:\\\/\\\/arquidiocesano.com\\\/ourobranco\\\/pedagogico\\\/\"},{\"@type\":\"ListItem\",\"position\":3,\"name\":\"Segmentos de Ensino\",\"item\":\"https:\\\/\\\/arquidiocesano.com\\\/ourobranco\\\/pedagogico\\\/segmentos-de-ensino\\\/\"},{\"@type\":\"ListItem\",\"position\":4,\"name\":\"Ensino M\u00e9dio\"}]},{\"@type\":\"WebSite\",\"@id\":\"https:\\\/\\\/arquidiocesano.com\\\/ourobranco\\\/#website\",\"url\":\"https:\\\/\\\/arquidiocesano.com\\\/ourobranco\\\/\",\"name\":\"CAOB\",\"description\":\"Col\u00e9gio Arquidiocesano de Ouro Branco\",\"publisher\":{\"@id\":\"https:\\\/\\\/arquidiocesano.com\\\/ourobranco\\\/#organization\"},\"potentialAction\":[{\"@type\":\"SearchAction\",\"target\":{\"@type\":\"EntryPoint\",\"urlTemplate\":\"https:\\\/\\\/arquidiocesano.com\\\/ourobranco\\\/?s={search_term_string}\"},\"query-input\":{\"@type\":\"PropertyValueSpecification\",\"valueRequired\":true,\"valueName\":\"search_term_string\"}}],\"inLanguage\":\"pt-BR\"},{\"@type\":\"Organization\",\"@id\":\"https:\\\/\\\/arquidiocesano.com\\\/ourobranco\\\/#organization\",\"name\":\"Col\u00e9gio Arquidiocesano de Ouro Branco\",\"url\":\"https:\\\/\\\/arquidiocesano.com\\\/ourobranco\\\/\",\"logo\":{\"@type\":\"ImageObject\",\"inLanguage\":\"pt-BR\",\"@id\":\"https:\\\/\\\/arquidiocesano.com\\\/ourobranco\\\/#\\\/schema\\\/logo\\\/image\\\/\",\"url\":\"https:\\\/\\\/arquidiocesano.com\\\/ourobranco\\\/wp-content\\\/uploads\\\/2026\\\/04\\\/caob-imagem-destacada.png\",\"contentUrl\":\"https:\\\/\\\/arquidiocesano.com\\\/ourobranco\\\/wp-content\\\/uploads\\\/2026\\\/04\\\/caob-imagem-destacada.png\",\"width\":1200,\"height\":1200,\"caption\":\"Col\u00e9gio Arquidiocesano de Ouro Branco\"},\"image\":{\"@id\":\"https:\\\/\\\/arquidiocesano.com\\\/ourobranco\\\/#\\\/schema\\\/logo\\\/image\\\/\"},\"sameAs\":[\"https:\\\/\\\/www.facebook.com\\\/CAOB2016\",\"https:\\\/\\\/www.instagram.com\\\/caobourobranco\\\/\"]}]}<\/script>\n<!-- \/ Yoast SEO plugin. -->","yoast_head_json":{"title":"Ensino M\u00e9dio - CAOB","robots":{"index":"index","follow":"follow","max-snippet":"max-snippet:-1","max-image-preview":"max-image-preview:large","max-video-preview":"max-video-preview:-1"},"canonical":"https:\/\/arquidiocesano.com\/ourobranco\/pedagogico\/segmentos-de-ensino\/ensino-medio\/","og_locale":"pt_BR","og_type":"article","og_title":"Ensino M\u00e9dio - CAOB","og_description":"Ensino M\u00e9dio Col\u00e9gio Arquidiocesano de Ouro Branco O Ensino M\u00e9dio nos termos da Lei de Diretrizes e Bases da Educa\u00e7\u00e3o Nacional de 1996, de sua regulamenta\u00e7\u00e3o e de seu encaminhamento, deixa de ser, simplesmente preparat\u00f3rio para o ensino superior ou estritamente profissionalizante, para assumir necessariamente a responsabilidade decompletar a educa\u00e7\u00e3o b\u00e1sica. Em qualquer de suas [&hellip;]","og_url":"https:\/\/arquidiocesano.com\/ourobranco\/pedagogico\/segmentos-de-ensino\/ensino-medio\/","og_site_name":"CAOB","article_publisher":"https:\/\/www.facebook.com\/CAOB2016","article_modified_time":"2026-04-10T12:18:00+00:00","twitter_card":"summary_large_image","twitter_misc":{"Est. tempo de leitura":"3 minutos"},"schema":{"@context":"https:\/\/schema.org","@graph":[{"@type":"WebPage","@id":"https:\/\/arquidiocesano.com\/ourobranco\/pedagogico\/segmentos-de-ensino\/ensino-medio\/","url":"https:\/\/arquidiocesano.com\/ourobranco\/pedagogico\/segmentos-de-ensino\/ensino-medio\/","name":"Ensino M\u00e9dio - CAOB","isPartOf":{"@id":"https:\/\/arquidiocesano.com\/ourobranco\/#website"},"datePublished":"2026-04-10T12:13:08+00:00","dateModified":"2026-04-10T12:18:00+00:00","breadcrumb":{"@id":"https:\/\/arquidiocesano.com\/ourobranco\/pedagogico\/segmentos-de-ensino\/ensino-medio\/#breadcrumb"},"inLanguage":"pt-BR","potentialAction":[{"@type":"ReadAction","target":["https:\/\/arquidiocesano.com\/ourobranco\/pedagogico\/segmentos-de-ensino\/ensino-medio\/"]}]},{"@type":"BreadcrumbList","@id":"https:\/\/arquidiocesano.com\/ourobranco\/pedagogico\/segmentos-de-ensino\/ensino-medio\/#breadcrumb","itemListElement":[{"@type":"ListItem","position":1,"name":"In\u00edcio","item":"https:\/\/arquidiocesano.com\/ourobranco\/"},{"@type":"ListItem","position":2,"name":"Pedag\u00f3gico","item":"https:\/\/arquidiocesano.com\/ourobranco\/pedagogico\/"},{"@type":"ListItem","position":3,"name":"Segmentos de Ensino","item":"https:\/\/arquidiocesano.com\/ourobranco\/pedagogico\/segmentos-de-ensino\/"},{"@type":"ListItem","position":4,"name":"Ensino M\u00e9dio"}]},{"@type":"WebSite","@id":"https:\/\/arquidiocesano.com\/ourobranco\/#website","url":"https:\/\/arquidiocesano.com\/ourobranco\/","name":"CAOB","description":"Col\u00e9gio Arquidiocesano de Ouro Branco","publisher":{"@id":"https:\/\/arquidiocesano.com\/ourobranco\/#organization"},"potentialAction":[{"@type":"SearchAction","target":{"@type":"EntryPoint","urlTemplate":"https:\/\/arquidiocesano.com\/ourobranco\/?s={search_term_string}"},"query-input":{"@type":"PropertyValueSpecification","valueRequired":true,"valueName":"search_term_string"}}],"inLanguage":"pt-BR"},{"@type":"Organization","@id":"https:\/\/arquidiocesano.com\/ourobranco\/#organization","name":"Col\u00e9gio Arquidiocesano de Ouro Branco","url":"https:\/\/arquidiocesano.com\/ourobranco\/","logo":{"@type":"ImageObject","inLanguage":"pt-BR","@id":"https:\/\/arquidiocesano.com\/ourobranco\/#\/schema\/logo\/image\/","url":"https:\/\/arquidiocesano.com\/ourobranco\/wp-content\/uploads\/2026\/04\/caob-imagem-destacada.png","contentUrl":"https:\/\/arquidiocesano.com\/ourobranco\/wp-content\/uploads\/2026\/04\/caob-imagem-destacada.png","width":1200,"height":1200,"caption":"Col\u00e9gio Arquidiocesano de Ouro Branco"},"image":{"@id":"https:\/\/arquidiocesano.com\/ourobranco\/#\/schema\/logo\/image\/"},"sameAs":["https:\/\/www.facebook.com\/CAOB2016","https:\/\/www.instagram.com\/caobourobranco\/"]}]}},"_links":{"self":[{"href":"https:\/\/arquidiocesano.com\/ourobranco\/wp-json\/wp\/v2\/pages\/1298","targetHints":{"allow":["GET"]}}],"collection":[{"href":"https:\/\/arquidiocesano.com\/ourobranco\/wp-json\/wp\/v2\/pages"}],"about":[{"href":"https:\/\/arquidiocesano.com\/ourobranco\/wp-json\/wp\/v2\/types\/page"}],"author":[{"embeddable":true,"href":"https:\/\/arquidiocesano.com\/ourobranco\/wp-json\/wp\/v2\/users\/1"}],"replies":[{"embeddable":true,"href":"https:\/\/arquidiocesano.com\/ourobranco\/wp-json\/wp\/v2\/comments?post=1298"}],"version-history":[{"count":7,"href":"https:\/\/arquidiocesano.com\/ourobranco\/wp-json\/wp\/v2\/pages\/1298\/revisions"}],"predecessor-version":[{"id":1315,"href":"https:\/\/arquidiocesano.com\/ourobranco\/wp-json\/wp\/v2\/pages\/1298\/revisions\/1315"}],"up":[{"embeddable":true,"href":"https:\/\/arquidiocesano.com\/ourobranco\/wp-json\/wp\/v2\/pages\/1290"}],"wp:attachment":[{"href":"https:\/\/arquidiocesano.com\/ourobranco\/wp-json\/wp\/v2\/media?parent=1298"}],"curies":[{"name":"wp","href":"https:\/\/api.w.org\/{rel}","templated":true}]}}